{"id":913,"date":"2018-01-31T19:33:48","date_gmt":"2018-01-31T18:33:48","guid":{"rendered":"http:\/\/www.ornithologies.fr\/blog\/lesoiseauxdumonde\/?page_id=913"},"modified":"2020-12-18T09:22:54","modified_gmt":"2020-12-18T08:22:54","slug":"les-articles-par-theme","status":"publish","type":"page","link":"https:\/\/www.ornithologies.fr\/blog\/lesoiseauxdumonde\/les-articles-par-theme\/","title":{"rendered":"Les Articles par th\u00e8me"},"content":{"rendered":"<h3>Retrouvez tous les articles parus gratuitement<\/h3>\n<div class=\"su-image-carousel  su-image-carousel-columns-5 su-image-carousel-has-spacing su-image-carousel-crop su-image-carousel-crop-3-4 su-image-carousel-has-outline su-image-carousel-adaptive su-image-carousel-slides-style-photo su-image-carousel-controls-style-light su-image-carousel-align-center\" style=\"\" data-flickity-options='{\"groupCells\":true,\"cellSelector\":\".su-image-carousel-item\",\"adaptiveHeight\":false,\"cellAlign\":\"left\",\"prevNextButtons\":true,\"pageDots\":false,\"autoPlay\":3000,\"imagesLoaded\":true,\"contain\":true,\"selectedAttraction\":0.025,\"friction\":0.28}' id=\"su_image_carousel_69f439b6a760a\"><div class=\"su-image-carousel-item\"><div class=\"su-image-carousel-item-content\"><a href=\"https:\/\/www.ornithologies.fr\/blog\/lesoiseauxdumonde\/etude-comparee-de-males-brun-rouge-mosaique-parmi-les-oiseaux-francais-champions-de-france-ou-internationaux-entre-2007-et-2021\/\" data-caption=\"\u00c9tude compar\u00e9e de m\u00e2les brun rouge mosa\u00efque parmi les oiseaux fran\u00e7ais champions de France ou internationaux entre 2007 et 2021\"><img loading=\"lazy\" decoding=\"async\" width=\"206\" height=\"300\" src=\"https:\/\/www.ornithologies.fr\/blog\/lesoiseauxdumonde\/wp-content\/uploads\/sites\/4\/Canari-brun-rouge-mosaique-male-eleveur-Fabrice-Chantraine-Les-Herbiers-2014-Ph-Guy-Doumergue-206x300.jpg\" class=\"\" alt=\"\" srcset=\"https:\/\/www.ornithologies.fr\/blog\/lesoiseauxdumonde\/wp-content\/uploads\/sites\/4\/Canari-brun-rouge-mosaique-male-eleveur-Fabrice-Chantraine-Les-Herbiers-2014-Ph-Guy-Doumergue-206x300.jpg 206w, https:\/\/www.ornithologies.fr\/blog\/lesoiseauxdumonde\/wp-content\/uploads\/sites\/4\/Canari-brun-rouge-mosaique-male-eleveur-Fabrice-Chantraine-Les-Herbiers-2014-Ph-Guy-Doumergue-444x647.jpg 444w, https:\/\/www.ornithologies.fr\/blog\/lesoiseauxdumonde\/wp-content\/uploads\/sites\/4\/Canari-brun-rouge-mosaique-male-eleveur-Fabrice-Chantraine-Les-Herbiers-2014-Ph-Guy-Doumergue-768x1118.jpg 768w, https:\/\/www.ornithologies.fr\/blog\/lesoiseauxdumonde\/wp-content\/uploads\/sites\/4\/Canari-brun-rouge-mosaique-male-eleveur-Fabrice-Chantraine-Les-Herbiers-2014-Ph-Guy-Doumergue-750x1092.jpg 750w, https:\/\/www.ornithologies.fr\/blog\/lesoiseauxdumonde\/wp-content\/uploads\/sites\/4\/Canari-brun-rouge-mosaique-male-eleveur-Fabrice-Chantraine-Les-Herbiers-2014-Ph-Guy-Doumergue-659x960.jpg 659w, https:\/\/www.ornithologies.fr\/blog\/lesoiseauxdumonde\/wp-content\/uploads\/sites\/4\/Canari-brun-rouge-mosaique-male-eleveur-Fabrice-Chantraine-Les-Herbiers-2014-Ph-Guy-Doumergue.jpg 879w\" sizes=\"auto, (max-width: 206px) 100vw, 206px\" \/><\/a><\/div><\/div><div class=\"su-image-carousel-item\"><div class=\"su-image-carousel-item-content\"><a href=\"https:\/\/www.ornithologies.fr\/blog\/lesoiseauxdumonde\/juveniles-au-printemps-les-bons-gestes-de-prise-en-charge\/\" data-caption=\"Juv\u00e9niles au printemps\u00a0: les bons gestes de prise en charge\"><img loading=\"lazy\" decoding=\"async\" width=\"225\" height=\"300\" src=\"https:\/\/www.ornithologies.fr\/blog\/lesoiseauxdumonde\/wp-content\/uploads\/sites\/4\/Chouette-hulottes-juveniles-ph-Celine-Grisot-Faune-Alfort-225x300.jpg\" class=\"\" alt=\"\" srcset=\"https:\/\/www.ornithologies.fr\/blog\/lesoiseauxdumonde\/wp-content\/uploads\/sites\/4\/Chouette-hulottes-juveniles-ph-Celine-Grisot-Faune-Alfort-225x300.jpg 225w, https:\/\/www.ornithologies.fr\/blog\/lesoiseauxdumonde\/wp-content\/uploads\/sites\/4\/Chouette-hulottes-juveniles-ph-Celine-Grisot-Faune-Alfort-485x647.jpg 485w, https:\/\/www.ornithologies.fr\/blog\/lesoiseauxdumonde\/wp-content\/uploads\/sites\/4\/Chouette-hulottes-juveniles-ph-Celine-Grisot-Faune-Alfort-768x1024.jpg 768w, https:\/\/www.ornithologies.fr\/blog\/lesoiseauxdumonde\/wp-content\/uploads\/sites\/4\/Chouette-hulottes-juveniles-ph-Celine-Grisot-Faune-Alfort-750x1000.jpg 750w, https:\/\/www.ornithologies.fr\/blog\/lesoiseauxdumonde\/wp-content\/uploads\/sites\/4\/Chouette-hulottes-juveniles-ph-Celine-Grisot-Faune-Alfort-720x960.jpg 720w, https:\/\/www.ornithologies.fr\/blog\/lesoiseauxdumonde\/wp-content\/uploads\/sites\/4\/Chouette-hulottes-juveniles-ph-Celine-Grisot-Faune-Alfort-600x800.jpg 600w, https:\/\/www.ornithologies.fr\/blog\/lesoiseauxdumonde\/wp-content\/uploads\/sites\/4\/Chouette-hulottes-juveniles-ph-Celine-Grisot-Faune-Alfort.jpg 960w\" sizes=\"auto, (max-width: 225px) 100vw, 225px\" \/><\/a><\/div><\/div><div class=\"su-image-carousel-item\"><div class=\"su-image-carousel-item-content\"><a href=\"https:\/\/www.ornithologies.fr\/blog\/lesoiseauxdumonde\/soins-et-elevage-de-chardonnerets-elegants-en-turquie\/\" data-caption=\"Soins et \u00e9levage de Chardonnerets \u00e9l\u00e9gants en Turquie\"><img loading=\"lazy\" decoding=\"async\" width=\"240\" height=\"300\" src=\"https:\/\/www.ornithologies.fr\/blog\/lesoiseauxdumonde\/wp-content\/uploads\/sites\/4\/Chardonneret-tete-daigle-240x300.jpg\" class=\"\" alt=\"\" srcset=\"https:\/\/www.ornithologies.fr\/blog\/lesoiseauxdumonde\/wp-content\/uploads\/sites\/4\/Chardonneret-tete-daigle-240x300.jpg 240w, https:\/\/www.ornithologies.fr\/blog\/lesoiseauxdumonde\/wp-content\/uploads\/sites\/4\/Chardonneret-tete-daigle-500x626.jpg 500w, https:\/\/www.ornithologies.fr\/blog\/lesoiseauxdumonde\/wp-content\/uploads\/sites\/4\/Chardonneret-tete-daigle-768x961.jpg 768w, https:\/\/www.ornithologies.fr\/blog\/lesoiseauxdumonde\/wp-content\/uploads\/sites\/4\/Chardonneret-tete-daigle-750x938.jpg 750w, https:\/\/www.ornithologies.fr\/blog\/lesoiseauxdumonde\/wp-content\/uploads\/sites\/4\/Chardonneret-tete-daigle-767x960.jpg 767w, https:\/\/www.ornithologies.fr\/blog\/lesoiseauxdumonde\/wp-content\/uploads\/sites\/4\/Chardonneret-tete-daigle-600x751.jpg 600w, https:\/\/www.ornithologies.fr\/blog\/lesoiseauxdumonde\/wp-content\/uploads\/sites\/4\/Chardonneret-tete-daigle.jpg 1023w\" sizes=\"auto, (max-width: 240px) 100vw, 240px\" \/><\/a><\/div><\/div><div class=\"su-image-carousel-item\"><div class=\"su-image-carousel-item-content\"><a href=\"https:\/\/www.ornithologies.fr\/blog\/lesoiseauxdumonde\/la-mutation-fallow-de-la-calopsitte-elegante\/\" data-caption=\"La mutation fallow de la Calopsitte \u00e9l\u00e9gante\"><img loading=\"lazy\" decoding=\"async\" width=\"214\" height=\"300\" src=\"https:\/\/www.ornithologies.fr\/blog\/lesoiseauxdumonde\/wp-content\/uploads\/sites\/4\/Calopsitte-femelle-bronze-fallow-adulte-photo-Mariano-Piscopo-214x300.jpg\" class=\"\" alt=\"\" srcset=\"https:\/\/www.ornithologies.fr\/blog\/lesoiseauxdumonde\/wp-content\/uploads\/sites\/4\/Calopsitte-femelle-bronze-fallow-adulte-photo-Mariano-Piscopo-214x300.jpg 214w, https:\/\/www.ornithologies.fr\/blog\/lesoiseauxdumonde\/wp-content\/uploads\/sites\/4\/Calopsitte-femelle-bronze-fallow-adulte-photo-Mariano-Piscopo-461x647.jpg 461w, https:\/\/www.ornithologies.fr\/blog\/lesoiseauxdumonde\/wp-content\/uploads\/sites\/4\/Calopsitte-femelle-bronze-fallow-adulte-photo-Mariano-Piscopo-768x1078.jpg 768w, https:\/\/www.ornithologies.fr\/blog\/lesoiseauxdumonde\/wp-content\/uploads\/sites\/4\/Calopsitte-femelle-bronze-fallow-adulte-photo-Mariano-Piscopo-750x1053.jpg 750w, https:\/\/www.ornithologies.fr\/blog\/lesoiseauxdumonde\/wp-content\/uploads\/sites\/4\/Calopsitte-femelle-bronze-fallow-adulte-photo-Mariano-Piscopo-684x960.jpg 684w, https:\/\/www.ornithologies.fr\/blog\/lesoiseauxdumonde\/wp-content\/uploads\/sites\/4\/Calopsitte-femelle-bronze-fallow-adulte-photo-Mariano-Piscopo-600x842.jpg 600w, https:\/\/www.ornithologies.fr\/blog\/lesoiseauxdumonde\/wp-content\/uploads\/sites\/4\/Calopsitte-femelle-bronze-fallow-adulte-photo-Mariano-Piscopo.jpg 912w\" sizes=\"auto, (max-width: 214px) 100vw, 214px\" \/><\/a><\/div><\/div><div class=\"su-image-carousel-item\"><div class=\"su-image-carousel-item-content\"><a href=\"https:\/\/www.ornithologies.fr\/blog\/lesoiseauxdumonde\/interview-dun-eleveur-passionne-de-colibris\/\" data-caption=\"Interview d&rsquo;un \u00e9leveur passionn\u00e9 de Colibris\"><img loading=\"lazy\" decoding=\"async\" width=\"199\" height=\"300\" src=\"https:\/\/www.ornithologies.fr\/blog\/lesoiseauxdumonde\/wp-content\/uploads\/sites\/4\/Guit-guit-ceruleen-male-Cyanerpes-caeruleus-El-Robert-Perez-Ph-Pierre-Channoy-2-199x300.jpg\" class=\"\" alt=\"\" srcset=\"https:\/\/www.ornithologies.fr\/blog\/lesoiseauxdumonde\/wp-content\/uploads\/sites\/4\/Guit-guit-ceruleen-male-Cyanerpes-caeruleus-El-Robert-Perez-Ph-Pierre-Channoy-2-199x300.jpg 199w, https:\/\/www.ornithologies.fr\/blog\/lesoiseauxdumonde\/wp-content\/uploads\/sites\/4\/Guit-guit-ceruleen-male-Cyanerpes-caeruleus-El-Robert-Perez-Ph-Pierre-Channoy-2-430x647.jpg 430w, https:\/\/www.ornithologies.fr\/blog\/lesoiseauxdumonde\/wp-content\/uploads\/sites\/4\/Guit-guit-ceruleen-male-Cyanerpes-caeruleus-El-Robert-Perez-Ph-Pierre-Channoy-2-768x1157.jpg 768w, https:\/\/www.ornithologies.fr\/blog\/lesoiseauxdumonde\/wp-content\/uploads\/sites\/4\/Guit-guit-ceruleen-male-Cyanerpes-caeruleus-El-Robert-Perez-Ph-Pierre-Channoy-2-750x1129.jpg 750w, https:\/\/www.ornithologies.fr\/blog\/lesoiseauxdumonde\/wp-content\/uploads\/sites\/4\/Guit-guit-ceruleen-male-Cyanerpes-caeruleus-El-Robert-Perez-Ph-Pierre-Channoy-2-638x960.jpg 638w, https:\/\/www.ornithologies.fr\/blog\/lesoiseauxdumonde\/wp-content\/uploads\/sites\/4\/Guit-guit-ceruleen-male-Cyanerpes-caeruleus-El-Robert-Perez-Ph-Pierre-Channoy-2-600x904.jpg 600w, https:\/\/www.ornithologies.fr\/blog\/lesoiseauxdumonde\/wp-content\/uploads\/sites\/4\/Guit-guit-ceruleen-male-Cyanerpes-caeruleus-El-Robert-Perez-Ph-Pierre-Channoy-2.jpg 850w\" sizes=\"auto, (max-width: 199px) 100vw, 199px\" \/><\/a><\/div><\/div><div class=\"su-image-carousel-item\"><div class=\"su-image-carousel-item-content\"><a href=\"https:\/\/www.ornithologies.fr\/blog\/lesoiseauxdumonde\/sel-oz-et-ses-mutations\/\" data-caption=\"Sel Oz et ses mutations\"><img loading=\"lazy\" decoding=\"async\" width=\"222\" height=\"300\" src=\"https:\/\/www.ornithologies.fr\/blog\/lesoiseauxdumonde\/wp-content\/uploads\/sites\/4\/fischeri-turquoise-violet-opaline-222x300.jpg\" class=\"\" alt=\"\" srcset=\"https:\/\/www.ornithologies.fr\/blog\/lesoiseauxdumonde\/wp-content\/uploads\/sites\/4\/fischeri-turquoise-violet-opaline-222x300.jpg 222w, https:\/\/www.ornithologies.fr\/blog\/lesoiseauxdumonde\/wp-content\/uploads\/sites\/4\/fischeri-turquoise-violet-opaline-480x647.jpg 480w, https:\/\/www.ornithologies.fr\/blog\/lesoiseauxdumonde\/wp-content\/uploads\/sites\/4\/fischeri-turquoise-violet-opaline.jpg 759w, https:\/\/www.ornithologies.fr\/blog\/lesoiseauxdumonde\/wp-content\/uploads\/sites\/4\/fischeri-turquoise-violet-opaline-600x809.jpg 600w, https:\/\/www.ornithologies.fr\/blog\/lesoiseauxdumonde\/wp-content\/uploads\/sites\/4\/fischeri-turquoise-violet-opaline-712x960.jpg 712w\" sizes=\"auto, (max-width: 222px) 100vw, 222px\" \/><\/a><\/div><\/div><div class=\"su-image-carousel-item\"><div class=\"su-image-carousel-item-content\"><a href=\"https:\/\/www.ornithologies.fr\/blog\/lesoiseauxdumonde\/lelevage-de-la-grive-musicienne\/\" data-caption=\"L\u2019\u00e9levage de la Grive musicienne\"><img loading=\"lazy\" decoding=\"async\" width=\"200\" height=\"300\" src=\"https:\/\/www.ornithologies.fr\/blog\/lesoiseauxdumonde\/wp-content\/uploads\/sites\/4\/grive-musicienne-1-Rocher-Tours-2001-200x300.jpg\" class=\"\" alt=\"\" srcset=\"https:\/\/www.ornithologies.fr\/blog\/lesoiseauxdumonde\/wp-content\/uploads\/sites\/4\/grive-musicienne-1-Rocher-Tours-2001-200x300.jpg 200w, https:\/\/www.ornithologies.fr\/blog\/lesoiseauxdumonde\/wp-content\/uploads\/sites\/4\/grive-musicienne-1-Rocher-Tours-2001-431x647.jpg 431w, https:\/\/www.ornithologies.fr\/blog\/lesoiseauxdumonde\/wp-content\/uploads\/sites\/4\/grive-musicienne-1-Rocher-Tours-2001-768x1152.jpg 768w, https:\/\/www.ornithologies.fr\/blog\/lesoiseauxdumonde\/wp-content\/uploads\/sites\/4\/grive-musicienne-1-Rocher-Tours-2001-683x1024.jpg 683w, https:\/\/www.ornithologies.fr\/blog\/lesoiseauxdumonde\/wp-content\/uploads\/sites\/4\/grive-musicienne-1-Rocher-Tours-2001-600x900.jpg 600w, https:\/\/www.ornithologies.fr\/blog\/lesoiseauxdumonde\/wp-content\/uploads\/sites\/4\/grive-musicienne-1-Rocher-Tours-2001-640x960.jpg 640w, https:\/\/www.ornithologies.fr\/blog\/lesoiseauxdumonde\/wp-content\/uploads\/sites\/4\/grive-musicienne-1-Rocher-Tours-2001.jpg 1000w\" sizes=\"auto, (max-width: 200px) 100vw, 200px\" \/><\/a><\/div><\/div><div class=\"su-image-carousel-item\"><div class=\"su-image-carousel-item-content\"><a href=\"https:\/\/www.ornithologies.fr\/blog\/lesoiseauxdumonde\/le-calao-trompette\/\" data-caption=\"Le Calao trompette\"><img loading=\"lazy\" decoding=\"async\" width=\"200\" height=\"300\" src=\"https:\/\/www.ornithologies.fr\/blog\/lesoiseauxdumonde\/wp-content\/uploads\/sites\/4\/Paultons-Park-Little-Africa-Calao-200x300.jpg\" class=\"\" alt=\"\" srcset=\"https:\/\/www.ornithologies.fr\/blog\/lesoiseauxdumonde\/wp-content\/uploads\/sites\/4\/Paultons-Park-Little-Africa-Calao-200x300.jpg 200w, https:\/\/www.ornithologies.fr\/blog\/lesoiseauxdumonde\/wp-content\/uploads\/sites\/4\/Paultons-Park-Little-Africa-Calao-431x647.jpg 431w, https:\/\/www.ornithologies.fr\/blog\/lesoiseauxdumonde\/wp-content\/uploads\/sites\/4\/Paultons-Park-Little-Africa-Calao.jpg 682w, https:\/\/www.ornithologies.fr\/blog\/lesoiseauxdumonde\/wp-content\/uploads\/sites\/4\/Paultons-Park-Little-Africa-Calao-600x901.jpg 600w, https:\/\/www.ornithologies.fr\/blog\/lesoiseauxdumonde\/wp-content\/uploads\/sites\/4\/Paultons-Park-Little-Africa-Calao-639x960.jpg 639w\" sizes=\"auto, (max-width: 200px) 100vw, 200px\" \/><\/a><\/div><\/div><div class=\"su-image-carousel-item\"><div class=\"su-image-carousel-item-content\"><a href=\"https:\/\/www.ornithologies.fr\/blog\/lesoiseauxdumonde\/mon-elevage-de-colombes\/\" data-caption=\"Mon \u00e9levage de colombes\"><img loading=\"lazy\" decoding=\"async\" width=\"300\" height=\"225\" src=\"https:\/\/www.ornithologies.fr\/blog\/lesoiseauxdumonde\/wp-content\/uploads\/sites\/4\/Colombine-turvert-300x225.jpg\" class=\"\" alt=\"\" srcset=\"https:\/\/www.ornithologies.fr\/blog\/lesoiseauxdumonde\/wp-content\/uploads\/sites\/4\/Colombine-turvert-300x225.jpg 300w, https:\/\/www.ornithologies.fr\/blog\/lesoiseauxdumonde\/wp-content\/uploads\/sites\/4\/Colombine-turvert-500x375.jpg 500w, https:\/\/www.ornithologies.fr\/blog\/lesoiseauxdumonde\/wp-content\/uploads\/sites\/4\/Colombine-turvert-768x576.jpg 768w, https:\/\/www.ornithologies.fr\/blog\/lesoiseauxdumonde\/wp-content\/uploads\/sites\/4\/Colombine-turvert.jpg 1024w, https:\/\/www.ornithologies.fr\/blog\/lesoiseauxdumonde\/wp-content\/uploads\/sites\/4\/Colombine-turvert-600x450.jpg 600w, https:\/\/www.ornithologies.fr\/blog\/lesoiseauxdumonde\/wp-content\/uploads\/sites\/4\/Colombine-turvert-960x720.jpg 960w\" sizes=\"auto, (max-width: 300px) 100vw, 300px\" \/><\/a><\/div><\/div><div class=\"su-image-carousel-item\"><div class=\"su-image-carousel-item-content\"><a href=\"https:\/\/www.ornithologies.fr\/blog\/lesoiseauxdumonde\/les-perruches-du-genre-polytelis\/\" data-caption=\"Les Perruches du Genre Polytelis\"><img loading=\"lazy\" decoding=\"async\" width=\"211\" height=\"300\" src=\"https:\/\/www.ornithologies.fr\/blog\/lesoiseauxdumonde\/wp-content\/uploads\/sites\/4\/perruche-de-barraband-male-211x300.jpg\" class=\"\" alt=\"\" srcset=\"https:\/\/www.ornithologies.fr\/blog\/lesoiseauxdumonde\/wp-content\/uploads\/sites\/4\/perruche-de-barraband-male-211x300.jpg 211w, https:\/\/www.ornithologies.fr\/blog\/lesoiseauxdumonde\/wp-content\/uploads\/sites\/4\/perruche-de-barraband-male-454x647.jpg 454w, https:\/\/www.ornithologies.fr\/blog\/lesoiseauxdumonde\/wp-content\/uploads\/sites\/4\/perruche-de-barraband-male.jpg 719w, https:\/\/www.ornithologies.fr\/blog\/lesoiseauxdumonde\/wp-content\/uploads\/sites\/4\/perruche-de-barraband-male-600x855.jpg 600w, https:\/\/www.ornithologies.fr\/blog\/lesoiseauxdumonde\/wp-content\/uploads\/sites\/4\/perruche-de-barraband-male-223x317.jpg 223w\" sizes=\"auto, (max-width: 211px) 100vw, 211px\" \/><\/a><\/div><\/div><div class=\"su-image-carousel-item\"><div class=\"su-image-carousel-item-content\"><a href=\"https:\/\/www.ornithologies.fr\/blog\/lesoiseauxdumonde\/les-fairies-wren\/\" data-caption=\"Les Fairies Wren\"><img loading=\"lazy\" decoding=\"async\" width=\"214\" height=\"300\" src=\"https:\/\/www.ornithologies.fr\/blog\/lesoiseauxdumonde\/wp-content\/uploads\/sites\/4\/Merion-superbe-male-214x300.jpg\" class=\"\" alt=\"\" srcset=\"https:\/\/www.ornithologies.fr\/blog\/lesoiseauxdumonde\/wp-content\/uploads\/sites\/4\/Merion-superbe-male-214x300.jpg 214w, https:\/\/www.ornithologies.fr\/blog\/lesoiseauxdumonde\/wp-content\/uploads\/sites\/4\/Merion-superbe-male-462x647.jpg 462w, https:\/\/www.ornithologies.fr\/blog\/lesoiseauxdumonde\/wp-content\/uploads\/sites\/4\/Merion-superbe-male.jpg 731w, https:\/\/www.ornithologies.fr\/blog\/lesoiseauxdumonde\/wp-content\/uploads\/sites\/4\/Merion-superbe-male-600x840.jpg 600w, https:\/\/www.ornithologies.fr\/blog\/lesoiseauxdumonde\/wp-content\/uploads\/sites\/4\/Merion-superbe-male-226x317.jpg 226w\" sizes=\"auto, (max-width: 214px) 100vw, 214px\" \/><\/a><\/div><\/div><div class=\"su-image-carousel-item\"><div class=\"su-image-carousel-item-content\"><a href=\"https:\/\/www.ornithologies.fr\/blog\/lesoiseauxdumonde\/lananas-fruit-dananas-comosus\/\" data-caption=\"L&rsquo;Ananas, fruit d&rsquo;Ananas comosus\"><img loading=\"lazy\" decoding=\"async\" width=\"241\" height=\"300\" src=\"https:\/\/www.ornithologies.fr\/blog\/lesoiseauxdumonde\/wp-content\/uploads\/sites\/4\/ananas-tranche-241x300.jpg\" class=\"\" alt=\"\" srcset=\"https:\/\/www.ornithologies.fr\/blog\/lesoiseauxdumonde\/wp-content\/uploads\/sites\/4\/ananas-tranche-241x300.jpg 241w, https:\/\/www.ornithologies.fr\/blog\/lesoiseauxdumonde\/wp-content\/uploads\/sites\/4\/ananas-tranche-500x623.jpg 500w, https:\/\/www.ornithologies.fr\/blog\/lesoiseauxdumonde\/wp-content\/uploads\/sites\/4\/ananas-tranche-600x748.jpg 600w, https:\/\/www.ornithologies.fr\/blog\/lesoiseauxdumonde\/wp-content\/uploads\/sites\/4\/ananas-tranche-254x317.jpg 254w, https:\/\/www.ornithologies.fr\/blog\/lesoiseauxdumonde\/wp-content\/uploads\/sites\/4\/ananas-tranche.jpg 642w\" sizes=\"auto, (max-width: 241px) 100vw, 241px\" \/><\/a><\/div><\/div><div class=\"su-image-carousel-item\"><div class=\"su-image-carousel-item-content\"><a href=\"https:\/\/www.ornithologies.fr\/blog\/lesoiseauxdumonde\/le-caique-maipouri\/\" data-caption=\"Le Ca\u00efque ma\u00efpouri\"><img loading=\"lazy\" decoding=\"async\" width=\"212\" height=\"300\" src=\"https:\/\/www.ornithologies.fr\/blog\/lesoiseauxdumonde\/wp-content\/uploads\/sites\/4\/Caique-maipouri-2-212x300.jpg\" class=\"\" alt=\"\" srcset=\"https:\/\/www.ornithologies.fr\/blog\/lesoiseauxdumonde\/wp-content\/uploads\/sites\/4\/Caique-maipouri-2-212x300.jpg 212w, https:\/\/www.ornithologies.fr\/blog\/lesoiseauxdumonde\/wp-content\/uploads\/sites\/4\/Caique-maipouri-2-457x647.jpg 457w, https:\/\/www.ornithologies.fr\/blog\/lesoiseauxdumonde\/wp-content\/uploads\/sites\/4\/Caique-maipouri-2.jpg 723w, https:\/\/www.ornithologies.fr\/blog\/lesoiseauxdumonde\/wp-content\/uploads\/sites\/4\/Caique-maipouri-2-600x850.jpg 600w, https:\/\/www.ornithologies.fr\/blog\/lesoiseauxdumonde\/wp-content\/uploads\/sites\/4\/Caique-maipouri-2-224x317.jpg 224w\" sizes=\"auto, (max-width: 212px) 100vw, 212px\" \/><\/a><\/div><\/div><div class=\"su-image-carousel-item\"><div class=\"su-image-carousel-item-content\"><a href=\"https:\/\/www.ornithologies.fr\/blog\/lesoiseauxdumonde\/reconnaisssance-du-canari-mogno\/\" data-caption=\"Reconnaissance du Canari \u00ab\u00a0mogno\u00a0\u00bb\"><img loading=\"lazy\" decoding=\"async\" width=\"250\" height=\"300\" src=\"https:\/\/www.ornithologies.fr\/blog\/lesoiseauxdumonde\/wp-content\/uploads\/sites\/4\/Canari-mogno-250x300.jpg\" class=\"\" alt=\"\" srcset=\"https:\/\/www.ornithologies.fr\/blog\/lesoiseauxdumonde\/wp-content\/uploads\/sites\/4\/Canari-mogno-250x300.jpg 250w, https:\/\/www.ornithologies.fr\/blog\/lesoiseauxdumonde\/wp-content\/uploads\/sites\/4\/Canari-mogno-500x600.jpg 500w, https:\/\/www.ornithologies.fr\/blog\/lesoiseauxdumonde\/wp-content\/uploads\/sites\/4\/Canari-mogno-768x922.jpg 768w, https:\/\/www.ornithologies.fr\/blog\/lesoiseauxdumonde\/wp-content\/uploads\/sites\/4\/Canari-mogno-853x1024.jpg 853w, https:\/\/www.ornithologies.fr\/blog\/lesoiseauxdumonde\/wp-content\/uploads\/sites\/4\/Canari-mogno-600x720.jpg 600w, https:\/\/www.ornithologies.fr\/blog\/lesoiseauxdumonde\/wp-content\/uploads\/sites\/4\/Canari-mogno-264x317.jpg 264w, https:\/\/www.ornithologies.fr\/blog\/lesoiseauxdumonde\/wp-content\/uploads\/sites\/4\/Canari-mogno.jpg 1024w\" sizes=\"auto, (max-width: 250px) 100vw, 250px\" \/><\/a><\/div><\/div><div class=\"su-image-carousel-item\"><div class=\"su-image-carousel-item-content\"><a href=\"https:\/\/www.ornithologies.fr\/blog\/lesoiseauxdumonde\/elever-des-hybrides\/\" data-caption=\"\u00c9lever des hybrides ?\"><img loading=\"lazy\" decoding=\"async\" width=\"212\" height=\"300\" src=\"https:\/\/www.ornithologies.fr\/blog\/lesoiseauxdumonde\/wp-content\/uploads\/sites\/4\/Carpodacus-X-Pyrrhula-212x300.jpg\" class=\"\" alt=\"\" srcset=\"https:\/\/www.ornithologies.fr\/blog\/lesoiseauxdumonde\/wp-content\/uploads\/sites\/4\/Carpodacus-X-Pyrrhula-212x300.jpg 212w, https:\/\/www.ornithologies.fr\/blog\/lesoiseauxdumonde\/wp-content\/uploads\/sites\/4\/Carpodacus-X-Pyrrhula-458x647.jpg 458w, https:\/\/www.ornithologies.fr\/blog\/lesoiseauxdumonde\/wp-content\/uploads\/sites\/4\/Carpodacus-X-Pyrrhula.jpg 725w, https:\/\/www.ornithologies.fr\/blog\/lesoiseauxdumonde\/wp-content\/uploads\/sites\/4\/Carpodacus-X-Pyrrhula-600x847.jpg 600w, https:\/\/www.ornithologies.fr\/blog\/lesoiseauxdumonde\/wp-content\/uploads\/sites\/4\/Carpodacus-X-Pyrrhula-224x317.jpg 224w\" sizes=\"auto, (max-width: 212px) 100vw, 212px\" \/><\/a><\/div><\/div><div class=\"su-image-carousel-item\"><div class=\"su-image-carousel-item-content\"><a href=\"https:\/\/www.ornithologies.fr\/blog\/lesoiseauxdumonde\/la-princesse-de-galles\/\" data-caption=\"La Princesse de Galles\"><img loading=\"lazy\" decoding=\"async\" width=\"212\" height=\"300\" src=\"https:\/\/www.ornithologies.fr\/blog\/lesoiseauxdumonde\/wp-content\/uploads\/sites\/4\/Princesse-de-Galles-212x300.jpg\" class=\"\" alt=\"\" srcset=\"https:\/\/www.ornithologies.fr\/blog\/lesoiseauxdumonde\/wp-content\/uploads\/sites\/4\/Princesse-de-Galles-212x300.jpg 212w, https:\/\/www.ornithologies.fr\/blog\/lesoiseauxdumonde\/wp-content\/uploads\/sites\/4\/Princesse-de-Galles-457x647.jpg 457w, https:\/\/www.ornithologies.fr\/blog\/lesoiseauxdumonde\/wp-content\/uploads\/sites\/4\/Princesse-de-Galles.jpg 723w, https:\/\/www.ornithologies.fr\/blog\/lesoiseauxdumonde\/wp-content\/uploads\/sites\/4\/Princesse-de-Galles-600x850.jpg 600w, https:\/\/www.ornithologies.fr\/blog\/lesoiseauxdumonde\/wp-content\/uploads\/sites\/4\/Princesse-de-Galles-224x317.jpg 224w\" sizes=\"auto, (max-width: 212px) 100vw, 212px\" \/><\/a><\/div><\/div><div class=\"su-image-carousel-item\"><div class=\"su-image-carousel-item-content\"><a href=\"https:\/\/www.ornithologies.fr\/blog\/lesoiseauxdumonde\/senegali-vert-astrild-vert-pointille-ou-mandingue\/\" data-caption=\"S\u00e9n\u00e9gali vert, Astrild vert pointill\u00e9, ou Mandingue\"><img loading=\"lazy\" decoding=\"async\" width=\"212\" height=\"300\" src=\"https:\/\/www.ornithologies.fr\/blog\/lesoiseauxdumonde\/wp-content\/uploads\/sites\/4\/Senegali-vert-212x300.jpg\" class=\"\" alt=\"\" srcset=\"https:\/\/www.ornithologies.fr\/blog\/lesoiseauxdumonde\/wp-content\/uploads\/sites\/4\/Senegali-vert-212x300.jpg 212w, https:\/\/www.ornithologies.fr\/blog\/lesoiseauxdumonde\/wp-content\/uploads\/sites\/4\/Senegali-vert-457x647.jpg 457w, https:\/\/www.ornithologies.fr\/blog\/lesoiseauxdumonde\/wp-content\/uploads\/sites\/4\/Senegali-vert.jpg 724w, https:\/\/www.ornithologies.fr\/blog\/lesoiseauxdumonde\/wp-content\/uploads\/sites\/4\/Senegali-vert-600x849.jpg 600w, https:\/\/www.ornithologies.fr\/blog\/lesoiseauxdumonde\/wp-content\/uploads\/sites\/4\/Senegali-vert-224x317.jpg 224w\" sizes=\"auto, (max-width: 212px) 100vw, 212px\" \/><\/a><\/div><\/div><div class=\"su-image-carousel-item\"><div class=\"su-image-carousel-item-content\"><a href=\"https:\/\/www.ornithologies.fr\/blog\/lesoiseauxdumonde\/loris-et-loriquets\/\" data-caption=\"Loris et Loriquets\"><img loading=\"lazy\" decoding=\"async\" width=\"215\" height=\"300\" src=\"https:\/\/www.ornithologies.fr\/blog\/lesoiseauxdumonde\/wp-content\/uploads\/sites\/4\/Lori-des-dames-215x300.jpg\" class=\"\" alt=\"\" srcset=\"https:\/\/www.ornithologies.fr\/blog\/lesoiseauxdumonde\/wp-content\/uploads\/sites\/4\/Lori-des-dames-215x300.jpg 215w, https:\/\/www.ornithologies.fr\/blog\/lesoiseauxdumonde\/wp-content\/uploads\/sites\/4\/Lori-des-dames-107x150.jpg 107w, https:\/\/www.ornithologies.fr\/blog\/lesoiseauxdumonde\/wp-content\/uploads\/sites\/4\/Lori-des-dames.jpg 733w, https:\/\/www.ornithologies.fr\/blog\/lesoiseauxdumonde\/wp-content\/uploads\/sites\/4\/Lori-des-dames-600x838.jpg 600w, https:\/\/www.ornithologies.fr\/blog\/lesoiseauxdumonde\/wp-content\/uploads\/sites\/4\/Lori-des-dames-227x317.jpg 227w\" sizes=\"auto, (max-width: 215px) 100vw, 215px\" \/><\/a><\/div><\/div><div class=\"su-image-carousel-item\"><div class=\"su-image-carousel-item-content\"><a href=\"https:\/\/www.ornithologies.fr\/blog\/lesoiseauxdumonde\/le-lipochrome-mosaique-jaune\/\" data-caption=\"Le lipochrome mosa\u00efque jaune\"><img loading=\"lazy\" decoding=\"async\" width=\"190\" height=\"300\" src=\"https:\/\/www.ornithologies.fr\/blog\/lesoiseauxdumonde\/wp-content\/uploads\/sites\/4\/Jaune-Mosaique-Male-190x300.jpg\" class=\"\" alt=\"\" srcset=\"https:\/\/www.ornithologies.fr\/blog\/lesoiseauxdumonde\/wp-content\/uploads\/sites\/4\/Jaune-Mosaique-Male-190x300.jpg 190w, https:\/\/www.ornithologies.fr\/blog\/lesoiseauxdumonde\/wp-content\/uploads\/sites\/4\/Jaune-Mosaique-Male-95x150.jpg 95w, https:\/\/www.ornithologies.fr\/blog\/lesoiseauxdumonde\/wp-content\/uploads\/sites\/4\/Jaune-Mosaique-Male.jpg 648w, https:\/\/www.ornithologies.fr\/blog\/lesoiseauxdumonde\/wp-content\/uploads\/sites\/4\/Jaune-Mosaique-Male-600x948.jpg 600w, https:\/\/www.ornithologies.fr\/blog\/lesoiseauxdumonde\/wp-content\/uploads\/sites\/4\/Jaune-Mosaique-Male-201x317.jpg 201w\" sizes=\"auto, (max-width: 190px) 100vw, 190px\" \/><\/a><\/div><\/div><div class=\"su-image-carousel-item\"><div class=\"su-image-carousel-item-content\"><a href=\"https:\/\/www.ornithologies.fr\/blog\/lesoiseauxdumonde\/le-tarin-de-magellan\/\" data-caption=\"Le Tarin de Magellan\"><img loading=\"lazy\" decoding=\"async\" width=\"300\" height=\"266\" src=\"https:\/\/www.ornithologies.fr\/blog\/lesoiseauxdumonde\/wp-content\/uploads\/sites\/4\/1703-tarinmagellan-2-300x266.jpg\" class=\"\" alt=\"\" srcset=\"https:\/\/www.ornithologies.fr\/blog\/lesoiseauxdumonde\/wp-content\/uploads\/sites\/4\/1703-tarinmagellan-2-300x266.jpg 300w, https:\/\/www.ornithologies.fr\/blog\/lesoiseauxdumonde\/wp-content\/uploads\/sites\/4\/1703-tarinmagellan-2-150x133.jpg 150w, https:\/\/www.ornithologies.fr\/blog\/lesoiseauxdumonde\/wp-content\/uploads\/sites\/4\/1703-tarinmagellan-2-768x682.jpg 768w, https:\/\/www.ornithologies.fr\/blog\/lesoiseauxdumonde\/wp-content\/uploads\/sites\/4\/1703-tarinmagellan-2.jpg 1024w, https:\/\/www.ornithologies.fr\/blog\/lesoiseauxdumonde\/wp-content\/uploads\/sites\/4\/1703-tarinmagellan-2-600x533.jpg 600w, https:\/\/www.ornithologies.fr\/blog\/lesoiseauxdumonde\/wp-content\/uploads\/sites\/4\/1703-tarinmagellan-2-357x317.jpg 357w\" sizes=\"auto, (max-width: 300px) 100vw, 300px\" \/><\/a><\/div><\/div><div class=\"su-image-carousel-item\"><div class=\"su-image-carousel-item-content\"><a href=\"https:\/\/www.ornithologies.fr\/blog\/lesoiseauxdumonde\/les-perruches-splendides-ma-passion\/\" data-caption=\"Les Perruches splendides, ma passion\"><img loading=\"lazy\" decoding=\"async\" width=\"227\" height=\"300\" src=\"https:\/\/www.ornithologies.fr\/blog\/lesoiseauxdumonde\/wp-content\/uploads\/sites\/4\/Perruches-splendides-1-227x300.jpg\" class=\"\" alt=\"\" srcset=\"https:\/\/www.ornithologies.fr\/blog\/lesoiseauxdumonde\/wp-content\/uploads\/sites\/4\/Perruches-splendides-1-227x300.jpg 227w, https:\/\/www.ornithologies.fr\/blog\/lesoiseauxdumonde\/wp-content\/uploads\/sites\/4\/Perruches-splendides-1-113x150.jpg 113w, https:\/\/www.ornithologies.fr\/blog\/lesoiseauxdumonde\/wp-content\/uploads\/sites\/4\/Perruches-splendides-1-768x1016.jpg 768w, https:\/\/www.ornithologies.fr\/blog\/lesoiseauxdumonde\/wp-content\/uploads\/sites\/4\/Perruches-splendides-1-774x1024.jpg 774w, https:\/\/www.ornithologies.fr\/blog\/lesoiseauxdumonde\/wp-content\/uploads\/sites\/4\/Perruches-splendides-1-600x793.jpg 600w, https:\/\/www.ornithologies.fr\/blog\/lesoiseauxdumonde\/wp-content\/uploads\/sites\/4\/Perruches-splendides-1-240x317.jpg 240w, https:\/\/www.ornithologies.fr\/blog\/lesoiseauxdumonde\/wp-content\/uploads\/sites\/4\/Perruches-splendides-1.jpg 1024w\" sizes=\"auto, (max-width: 227px) 100vw, 227px\" \/><\/a><\/div><\/div><div class=\"su-image-carousel-item\"><div class=\"su-image-carousel-item-content\"><a href=\"https:\/\/www.ornithologies.fr\/blog\/lesoiseauxdumonde\/elever-des-perruches-pour-le-fun-ou-la-couleur\/\" data-caption=\"\u00c9lever des Perruches pour le \u00ab\u00a0fun\u00a0\u00bb ou la couleur\"><img loading=\"lazy\" decoding=\"async\" width=\"212\" height=\"300\" src=\"https:\/\/www.ornithologies.fr\/blog\/lesoiseauxdumonde\/wp-content\/uploads\/sites\/4\/Perruches-ondul\u00e9es-lutino-212x300.jpg\" class=\"\" alt=\"\" srcset=\"https:\/\/www.ornithologies.fr\/blog\/lesoiseauxdumonde\/wp-content\/uploads\/sites\/4\/Perruches-ondul\u00e9es-lutino-212x300.jpg 212w, https:\/\/www.ornithologies.fr\/blog\/lesoiseauxdumonde\/wp-content\/uploads\/sites\/4\/Perruches-ondul\u00e9es-lutino-106x150.jpg 106w, https:\/\/www.ornithologies.fr\/blog\/lesoiseauxdumonde\/wp-content\/uploads\/sites\/4\/Perruches-ondul\u00e9es-lutino.jpg 724w, https:\/\/www.ornithologies.fr\/blog\/lesoiseauxdumonde\/wp-content\/uploads\/sites\/4\/Perruches-ondul\u00e9es-lutino-600x849.jpg 600w, https:\/\/www.ornithologies.fr\/blog\/lesoiseauxdumonde\/wp-content\/uploads\/sites\/4\/Perruches-ondul\u00e9es-lutino-224x317.jpg 224w\" sizes=\"auto, (max-width: 212px) 100vw, 212px\" \/><\/a><\/div><\/div><div class=\"su-image-carousel-item\"><div class=\"su-image-carousel-item-content\"><a href=\"https:\/\/www.ornithologies.fr\/blog\/lesoiseauxdumonde\/geopelies-diamant-a-croupion-blanc\/\" data-caption=\"G\u00e9op\u00e9lies diamant \u00e0 croupion blanc\"><img loading=\"lazy\" decoding=\"async\" width=\"216\" height=\"300\" src=\"https:\/\/www.ornithologies.fr\/blog\/lesoiseauxdumonde\/wp-content\/uploads\/sites\/4\/G\u00e9op\u00e9lie-2-216x300.jpg\" class=\"\" alt=\"\" srcset=\"https:\/\/www.ornithologies.fr\/blog\/lesoiseauxdumonde\/wp-content\/uploads\/sites\/4\/G\u00e9op\u00e9lie-2-216x300.jpg 216w, https:\/\/www.ornithologies.fr\/blog\/lesoiseauxdumonde\/wp-content\/uploads\/sites\/4\/G\u00e9op\u00e9lie-2-108x150.jpg 108w, https:\/\/www.ornithologies.fr\/blog\/lesoiseauxdumonde\/wp-content\/uploads\/sites\/4\/G\u00e9op\u00e9lie-2-768x1067.jpg 768w, https:\/\/www.ornithologies.fr\/blog\/lesoiseauxdumonde\/wp-content\/uploads\/sites\/4\/G\u00e9op\u00e9lie-2-737x1024.jpg 737w, https:\/\/www.ornithologies.fr\/blog\/lesoiseauxdumonde\/wp-content\/uploads\/sites\/4\/G\u00e9op\u00e9lie-2-600x833.jpg 600w, https:\/\/www.ornithologies.fr\/blog\/lesoiseauxdumonde\/wp-content\/uploads\/sites\/4\/G\u00e9op\u00e9lie-2-228x317.jpg 228w, https:\/\/www.ornithologies.fr\/blog\/lesoiseauxdumonde\/wp-content\/uploads\/sites\/4\/G\u00e9op\u00e9lie-2.jpg 864w\" sizes=\"auto, (max-width: 216px) 100vw, 216px\" \/><\/a><\/div><\/div><div class=\"su-image-carousel-item\"><div class=\"su-image-carousel-item-content\"><a href=\"https:\/\/www.ornithologies.fr\/blog\/lesoiseauxdumonde\/mon-experience-du-chardonneret\/\" data-caption=\"Mon Exp\u00e9rience du Chardonneret\"><img loading=\"lazy\" decoding=\"async\" width=\"221\" height=\"300\" src=\"https:\/\/www.ornithologies.fr\/blog\/lesoiseauxdumonde\/wp-content\/uploads\/sites\/4\/Chardonneret-elegant-combinaison-tete-blanche-221x300.jpg\" class=\"\" alt=\"\" srcset=\"https:\/\/www.ornithologies.fr\/blog\/lesoiseauxdumonde\/wp-content\/uploads\/sites\/4\/Chardonneret-elegant-combinaison-tete-blanche-221x300.jpg 221w, https:\/\/www.ornithologies.fr\/blog\/lesoiseauxdumonde\/wp-content\/uploads\/sites\/4\/Chardonneret-elegant-combinaison-tete-blanche-111x150.jpg 111w, https:\/\/www.ornithologies.fr\/blog\/lesoiseauxdumonde\/wp-content\/uploads\/sites\/4\/Chardonneret-elegant-combinaison-tete-blanche.jpg 755w, https:\/\/www.ornithologies.fr\/blog\/lesoiseauxdumonde\/wp-content\/uploads\/sites\/4\/Chardonneret-elegant-combinaison-tete-blanche-600x814.jpg 600w, https:\/\/www.ornithologies.fr\/blog\/lesoiseauxdumonde\/wp-content\/uploads\/sites\/4\/Chardonneret-elegant-combinaison-tete-blanche-234x317.jpg 234w\" sizes=\"auto, (max-width: 221px) 100vw, 221px\" \/><\/a><\/div><\/div><div class=\"su-image-carousel-item\"><div class=\"su-image-carousel-item-content\"><a href=\"https:\/\/www.ornithologies.fr\/blog\/lesoiseauxdumonde\/laraguira-rougeatre\/\" data-caption=\"L\u2019Araguira rouge\u00e2tre\"><img loading=\"lazy\" decoding=\"async\" width=\"212\" height=\"300\" src=\"https:\/\/www.ornithologies.fr\/blog\/lesoiseauxdumonde\/wp-content\/uploads\/sites\/4\/Araguira-rougeatre-male-02-212x300.jpg\" class=\"\" alt=\"\" srcset=\"https:\/\/www.ornithologies.fr\/blog\/lesoiseauxdumonde\/wp-content\/uploads\/sites\/4\/Araguira-rougeatre-male-02-212x300.jpg 212w, https:\/\/www.ornithologies.fr\/blog\/lesoiseauxdumonde\/wp-content\/uploads\/sites\/4\/Araguira-rougeatre-male-02-106x150.jpg 106w, https:\/\/www.ornithologies.fr\/blog\/lesoiseauxdumonde\/wp-content\/uploads\/sites\/4\/Araguira-rougeatre-male-02.jpg 725w, https:\/\/www.ornithologies.fr\/blog\/lesoiseauxdumonde\/wp-content\/uploads\/sites\/4\/Araguira-rougeatre-male-02-600x847.jpg 600w, https:\/\/www.ornithologies.fr\/blog\/lesoiseauxdumonde\/wp-content\/uploads\/sites\/4\/Araguira-rougeatre-male-02-224x317.jpg 224w\" sizes=\"auto, (max-width: 212px) 100vw, 212px\" \/><\/a><\/div><\/div><div class=\"su-image-carousel-item\"><div class=\"su-image-carousel-item-content\"><a href=\"https:\/\/www.ornithologies.fr\/blog\/lesoiseauxdumonde\/vous-avez-dit-albinos\/\" data-caption=\"Vous avez dit \u00ab albinos \u00bb ?\"><img loading=\"lazy\" decoding=\"async\" width=\"212\" height=\"300\" src=\"https:\/\/www.ornithologies.fr\/blog\/lesoiseauxdumonde\/wp-content\/uploads\/sites\/4\/Kookaburra-albino-212x300.jpg\" class=\"\" alt=\"\" srcset=\"https:\/\/www.ornithologies.fr\/blog\/lesoiseauxdumonde\/wp-content\/uploads\/sites\/4\/Kookaburra-albino-212x300.jpg 212w, https:\/\/www.ornithologies.fr\/blog\/lesoiseauxdumonde\/wp-content\/uploads\/sites\/4\/Kookaburra-albino-106x150.jpg 106w, https:\/\/www.ornithologies.fr\/blog\/lesoiseauxdumonde\/wp-content\/uploads\/sites\/4\/Kookaburra-albino.jpg 724w, https:\/\/www.ornithologies.fr\/blog\/lesoiseauxdumonde\/wp-content\/uploads\/sites\/4\/Kookaburra-albino-600x849.jpg 600w, https:\/\/www.ornithologies.fr\/blog\/lesoiseauxdumonde\/wp-content\/uploads\/sites\/4\/Kookaburra-albino-224x317.jpg 224w\" sizes=\"auto, (max-width: 212px) 100vw, 212px\" \/><\/a><\/div><\/div><div class=\"su-image-carousel-item\"><div class=\"su-image-carousel-item-content\"><a href=\"https:\/\/www.ornithologies.fr\/blog\/lesoiseauxdumonde\/linseparable-masque-devoile\/\" data-caption=\"L&rsquo;ins\u00e9parable masqu\u00e9 d\u00e9voil\u00e9\"><img loading=\"lazy\" decoding=\"async\" width=\"212\" height=\"300\" src=\"https:\/\/www.ornithologies.fr\/blog\/lesoiseauxdumonde\/wp-content\/uploads\/sites\/4\/inseparable-masque-1-212x300.jpg\" class=\"\" alt=\"\" srcset=\"https:\/\/www.ornithologies.fr\/blog\/lesoiseauxdumonde\/wp-content\/uploads\/sites\/4\/inseparable-masque-1-212x300.jpg 212w, https:\/\/www.ornithologies.fr\/blog\/lesoiseauxdumonde\/wp-content\/uploads\/sites\/4\/inseparable-masque-1-106x150.jpg 106w, https:\/\/www.ornithologies.fr\/blog\/lesoiseauxdumonde\/wp-content\/uploads\/sites\/4\/inseparable-masque-1.jpg 724w, https:\/\/www.ornithologies.fr\/blog\/lesoiseauxdumonde\/wp-content\/uploads\/sites\/4\/inseparable-masque-1-600x849.jpg 600w, https:\/\/www.ornithologies.fr\/blog\/lesoiseauxdumonde\/wp-content\/uploads\/sites\/4\/inseparable-masque-1-224x317.jpg 224w\" sizes=\"auto, (max-width: 212px) 100vw, 212px\" \/><\/a><\/div><\/div><div class=\"su-image-carousel-item\"><div class=\"su-image-carousel-item-content\"><a href=\"https:\/\/www.ornithologies.fr\/blog\/lesoiseauxdumonde\/oeufs-fecondes-ou-steriles\/\" data-caption=\"\u0152ufs F\u00e9cond\u00e9s ou St\u00e9riles\"><img loading=\"lazy\" decoding=\"async\" width=\"263\" height=\"300\" src=\"https:\/\/www.ornithologies.fr\/blog\/lesoiseauxdumonde\/wp-content\/uploads\/sites\/4\/oeufs-1-263x300.jpg\" class=\"\" alt=\"\" srcset=\"https:\/\/www.ornithologies.fr\/blog\/lesoiseauxdumonde\/wp-content\/uploads\/sites\/4\/oeufs-1-263x300.jpg 263w, https:\/\/www.ornithologies.fr\/blog\/lesoiseauxdumonde\/wp-content\/uploads\/sites\/4\/oeufs-1-132x150.jpg 132w, https:\/\/www.ornithologies.fr\/blog\/lesoiseauxdumonde\/wp-content\/uploads\/sites\/4\/oeufs-1-600x684.jpg 600w, https:\/\/www.ornithologies.fr\/blog\/lesoiseauxdumonde\/wp-content\/uploads\/sites\/4\/oeufs-1-278x317.jpg 278w, https:\/\/www.ornithologies.fr\/blog\/lesoiseauxdumonde\/wp-content\/uploads\/sites\/4\/oeufs-1.jpg 702w\" sizes=\"auto, (max-width: 263px) 100vw, 263px\" \/><\/a><\/div><\/div><div class=\"su-image-carousel-item\"><div class=\"su-image-carousel-item-content\"><a href=\"https:\/\/www.ornithologies.fr\/blog\/lesoiseauxdumonde\/ecoutez-vos-malinois\/\" data-caption=\"\u00c9coutez vos malinois\"><img loading=\"lazy\" decoding=\"async\" width=\"289\" height=\"300\" src=\"https:\/\/www.ornithologies.fr\/blog\/lesoiseauxdumonde\/wp-content\/uploads\/sites\/4\/canari-malinois-1-289x300.jpg\" class=\"\" alt=\"\" srcset=\"https:\/\/www.ornithologies.fr\/blog\/lesoiseauxdumonde\/wp-content\/uploads\/sites\/4\/canari-malinois-1-289x300.jpg 289w, https:\/\/www.ornithologies.fr\/blog\/lesoiseauxdumonde\/wp-content\/uploads\/sites\/4\/canari-malinois-1-145x150.jpg 145w, https:\/\/www.ornithologies.fr\/blog\/lesoiseauxdumonde\/wp-content\/uploads\/sites\/4\/canari-malinois-1-600x622.jpg 600w, https:\/\/www.ornithologies.fr\/blog\/lesoiseauxdumonde\/wp-content\/uploads\/sites\/4\/canari-malinois-1-306x317.jpg 306w, https:\/\/www.ornithologies.fr\/blog\/lesoiseauxdumonde\/wp-content\/uploads\/sites\/4\/canari-malinois-1.jpg 742w\" sizes=\"auto, (max-width: 289px) 100vw, 289px\" \/><\/a><\/div><\/div><div class=\"su-image-carousel-item\"><div class=\"su-image-carousel-item-content\"><a href=\"https:\/\/www.ornithologies.fr\/blog\/lesoiseauxdumonde\/soigner-ses-canaris\/\" data-caption=\"Soigner ses Canaris\"><img loading=\"lazy\" decoding=\"async\" width=\"212\" height=\"300\" src=\"https:\/\/www.ornithologies.fr\/blog\/lesoiseauxdumonde\/wp-content\/uploads\/sites\/4\/Canari-en-pleine-forme-212x300.jpg\" class=\"\" alt=\"\" srcset=\"https:\/\/www.ornithologies.fr\/blog\/lesoiseauxdumonde\/wp-content\/uploads\/sites\/4\/Canari-en-pleine-forme-212x300.jpg 212w, https:\/\/www.ornithologies.fr\/blog\/lesoiseauxdumonde\/wp-content\/uploads\/sites\/4\/Canari-en-pleine-forme-106x150.jpg 106w, https:\/\/www.ornithologies.fr\/blog\/lesoiseauxdumonde\/wp-content\/uploads\/sites\/4\/Canari-en-pleine-forme.jpg 724w, https:\/\/www.ornithologies.fr\/blog\/lesoiseauxdumonde\/wp-content\/uploads\/sites\/4\/Canari-en-pleine-forme-600x849.jpg 600w, https:\/\/www.ornithologies.fr\/blog\/lesoiseauxdumonde\/wp-content\/uploads\/sites\/4\/Canari-en-pleine-forme-224x317.jpg 224w\" sizes=\"auto, (max-width: 212px) 100vw, 212px\" \/><\/a><\/div><\/div><div class=\"su-image-carousel-item\"><div class=\"su-image-carousel-item-content\"><a href=\"https:\/\/www.ornithologies.fr\/blog\/lesoiseauxdumonde\/la-mutation-fallow-de-londulee\/\" data-caption=\"La mutation fallow de l&rsquo;ondul\u00e9e\"><img loading=\"lazy\" decoding=\"async\" width=\"212\" height=\"300\" src=\"https:\/\/www.ornithologies.fr\/blog\/lesoiseauxdumonde\/wp-content\/uploads\/sites\/4\/ondulee-fallow-212x300.jpg\" class=\"\" alt=\"\" srcset=\"https:\/\/www.ornithologies.fr\/blog\/lesoiseauxdumonde\/wp-content\/uploads\/sites\/4\/ondulee-fallow-212x300.jpg 212w, https:\/\/www.ornithologies.fr\/blog\/lesoiseauxdumonde\/wp-content\/uploads\/sites\/4\/ondulee-fallow-106x150.jpg 106w, https:\/\/www.ornithologies.fr\/blog\/lesoiseauxdumonde\/wp-content\/uploads\/sites\/4\/ondulee-fallow.jpg 725w, https:\/\/www.ornithologies.fr\/blog\/lesoiseauxdumonde\/wp-content\/uploads\/sites\/4\/ondulee-fallow-600x847.jpg 600w, https:\/\/www.ornithologies.fr\/blog\/lesoiseauxdumonde\/wp-content\/uploads\/sites\/4\/ondulee-fallow-224x317.jpg 224w\" sizes=\"auto, (max-width: 212px) 100vw, 212px\" \/><\/a><\/div><\/div><div class=\"su-image-carousel-item\"><div class=\"su-image-carousel-item-content\"><a href=\"https:\/\/www.ornithologies.fr\/blog\/lesoiseauxdumonde\/les-sporophiles-chanteurs\/\" data-caption=\"Les Sporophiles chanteurs\"><img loading=\"lazy\" decoding=\"async\" width=\"212\" height=\"300\" src=\"https:\/\/www.ornithologies.fr\/blog\/lesoiseauxdumonde\/wp-content\/uploads\/sites\/4\/Sporophile-petit-chanteur-212x300.jpg\" class=\"\" alt=\"\" srcset=\"https:\/\/www.ornithologies.fr\/blog\/lesoiseauxdumonde\/wp-content\/uploads\/sites\/4\/Sporophile-petit-chanteur-212x300.jpg 212w, https:\/\/www.ornithologies.fr\/blog\/lesoiseauxdumonde\/wp-content\/uploads\/sites\/4\/Sporophile-petit-chanteur-457x647.jpg 457w, https:\/\/www.ornithologies.fr\/blog\/lesoiseauxdumonde\/wp-content\/uploads\/sites\/4\/Sporophile-petit-chanteur.jpg 723w, https:\/\/www.ornithologies.fr\/blog\/lesoiseauxdumonde\/wp-content\/uploads\/sites\/4\/Sporophile-petit-chanteur-600x850.jpg 600w, https:\/\/www.ornithologies.fr\/blog\/lesoiseauxdumonde\/wp-content\/uploads\/sites\/4\/Sporophile-petit-chanteur-224x317.jpg 224w\" sizes=\"auto, (max-width: 212px) 100vw, 212px\" \/><\/a><\/div><\/div><div class=\"su-image-carousel-item\"><div class=\"su-image-carousel-item-content\"><a href=\"https:\/\/www.ornithologies.fr\/blog\/lesoiseauxdumonde\/les-cycles-biologiques-chez-les-oiseaux\/\" data-caption=\"Les cycles biologiques chez les oiseaux\"><img loading=\"lazy\" decoding=\"async\" width=\"212\" height=\"300\" src=\"https:\/\/www.ornithologies.fr\/blog\/lesoiseauxdumonde\/wp-content\/uploads\/sites\/4\/Ariane-de-Lesson-212x300.jpg\" class=\"\" alt=\"\" srcset=\"https:\/\/www.ornithologies.fr\/blog\/lesoiseauxdumonde\/wp-content\/uploads\/sites\/4\/Ariane-de-Lesson-212x300.jpg 212w, https:\/\/www.ornithologies.fr\/blog\/lesoiseauxdumonde\/wp-content\/uploads\/sites\/4\/Ariane-de-Lesson-457x647.jpg 457w, https:\/\/www.ornithologies.fr\/blog\/lesoiseauxdumonde\/wp-content\/uploads\/sites\/4\/Ariane-de-Lesson.jpg 723w, https:\/\/www.ornithologies.fr\/blog\/lesoiseauxdumonde\/wp-content\/uploads\/sites\/4\/Ariane-de-Lesson-600x850.jpg 600w, https:\/\/www.ornithologies.fr\/blog\/lesoiseauxdumonde\/wp-content\/uploads\/sites\/4\/Ariane-de-Lesson-224x317.jpg 224w\" sizes=\"auto, (max-width: 212px) 100vw, 212px\" \/><\/a><\/div><\/div><div class=\"su-image-carousel-item\"><div class=\"su-image-carousel-item-content\"><a href=\"https:\/\/www.ornithologies.fr\/blog\/lesoiseauxdumonde\/preparons-nous-aux-expositions\/\" data-caption=\"Pr\u00e9parons-nous aux expositions\"><img loading=\"lazy\" decoding=\"async\" width=\"212\" height=\"300\" src=\"https:\/\/www.ornithologies.fr\/blog\/lesoiseauxdumonde\/wp-content\/uploads\/sites\/4\/Femelle-canari-jaune-mosaique-212x300.jpg\" class=\"\" alt=\"\" srcset=\"https:\/\/www.ornithologies.fr\/blog\/lesoiseauxdumonde\/wp-content\/uploads\/sites\/4\/Femelle-canari-jaune-mosaique-212x300.jpg 212w, https:\/\/www.ornithologies.fr\/blog\/lesoiseauxdumonde\/wp-content\/uploads\/sites\/4\/Femelle-canari-jaune-mosaique-457x647.jpg 457w, https:\/\/www.ornithologies.fr\/blog\/lesoiseauxdumonde\/wp-content\/uploads\/sites\/4\/Femelle-canari-jaune-mosaique.jpg 724w, https:\/\/www.ornithologies.fr\/blog\/lesoiseauxdumonde\/wp-content\/uploads\/sites\/4\/Femelle-canari-jaune-mosaique-600x849.jpg 600w, https:\/\/www.ornithologies.fr\/blog\/lesoiseauxdumonde\/wp-content\/uploads\/sites\/4\/Femelle-canari-jaune-mosaique-224x317.jpg 224w\" sizes=\"auto, (max-width: 212px) 100vw, 212px\" \/><\/a><\/div><\/div><div class=\"su-image-carousel-item\"><div class=\"su-image-carousel-item-content\"><a href=\"https:\/\/www.ornithologies.fr\/blog\/lesoiseauxdumonde\/les-merles-bleus\/\" data-caption=\"Les Merles bleus\"><img loading=\"lazy\" decoding=\"async\" width=\"300\" height=\"221\" src=\"https:\/\/www.ornithologies.fr\/blog\/lesoiseauxdumonde\/wp-content\/uploads\/sites\/4\/Merlebleu-300x221.jpg\" class=\"\" alt=\"\" srcset=\"https:\/\/www.ornithologies.fr\/blog\/lesoiseauxdumonde\/wp-content\/uploads\/sites\/4\/Merlebleu-300x221.jpg 300w, https:\/\/www.ornithologies.fr\/blog\/lesoiseauxdumonde\/wp-content\/uploads\/sites\/4\/Merlebleu-500x368.jpg 500w, https:\/\/www.ornithologies.fr\/blog\/lesoiseauxdumonde\/wp-content\/uploads\/sites\/4\/Merlebleu-768x565.jpg 768w, https:\/\/www.ornithologies.fr\/blog\/lesoiseauxdumonde\/wp-content\/uploads\/sites\/4\/Merlebleu.jpg 1024w, https:\/\/www.ornithologies.fr\/blog\/lesoiseauxdumonde\/wp-content\/uploads\/sites\/4\/Merlebleu-600x441.jpg 600w, https:\/\/www.ornithologies.fr\/blog\/lesoiseauxdumonde\/wp-content\/uploads\/sites\/4\/Merlebleu-431x317.jpg 431w\" sizes=\"auto, (max-width: 300px) 100vw, 300px\" \/><\/a><\/div><\/div><div class=\"su-image-carousel-item\"><div class=\"su-image-carousel-item-content\"><a href=\"https:\/\/www.ornithologies.fr\/blog\/lesoiseauxdumonde\/le-genre-cyanoramphus\/\" data-caption=\"Le genre Cyanoramphus\"><img loading=\"lazy\" decoding=\"async\" width=\"284\" height=\"300\" src=\"https:\/\/www.ornithologies.fr\/blog\/lesoiseauxdumonde\/wp-content\/uploads\/sites\/4\/lytho-kakariki-284x300.jpg\" class=\"\" alt=\"\" srcset=\"https:\/\/www.ornithologies.fr\/blog\/lesoiseauxdumonde\/wp-content\/uploads\/sites\/4\/lytho-kakariki-284x300.jpg 284w, https:\/\/www.ornithologies.fr\/blog\/lesoiseauxdumonde\/wp-content\/uploads\/sites\/4\/lytho-kakariki-500x528.jpg 500w, https:\/\/www.ornithologies.fr\/blog\/lesoiseauxdumonde\/wp-content\/uploads\/sites\/4\/lytho-kakariki-768x812.jpg 768w, https:\/\/www.ornithologies.fr\/blog\/lesoiseauxdumonde\/wp-content\/uploads\/sites\/4\/lytho-kakariki.jpg 969w, https:\/\/www.ornithologies.fr\/blog\/lesoiseauxdumonde\/wp-content\/uploads\/sites\/4\/lytho-kakariki-600x634.jpg 600w, https:\/\/www.ornithologies.fr\/blog\/lesoiseauxdumonde\/wp-content\/uploads\/sites\/4\/lytho-kakariki-300x317.jpg 300w\" sizes=\"auto, (max-width: 284px) 100vw, 284px\" \/><\/a><\/div><\/div><div class=\"su-image-carousel-item\"><div class=\"su-image-carousel-item-content\"><a href=\"https:\/\/www.ornithologies.fr\/blog\/lesoiseauxdumonde\/la-trichomonose-du-canari\/\" data-caption=\"La Trichomonose du Canari\"><img loading=\"lazy\" decoding=\"async\" width=\"211\" height=\"300\" src=\"https:\/\/www.ornithologies.fr\/blog\/lesoiseauxdumonde\/wp-content\/uploads\/sites\/4\/Canari-isabelle-jaune-intensif-211x300.jpg\" class=\"\" alt=\"\" srcset=\"https:\/\/www.ornithologies.fr\/blog\/lesoiseauxdumonde\/wp-content\/uploads\/sites\/4\/Canari-isabelle-jaune-intensif-211x300.jpg 211w, https:\/\/www.ornithologies.fr\/blog\/lesoiseauxdumonde\/wp-content\/uploads\/sites\/4\/Canari-isabelle-jaune-intensif-454x647.jpg 454w, https:\/\/www.ornithologies.fr\/blog\/lesoiseauxdumonde\/wp-content\/uploads\/sites\/4\/Canari-isabelle-jaune-intensif.jpg 719w, https:\/\/www.ornithologies.fr\/blog\/lesoiseauxdumonde\/wp-content\/uploads\/sites\/4\/Canari-isabelle-jaune-intensif-600x855.jpg 600w, https:\/\/www.ornithologies.fr\/blog\/lesoiseauxdumonde\/wp-content\/uploads\/sites\/4\/Canari-isabelle-jaune-intensif-223x317.jpg 223w\" sizes=\"auto, (max-width: 211px) 100vw, 211px\" \/><\/a><\/div><\/div><div class=\"su-image-carousel-item\"><div class=\"su-image-carousel-item-content\"><a href=\"https:\/\/www.ornithologies.fr\/blog\/lesoiseauxdumonde\/les-becs-croises\/\" data-caption=\"Les Becs-crois\u00e9s\"><img loading=\"lazy\" decoding=\"async\" width=\"209\" height=\"300\" src=\"https:\/\/www.ornithologies.fr\/blog\/lesoiseauxdumonde\/wp-content\/uploads\/sites\/4\/Beccroise-209x300.jpg\" class=\"\" alt=\"\" srcset=\"https:\/\/www.ornithologies.fr\/blog\/lesoiseauxdumonde\/wp-content\/uploads\/sites\/4\/Beccroise-209x300.jpg 209w, https:\/\/www.ornithologies.fr\/blog\/lesoiseauxdumonde\/wp-content\/uploads\/sites\/4\/Beccroise-450x647.jpg 450w, https:\/\/www.ornithologies.fr\/blog\/lesoiseauxdumonde\/wp-content\/uploads\/sites\/4\/Beccroise.jpg 713w, https:\/\/www.ornithologies.fr\/blog\/lesoiseauxdumonde\/wp-content\/uploads\/sites\/4\/Beccroise-600x862.jpg 600w, https:\/\/www.ornithologies.fr\/blog\/lesoiseauxdumonde\/wp-content\/uploads\/sites\/4\/Beccroise-221x317.jpg 221w\" sizes=\"auto, (max-width: 209px) 100vw, 209px\" \/><\/a><\/div><\/div><div class=\"su-image-carousel-item\"><div class=\"su-image-carousel-item-content\"><a href=\"https:\/\/www.ornithologies.fr\/blog\/lesoiseauxdumonde\/le-dernier-national-dantoine\/\" data-caption=\"Le dernier national d&rsquo;Antoine\"><img loading=\"lazy\" decoding=\"async\" width=\"300\" height=\"200\" src=\"https:\/\/www.ornithologies.fr\/blog\/lesoiseauxdumonde\/wp-content\/uploads\/sites\/4\/Antoine-Million-300x200.jpg\" class=\"\" alt=\"\" srcset=\"https:\/\/www.ornithologies.fr\/blog\/lesoiseauxdumonde\/wp-content\/uploads\/sites\/4\/Antoine-Million-300x200.jpg 300w, https:\/\/www.ornithologies.fr\/blog\/lesoiseauxdumonde\/wp-content\/uploads\/sites\/4\/Antoine-Million-500x333.jpg 500w, https:\/\/www.ornithologies.fr\/blog\/lesoiseauxdumonde\/wp-content\/uploads\/sites\/4\/Antoine-Million-768x511.jpg 768w, https:\/\/www.ornithologies.fr\/blog\/lesoiseauxdumonde\/wp-content\/uploads\/sites\/4\/Antoine-Million-600x399.jpg 600w, https:\/\/www.ornithologies.fr\/blog\/lesoiseauxdumonde\/wp-content\/uploads\/sites\/4\/Antoine-Million-477x317.jpg 477w, https:\/\/www.ornithologies.fr\/blog\/lesoiseauxdumonde\/wp-content\/uploads\/sites\/4\/Antoine-Million.jpg 800w\" sizes=\"auto, (max-width: 300px) 100vw, 300px\" \/><\/a><\/div><\/div><div class=\"su-image-carousel-item\"><div class=\"su-image-carousel-item-content\"><a href=\"https:\/\/www.ornithologies.fr\/blog\/lesoiseauxdumonde\/a-lecoute-des-maitres-chanteurs\/\" data-caption=\"\u00c0 l&rsquo;\u00e9coute des ma\u00eetres chanteurs\"><img loading=\"lazy\" decoding=\"async\" width=\"300\" height=\"228\" src=\"https:\/\/www.ornithologies.fr\/blog\/lesoiseauxdumonde\/wp-content\/uploads\/sites\/4\/Canari-Harz-300x228.jpg\" class=\"\" alt=\"\" srcset=\"https:\/\/www.ornithologies.fr\/blog\/lesoiseauxdumonde\/wp-content\/uploads\/sites\/4\/Canari-Harz-300x228.jpg 300w, https:\/\/www.ornithologies.fr\/blog\/lesoiseauxdumonde\/wp-content\/uploads\/sites\/4\/Canari-Harz-500x379.jpg 500w, https:\/\/www.ornithologies.fr\/blog\/lesoiseauxdumonde\/wp-content\/uploads\/sites\/4\/Canari-Harz-768x583.jpg 768w, https:\/\/www.ornithologies.fr\/blog\/lesoiseauxdumonde\/wp-content\/uploads\/sites\/4\/Canari-Harz-600x455.jpg 600w, https:\/\/www.ornithologies.fr\/blog\/lesoiseauxdumonde\/wp-content\/uploads\/sites\/4\/Canari-Harz-418x317.jpg 418w, https:\/\/www.ornithologies.fr\/blog\/lesoiseauxdumonde\/wp-content\/uploads\/sites\/4\/Canari-Harz.jpg 800w\" sizes=\"auto, (max-width: 300px) 100vw, 300px\" \/><\/a><\/div><\/div><div class=\"su-image-carousel-item\"><div class=\"su-image-carousel-item-content\"><a href=\"https:\/\/www.ornithologies.fr\/blog\/lesoiseauxdumonde\/le-perroquet-jaco-suite\/\" data-caption=\"Le Perroquet Jaco\"><img loading=\"lazy\" decoding=\"async\" width=\"280\" height=\"300\" src=\"https:\/\/www.ornithologies.fr\/blog\/lesoiseauxdumonde\/wp-content\/uploads\/sites\/4\/Jaco-2-280x300.jpg\" class=\"\" alt=\"\" srcset=\"https:\/\/www.ornithologies.fr\/blog\/lesoiseauxdumonde\/wp-content\/uploads\/sites\/4\/Jaco-2-280x300.jpg 280w, https:\/\/www.ornithologies.fr\/blog\/lesoiseauxdumonde\/wp-content\/uploads\/sites\/4\/Jaco-2-500x536.jpg 500w, https:\/\/www.ornithologies.fr\/blog\/lesoiseauxdumonde\/wp-content\/uploads\/sites\/4\/Jaco-2-768x823.jpg 768w, https:\/\/www.ornithologies.fr\/blog\/lesoiseauxdumonde\/wp-content\/uploads\/sites\/4\/Jaco-2.jpg 955w, https:\/\/www.ornithologies.fr\/blog\/lesoiseauxdumonde\/wp-content\/uploads\/sites\/4\/Jaco-2-600x643.jpg 600w, https:\/\/www.ornithologies.fr\/blog\/lesoiseauxdumonde\/wp-content\/uploads\/sites\/4\/Jaco-2-296x317.jpg 296w\" sizes=\"auto, (max-width: 280px) 100vw, 280px\" \/><\/a><\/div><\/div><\/div><script id=\"su_image_carousel_69f439b6a760a_script\">if(window.SUImageCarousel){setTimeout(function() {window.SUImageCarousel.initGallery(document.getElementById(\"su_image_carousel_69f439b6a760a\"))}, 0);}var su_image_carousel_69f439b6a760a_script=document.getElementById(\"su_image_carousel_69f439b6a760a_script\");if(su_image_carousel_69f439b6a760a_script){su_image_carousel_69f439b6a760a_script.parentNode.removeChild(su_image_carousel_69f439b6a760a_script);}<\/script>\n<h4>Recherche par th\u00e8me<\/h4>\n<div class=\"su-accordion su-u-trim\">\n<div class=\"su-spoiler su-spoiler-style-fancy su-spoiler-icon-arrow-circle-1 su-spoiler-closed\" data-scroll-offset=\"0\" data-anchor-in-url=\"no\"><div class=\"su-spoiler-title\" tabindex=\"0\" role=\"button\"><span class=\"su-spoiler-icon\"><\/span>Editos<\/div><div class=\"su-spoiler-content su-u-clearfix su-u-trim\">\n\n<div class=\"su-posts su-posts-default-loop \">\n\n\t\n\t\t\t\t\t\n\t\t\t\n\t\t\t<div id=\"su-post-4113\" class=\"su-post \">\n\n\t\t\t\t\t\t\t\t\t<a class=\"su-post-thumbnail\" href=\"https:\/\/www.ornithologies.fr\/blog\/lesoiseauxdumonde\/edito-par-pascal-dahlem\/\"><img loading=\"lazy\" decoding=\"async\" width=\"820\" height=\"960\" src=\"https:\/\/www.ornithologies.fr\/blog\/lesoiseauxdumonde\/wp-content\/uploads\/sites\/4\/Pascal-Dahlem-820x960.jpg\" class=\"attachment-post-thumbnail size-post-thumbnail wp-post-image\" alt=\"\" srcset=\"https:\/\/www.ornithologies.fr\/blog\/lesoiseauxdumonde\/wp-content\/uploads\/sites\/4\/Pascal-Dahlem-820x960.jpg 820w, https:\/\/www.ornithologies.fr\/blog\/lesoiseauxdumonde\/wp-content\/uploads\/sites\/4\/Pascal-Dahlem-256x300.jpg 256w, https:\/\/www.ornithologies.fr\/blog\/lesoiseauxdumonde\/wp-content\/uploads\/sites\/4\/Pascal-Dahlem-500x585.jpg 500w, https:\/\/www.ornithologies.fr\/blog\/lesoiseauxdumonde\/wp-content\/uploads\/sites\/4\/Pascal-Dahlem-768x899.jpg 768w, https:\/\/www.ornithologies.fr\/blog\/lesoiseauxdumonde\/wp-content\/uploads\/sites\/4\/Pascal-Dahlem-750x878.jpg 750w, https:\/\/www.ornithologies.fr\/blog\/lesoiseauxdumonde\/wp-content\/uploads\/sites\/4\/Pascal-Dahlem.jpg 875w\" sizes=\"auto, (max-width: 820px) 100vw, 820px\" \/><\/a>\n\t\t\t\t\n\t\t\t\t<h2 class=\"su-post-title\"><a href=\"https:\/\/www.ornithologies.fr\/blog\/lesoiseauxdumonde\/edito-par-pascal-dahlem\/\">\u00c9dito par Pascal Dahlem<\/a><\/h2>\n\n\t\t\t\t<div class=\"su-post-meta\">\n\t\t\t\t\tPubli\u00e9: 13 avril 2026\t\t\t\t<\/div>\n\n\t\t\t\t<div class=\"su-post-excerpt\">\n\t\t\t\t\t<p>Dans la vie associative, il arrive un moment o\u00f9 il faut savoir passer le relais pour continuer \u00e0 avancer. Apr\u00e8s vingt-huit ann\u00e9es \u00e0 la Pr\u00e9sidence de l\u2019Amicale des \u00c9leveurs de Canaris de Stiring-Wendel (AEC), j\u2019ai fait le choix de quitter cette fonction afin de me consacrer pleinement \u00e0 mes responsabilit\u00e9s de Pr\u00e9sident de la R\u00e9gion 7 et au d\u00e9fi important qui nous attend : l\u2019organisation du Championnat de France \u00e0 Saint-Avold les 28 et 29 novembre 2026.<\/p><p><a class=\"more-link btn\" href=\"https:\/\/www.ornithologies.fr\/blog\/lesoiseauxdumonde\/edito-par-pascal-dahlem\/\">Lire la suite<\/a><\/p>\n\t\t\t\t<\/div>\n\n\t\t\t\t\t\t\t\t\t<a href=\"https:\/\/www.ornithologies.fr\/blog\/lesoiseauxdumonde\/edito-par-pascal-dahlem\/#respond\" class=\"su-post-comments-link\">0 commentaire<\/a>\n\t\t\t\t\n\t\t\t<\/div>\n\n\t\t\t\t\t\n\t\t\t\n\t\t\t<div id=\"su-post-4092\" class=\"su-post \">\n\n\t\t\t\t\t\t\t\t\t<a class=\"su-post-thumbnail\" href=\"https:\/\/www.ornithologies.fr\/blog\/lesoiseauxdumonde\/edito-par-bernardino-yeves\/\"><img loading=\"lazy\" decoding=\"async\" width=\"820\" height=\"960\" src=\"https:\/\/www.ornithologies.fr\/blog\/lesoiseauxdumonde\/wp-content\/uploads\/sites\/4\/Bernardino-Yeves-820x960.jpg\" class=\"attachment-post-thumbnail size-post-thumbnail wp-post-image\" alt=\"\" srcset=\"https:\/\/www.ornithologies.fr\/blog\/lesoiseauxdumonde\/wp-content\/uploads\/sites\/4\/Bernardino-Yeves-820x960.jpg 820w, https:\/\/www.ornithologies.fr\/blog\/lesoiseauxdumonde\/wp-content\/uploads\/sites\/4\/Bernardino-Yeves-256x300.jpg 256w, https:\/\/www.ornithologies.fr\/blog\/lesoiseauxdumonde\/wp-content\/uploads\/sites\/4\/Bernardino-Yeves-500x585.jpg 500w, https:\/\/www.ornithologies.fr\/blog\/lesoiseauxdumonde\/wp-content\/uploads\/sites\/4\/Bernardino-Yeves-768x899.jpg 768w, https:\/\/www.ornithologies.fr\/blog\/lesoiseauxdumonde\/wp-content\/uploads\/sites\/4\/Bernardino-Yeves-750x878.jpg 750w, https:\/\/www.ornithologies.fr\/blog\/lesoiseauxdumonde\/wp-content\/uploads\/sites\/4\/Bernardino-Yeves.jpg 875w\" sizes=\"auto, (max-width: 820px) 100vw, 820px\" \/><\/a>\n\t\t\t\t\n\t\t\t\t<h2 class=\"su-post-title\"><a href=\"https:\/\/www.ornithologies.fr\/blog\/lesoiseauxdumonde\/edito-par-bernardino-yeves\/\">\u00c9dito par Bernardino Yeves<\/a><\/h2>\n\n\t\t\t\t<div class=\"su-post-meta\">\n\t\t\t\t\tPubli\u00e9: 10 mars 2026\t\t\t\t<\/div>\n\n\t\t\t\t<div class=\"su-post-excerpt\">\n\t\t\t\t\t<p>Dans le contexte mondial actuel, marqu\u00e9 par les guerres et les tensions internationales, nous, modestes \u00e9leveurs d\u2019oiseaux domestiques (du latin domus, signifiant maison), nous nous consacrons \u00e0 l\u2019\u00e9levage et au soin des oiseaux chez nous. C\u2019est une activit\u00e9 \u00e0 laquelle nous consacrons la majeure partie de notre temps libre avec amour et le plus grand soin, anim\u00e9s par une v\u00e9ritable passion.<\/p><p><a class=\"more-link btn\" href=\"https:\/\/www.ornithologies.fr\/blog\/lesoiseauxdumonde\/edito-par-bernardino-yeves\/\">Lire la suite<\/a><\/p>\n\t\t\t\t<\/div>\n\n\t\t\t\t\t\t\t\t\t<a href=\"https:\/\/www.ornithologies.fr\/blog\/lesoiseauxdumonde\/edito-par-bernardino-yeves\/#respond\" class=\"su-post-comments-link\">0 commentaire<\/a>\n\t\t\t\t\n\t\t\t<\/div>\n\n\t\t\t\t\t\n\t\t\t\n\t\t\t<div id=\"su-post-4062\" class=\"su-post \">\n\n\t\t\t\t\t\t\t\t\t<a class=\"su-post-thumbnail\" href=\"https:\/\/www.ornithologies.fr\/blog\/lesoiseauxdumonde\/edito-par-sonia-haensel-2\/\"><img loading=\"lazy\" decoding=\"async\" width=\"820\" height=\"960\" src=\"https:\/\/www.ornithologies.fr\/blog\/lesoiseauxdumonde\/wp-content\/uploads\/sites\/4\/Sonia-Haensel-820x960.jpg\" class=\"attachment-post-thumbnail size-post-thumbnail wp-post-image\" alt=\"\" srcset=\"https:\/\/www.ornithologies.fr\/blog\/lesoiseauxdumonde\/wp-content\/uploads\/sites\/4\/Sonia-Haensel-820x960.jpg 820w, https:\/\/www.ornithologies.fr\/blog\/lesoiseauxdumonde\/wp-content\/uploads\/sites\/4\/Sonia-Haensel-256x300.jpg 256w, https:\/\/www.ornithologies.fr\/blog\/lesoiseauxdumonde\/wp-content\/uploads\/sites\/4\/Sonia-Haensel-500x585.jpg 500w, https:\/\/www.ornithologies.fr\/blog\/lesoiseauxdumonde\/wp-content\/uploads\/sites\/4\/Sonia-Haensel-768x899.jpg 768w, https:\/\/www.ornithologies.fr\/blog\/lesoiseauxdumonde\/wp-content\/uploads\/sites\/4\/Sonia-Haensel-750x878.jpg 750w, https:\/\/www.ornithologies.fr\/blog\/lesoiseauxdumonde\/wp-content\/uploads\/sites\/4\/Sonia-Haensel.jpg 875w\" sizes=\"auto, (max-width: 820px) 100vw, 820px\" \/><\/a>\n\t\t\t\t\n\t\t\t\t<h2 class=\"su-post-title\"><a href=\"https:\/\/www.ornithologies.fr\/blog\/lesoiseauxdumonde\/edito-par-sonia-haensel-2\/\">\u00c9dito par Sonia Haensel<\/a><\/h2>\n\n\t\t\t\t<div class=\"su-post-meta\">\n\t\t\t\t\tPubli\u00e9: 11 f\u00e9vrier 2026\t\t\t\t<\/div>\n\n\t\t\t\t<div class=\"su-post-excerpt\">\n\t\t\t\t\t<p>Tout d\u2019abord, je voudrais remercier tous les participants au Mondial et surtout f\u00e9liciter chaleureusement tous les M\u00e9daill\u00e9s. La participation fran\u00e7aise a \u00e9t\u00e9 tr\u00e8s forte et nous a permis de nous hisser \u00e0 la troisi\u00e8me place au niveau du nombre de m\u00e9dailles obtenues. F\u00c9LICITATIONS \u00e0 tous !<\/p><p><a class=\"more-link btn\" href=\"https:\/\/www.ornithologies.fr\/blog\/lesoiseauxdumonde\/edito-par-sonia-haensel-2\/\">Lire la suite<\/a><\/p>\n\t\t\t\t<\/div>\n\n\t\t\t\t\t\t\t\t\t<a href=\"https:\/\/www.ornithologies.fr\/blog\/lesoiseauxdumonde\/edito-par-sonia-haensel-2\/#comments\" class=\"su-post-comments-link\">1 commentaire<\/a>\n\t\t\t\t\n\t\t\t<\/div>\n\n\t\t\t\t\t\n\t\t\t\n\t\t\t<div id=\"su-post-4041\" class=\"su-post \">\n\n\t\t\t\t\t\t\t\t\t<a class=\"su-post-thumbnail\" href=\"https:\/\/www.ornithologies.fr\/blog\/lesoiseauxdumonde\/edito-par-daniel-hans-3\/\"><img loading=\"lazy\" decoding=\"async\" width=\"820\" height=\"960\" src=\"https:\/\/www.ornithologies.fr\/blog\/lesoiseauxdumonde\/wp-content\/uploads\/sites\/4\/Daniel-HANS-2-820x960.jpg\" class=\"attachment-post-thumbnail size-post-thumbnail wp-post-image\" alt=\"\" srcset=\"https:\/\/www.ornithologies.fr\/blog\/lesoiseauxdumonde\/wp-content\/uploads\/sites\/4\/Daniel-HANS-2-820x960.jpg 820w, https:\/\/www.ornithologies.fr\/blog\/lesoiseauxdumonde\/wp-content\/uploads\/sites\/4\/Daniel-HANS-2-256x300.jpg 256w, https:\/\/www.ornithologies.fr\/blog\/lesoiseauxdumonde\/wp-content\/uploads\/sites\/4\/Daniel-HANS-2-500x585.jpg 500w, https:\/\/www.ornithologies.fr\/blog\/lesoiseauxdumonde\/wp-content\/uploads\/sites\/4\/Daniel-HANS-2-768x899.jpg 768w, https:\/\/www.ornithologies.fr\/blog\/lesoiseauxdumonde\/wp-content\/uploads\/sites\/4\/Daniel-HANS-2-750x878.jpg 750w, https:\/\/www.ornithologies.fr\/blog\/lesoiseauxdumonde\/wp-content\/uploads\/sites\/4\/Daniel-HANS-2.jpg 875w\" sizes=\"auto, (max-width: 820px) 100vw, 820px\" \/><\/a>\n\t\t\t\t\n\t\t\t\t<h2 class=\"su-post-title\"><a href=\"https:\/\/www.ornithologies.fr\/blog\/lesoiseauxdumonde\/edito-par-daniel-hans-3\/\">\u00c9dito par Daniel Hans<\/a><\/h2>\n\n\t\t\t\t<div class=\"su-post-meta\">\n\t\t\t\t\tPubli\u00e9: 15 janvier 2026\t\t\t\t<\/div>\n\n\t\t\t\t<div class=\"su-post-excerpt\">\n\t\t\t\t\t<p>M\u00eame si les v\u0153ux ont d\u00e9j\u00e0 largement circul\u00e9, permettez-moi, au nom du bureau et en mon nom personnel, de vous adresser \u00e0 nouveau tous mes v\u0153ux pour cette nouvelle ann\u00e9e. Qu\u2019elle vous garde avant tout en bonne sant\u00e9, qu\u2019elle soit riche de joies, de belles satisfactions et de nombreux moments de bonheur partag\u00e9s&#8230;<\/p><p><a class=\"more-link btn\" href=\"https:\/\/www.ornithologies.fr\/blog\/lesoiseauxdumonde\/edito-par-daniel-hans-3\/\">Lire la suite<\/a><\/p>\n\t\t\t\t<\/div>\n\n\t\t\t\t\t\t\t\t\t<a href=\"https:\/\/www.ornithologies.fr\/blog\/lesoiseauxdumonde\/edito-par-daniel-hans-3\/#respond\" class=\"su-post-comments-link\">0 commentaire<\/a>\n\t\t\t\t\n\t\t\t<\/div>\n\n\t\t\t\t\t\n\t\t\t\n\t\t\t<div id=\"su-post-4002\" class=\"su-post \">\n\n\t\t\t\t\t\t\t\t\t<a class=\"su-post-thumbnail\" href=\"https:\/\/www.ornithologies.fr\/blog\/lesoiseauxdumonde\/edito-par-pierre-channoy-3\/\"><img loading=\"lazy\" decoding=\"async\" width=\"820\" height=\"960\" src=\"https:\/\/www.ornithologies.fr\/blog\/lesoiseauxdumonde\/wp-content\/uploads\/sites\/4\/Pierre-Channoy-7-820x960.jpg\" class=\"attachment-post-thumbnail size-post-thumbnail wp-post-image\" alt=\"\" srcset=\"https:\/\/www.ornithologies.fr\/blog\/lesoiseauxdumonde\/wp-content\/uploads\/sites\/4\/Pierre-Channoy-7-820x960.jpg 820w, https:\/\/www.ornithologies.fr\/blog\/lesoiseauxdumonde\/wp-content\/uploads\/sites\/4\/Pierre-Channoy-7-256x300.jpg 256w, https:\/\/www.ornithologies.fr\/blog\/lesoiseauxdumonde\/wp-content\/uploads\/sites\/4\/Pierre-Channoy-7-500x585.jpg 500w, https:\/\/www.ornithologies.fr\/blog\/lesoiseauxdumonde\/wp-content\/uploads\/sites\/4\/Pierre-Channoy-7-768x899.jpg 768w, https:\/\/www.ornithologies.fr\/blog\/lesoiseauxdumonde\/wp-content\/uploads\/sites\/4\/Pierre-Channoy-7-750x878.jpg 750w, https:\/\/www.ornithologies.fr\/blog\/lesoiseauxdumonde\/wp-content\/uploads\/sites\/4\/Pierre-Channoy-7.jpg 875w\" sizes=\"auto, (max-width: 820px) 100vw, 820px\" \/><\/a>\n\t\t\t\t\n\t\t\t\t<h2 class=\"su-post-title\"><a href=\"https:\/\/www.ornithologies.fr\/blog\/lesoiseauxdumonde\/edito-par-pierre-channoy-3\/\">\u00c9dito par Pierre Channoy<\/a><\/h2>\n\n\t\t\t\t<div class=\"su-post-meta\">\n\t\t\t\t\tPubli\u00e9: 12 d\u00e9cembre 2025\t\t\t\t<\/div>\n\n\t\t\t\t<div class=\"su-post-excerpt\">\n\t\t\t\t\t<p>Le National de Ronchamp vient de se terminer et il faut remercier l\u2019ensemble des b\u00e9n\u00e9voles, des sponsors et notre f\u00e9d\u00e9ration pour avoir permis que se tienne un tel rendez-vous annuel malgr\u00e9 les difficult\u00e9s inh\u00e9rentes \u00e0 l\u2019organisation d\u2019une telle rencontre&#8230;<\/p><p><a class=\"more-link btn\" href=\"https:\/\/www.ornithologies.fr\/blog\/lesoiseauxdumonde\/edito-par-pierre-channoy-3\/\">Lire la suite<\/a><\/p>\n\t\t\t\t<\/div>\n\n\t\t\t\t\t\t\t\t\t<a href=\"https:\/\/www.ornithologies.fr\/blog\/lesoiseauxdumonde\/edito-par-pierre-channoy-3\/#comments\" class=\"su-post-comments-link\">1 commentaire<\/a>\n\t\t\t\t\n\t\t\t<\/div>\n\n\t\t\t\t\t\n\t\t\t\n\t\t\t<div id=\"su-post-3981\" class=\"su-post \">\n\n\t\t\t\t\t\t\t\t\t<a class=\"su-post-thumbnail\" href=\"https:\/\/www.ornithologies.fr\/blog\/lesoiseauxdumonde\/edito-par-francois-gerardin\/\"><img loading=\"lazy\" decoding=\"async\" width=\"820\" height=\"960\" src=\"https:\/\/www.ornithologies.fr\/blog\/lesoiseauxdumonde\/wp-content\/uploads\/sites\/4\/Francois-Gerardin-1-820x960.jpg\" class=\"attachment-post-thumbnail size-post-thumbnail wp-post-image\" alt=\"\" srcset=\"https:\/\/www.ornithologies.fr\/blog\/lesoiseauxdumonde\/wp-content\/uploads\/sites\/4\/Francois-Gerardin-1-820x960.jpg 820w, https:\/\/www.ornithologies.fr\/blog\/lesoiseauxdumonde\/wp-content\/uploads\/sites\/4\/Francois-Gerardin-1-256x300.jpg 256w, https:\/\/www.ornithologies.fr\/blog\/lesoiseauxdumonde\/wp-content\/uploads\/sites\/4\/Francois-Gerardin-1-500x585.jpg 500w, https:\/\/www.ornithologies.fr\/blog\/lesoiseauxdumonde\/wp-content\/uploads\/sites\/4\/Francois-Gerardin-1-768x899.jpg 768w, https:\/\/www.ornithologies.fr\/blog\/lesoiseauxdumonde\/wp-content\/uploads\/sites\/4\/Francois-Gerardin-1-750x878.jpg 750w, https:\/\/www.ornithologies.fr\/blog\/lesoiseauxdumonde\/wp-content\/uploads\/sites\/4\/Francois-Gerardin-1.jpg 875w\" sizes=\"auto, (max-width: 820px) 100vw, 820px\" \/><\/a>\n\t\t\t\t\n\t\t\t\t<h2 class=\"su-post-title\"><a href=\"https:\/\/www.ornithologies.fr\/blog\/lesoiseauxdumonde\/edito-par-francois-gerardin\/\">\u00c9dito par Fran\u00e7ois G\u00e9rardin<\/a><\/h2>\n\n\t\t\t\t<div class=\"su-post-meta\">\n\t\t\t\t\tPubli\u00e9: 13 novembre 2025\t\t\t\t<\/div>\n\n\t\t\t\t<div class=\"su-post-excerpt\">\n\t\t\t\t\t<p>Faute de candidature, Daniel HANS, courant janvier, m\u2019a sollicit\u00e9 pour, \u00e0 nouveau, organiser le Championnat de France dans la Filature de RONCHAMP. Celui de 2023, malgr\u00e9 quelques imperfections, s\u2019\u00e9tait malgr\u00e9 tout bien d\u00e9roul\u00e9&#8230;<\/p><p><a class=\"more-link btn\" href=\"https:\/\/www.ornithologies.fr\/blog\/lesoiseauxdumonde\/edito-par-francois-gerardin\/\">Lire la suite<\/a><\/p>\n\t\t\t\t<\/div>\n\n\t\t\t\t\t\t\t\t\t<a href=\"https:\/\/www.ornithologies.fr\/blog\/lesoiseauxdumonde\/edito-par-francois-gerardin\/#comments\" class=\"su-post-comments-link\">1 commentaire<\/a>\n\t\t\t\t\n\t\t\t<\/div>\n\n\t\t\t\t\t\n\t\t\t\n\t\t\t<div id=\"su-post-3954\" class=\"su-post \">\n\n\t\t\t\t\t\t\t\t\t<a class=\"su-post-thumbnail\" href=\"https:\/\/www.ornithologies.fr\/blog\/lesoiseauxdumonde\/edito-par-gilbert-bernard\/\"><img loading=\"lazy\" decoding=\"async\" width=\"820\" height=\"960\" src=\"https:\/\/www.ornithologies.fr\/blog\/lesoiseauxdumonde\/wp-content\/uploads\/sites\/4\/Gilbert-Bernard-820x960.jpg\" class=\"attachment-post-thumbnail size-post-thumbnail wp-post-image\" alt=\"\" srcset=\"https:\/\/www.ornithologies.fr\/blog\/lesoiseauxdumonde\/wp-content\/uploads\/sites\/4\/Gilbert-Bernard-820x960.jpg 820w, https:\/\/www.ornithologies.fr\/blog\/lesoiseauxdumonde\/wp-content\/uploads\/sites\/4\/Gilbert-Bernard-256x300.jpg 256w, https:\/\/www.ornithologies.fr\/blog\/lesoiseauxdumonde\/wp-content\/uploads\/sites\/4\/Gilbert-Bernard-500x585.jpg 500w, https:\/\/www.ornithologies.fr\/blog\/lesoiseauxdumonde\/wp-content\/uploads\/sites\/4\/Gilbert-Bernard-768x899.jpg 768w, https:\/\/www.ornithologies.fr\/blog\/lesoiseauxdumonde\/wp-content\/uploads\/sites\/4\/Gilbert-Bernard-750x878.jpg 750w, https:\/\/www.ornithologies.fr\/blog\/lesoiseauxdumonde\/wp-content\/uploads\/sites\/4\/Gilbert-Bernard.jpg 875w\" sizes=\"auto, (max-width: 820px) 100vw, 820px\" \/><\/a>\n\t\t\t\t\n\t\t\t\t<h2 class=\"su-post-title\"><a href=\"https:\/\/www.ornithologies.fr\/blog\/lesoiseauxdumonde\/edito-par-gilbert-bernard\/\">\u00c9dito par Gilbert Bernard<\/a><\/h2>\n\n\t\t\t\t<div class=\"su-post-meta\">\n\t\t\t\t\tPubli\u00e9: 7 octobre 2025\t\t\t\t<\/div>\n\n\t\t\t\t<div class=\"su-post-excerpt\">\n\t\t\t\t\t<p>Pierre CHANNOY m\u2019a contact\u00e9 pour r\u00e9diger l\u2019\u00e9ditorial de la revue \u00ab Les Oiseaux du Monde \u00bb, je le remercie. J\u2019ai accept\u00e9 bien que je pr\u00e9f\u00e8re rester dans l\u2019ombre ce qui est plus confortable pour moi.<\/p><p><a class=\"more-link btn\" href=\"https:\/\/www.ornithologies.fr\/blog\/lesoiseauxdumonde\/edito-par-gilbert-bernard\/\">Lire la suite<\/a><\/p>\n\t\t\t\t<\/div>\n\n\t\t\t\t\t\t\t\t\t<a href=\"https:\/\/www.ornithologies.fr\/blog\/lesoiseauxdumonde\/edito-par-gilbert-bernard\/#respond\" class=\"su-post-comments-link\">0 commentaire<\/a>\n\t\t\t\t\n\t\t\t<\/div>\n\n\t\t\t\t\t\n\t\t\t\n\t\t\t<div id=\"su-post-3924\" class=\"su-post \">\n\n\t\t\t\t\t\t\t\t\t<a class=\"su-post-thumbnail\" href=\"https:\/\/www.ornithologies.fr\/blog\/lesoiseauxdumonde\/edito-par-guy-doumergue\/\"><img loading=\"lazy\" decoding=\"async\" width=\"820\" height=\"960\" src=\"https:\/\/www.ornithologies.fr\/blog\/lesoiseauxdumonde\/wp-content\/uploads\/sites\/4\/Guy-Doumergue-2-820x960.jpg\" class=\"attachment-post-thumbnail size-post-thumbnail wp-post-image\" alt=\"\" srcset=\"https:\/\/www.ornithologies.fr\/blog\/lesoiseauxdumonde\/wp-content\/uploads\/sites\/4\/Guy-Doumergue-2-820x960.jpg 820w, https:\/\/www.ornithologies.fr\/blog\/lesoiseauxdumonde\/wp-content\/uploads\/sites\/4\/Guy-Doumergue-2-256x300.jpg 256w, https:\/\/www.ornithologies.fr\/blog\/lesoiseauxdumonde\/wp-content\/uploads\/sites\/4\/Guy-Doumergue-2-500x585.jpg 500w, https:\/\/www.ornithologies.fr\/blog\/lesoiseauxdumonde\/wp-content\/uploads\/sites\/4\/Guy-Doumergue-2-768x899.jpg 768w, https:\/\/www.ornithologies.fr\/blog\/lesoiseauxdumonde\/wp-content\/uploads\/sites\/4\/Guy-Doumergue-2-750x878.jpg 750w, https:\/\/www.ornithologies.fr\/blog\/lesoiseauxdumonde\/wp-content\/uploads\/sites\/4\/Guy-Doumergue-2.jpg 875w\" sizes=\"auto, (max-width: 820px) 100vw, 820px\" \/><\/a>\n\t\t\t\t\n\t\t\t\t<h2 class=\"su-post-title\"><a href=\"https:\/\/www.ornithologies.fr\/blog\/lesoiseauxdumonde\/edito-par-guy-doumergue\/\">\u00c9dito par Guy Doumergue<\/a><\/h2>\n\n\t\t\t\t<div class=\"su-post-meta\">\n\t\t\t\t\tPubli\u00e9: 15 septembre 2025\t\t\t\t<\/div>\n\n\t\t\t\t<div class=\"su-post-excerpt\">\n\t\t\t\t\t<p>Objectif Mondial 2028 \u00e0 Colmar<br \/>\nC\u2019est pour moi un grand honneur que d\u2019int\u00e9grer notre bureau national dans la nouvelle \u00e9quipe constitu\u00e9e autour et par Daniel Hans, r\u00e9\u00e9lu pr\u00e9sident de l\u2019UOF (COM France) lors du congr\u00e8s 2025 de Landerneau le 3 mai dernier, et ce pour les trois ann\u00e9es \u00e0 venir.<\/p><p><a class=\"more-link btn\" href=\"https:\/\/www.ornithologies.fr\/blog\/lesoiseauxdumonde\/edito-par-guy-doumergue\/\">Lire la suite<\/a><\/p>\n\t\t\t\t<\/div>\n\n\t\t\t\t\t\t\t\t\t<a href=\"https:\/\/www.ornithologies.fr\/blog\/lesoiseauxdumonde\/edito-par-guy-doumergue\/#respond\" class=\"su-post-comments-link\">0 commentaire<\/a>\n\t\t\t\t\n\t\t\t<\/div>\n\n\t\t\t\t\t\n\t\t\t\n\t\t\t<div id=\"su-post-3860\" class=\"su-post \">\n\n\t\t\t\t\t\t\t\t\t<a class=\"su-post-thumbnail\" href=\"https:\/\/www.ornithologies.fr\/blog\/lesoiseauxdumonde\/edito-par-daniel-hans-2\/\"><img loading=\"lazy\" decoding=\"async\" width=\"820\" height=\"960\" src=\"https:\/\/www.ornithologies.fr\/blog\/lesoiseauxdumonde\/wp-content\/uploads\/sites\/4\/Daniel-Hans-4-820x960.jpg\" class=\"attachment-post-thumbnail size-post-thumbnail wp-post-image\" alt=\"\" srcset=\"https:\/\/www.ornithologies.fr\/blog\/lesoiseauxdumonde\/wp-content\/uploads\/sites\/4\/Daniel-Hans-4-820x960.jpg 820w, https:\/\/www.ornithologies.fr\/blog\/lesoiseauxdumonde\/wp-content\/uploads\/sites\/4\/Daniel-Hans-4-256x300.jpg 256w, https:\/\/www.ornithologies.fr\/blog\/lesoiseauxdumonde\/wp-content\/uploads\/sites\/4\/Daniel-Hans-4-500x585.jpg 500w, https:\/\/www.ornithologies.fr\/blog\/lesoiseauxdumonde\/wp-content\/uploads\/sites\/4\/Daniel-Hans-4-768x899.jpg 768w, https:\/\/www.ornithologies.fr\/blog\/lesoiseauxdumonde\/wp-content\/uploads\/sites\/4\/Daniel-Hans-4-750x878.jpg 750w, https:\/\/www.ornithologies.fr\/blog\/lesoiseauxdumonde\/wp-content\/uploads\/sites\/4\/Daniel-Hans-4.jpg 875w\" sizes=\"auto, (max-width: 820px) 100vw, 820px\" \/><\/a>\n\t\t\t\t\n\t\t\t\t<h2 class=\"su-post-title\"><a href=\"https:\/\/www.ornithologies.fr\/blog\/lesoiseauxdumonde\/edito-par-daniel-hans-2\/\">\u00c9dito par Daniel Hans<\/a><\/h2>\n\n\t\t\t\t<div class=\"su-post-meta\">\n\t\t\t\t\tPubli\u00e9: 8 juillet 2025\t\t\t\t<\/div>\n\n\t\t\t\t<div class=\"su-post-excerpt\">\n\t\t\t\t\t<p>\u00c0 toutes et \u00e0 tous, une tr\u00e8s belle saison estivale !<br \/>\nC\u2019est avant tout le message que je souhaite vous adresser en ce d\u00e9but d\u2019\u00e9t\u00e9. Que cette p\u00e9riode vous offre un peu de r\u00e9pit et de ressourcement car elle passera vite, et d\u00e9j\u00e0 se profilent \u00e0 l\u2019horizon les expositions et concours de la rentr\u00e9e.<\/p><p><a class=\"more-link btn\" href=\"https:\/\/www.ornithologies.fr\/blog\/lesoiseauxdumonde\/edito-par-daniel-hans-2\/\">Lire la suite<\/a><\/p>\n\t\t\t\t<\/div>\n\n\t\t\t\t\t\t\t\t\t<a href=\"https:\/\/www.ornithologies.fr\/blog\/lesoiseauxdumonde\/edito-par-daniel-hans-2\/#respond\" class=\"su-post-comments-link\">0 commentaire<\/a>\n\t\t\t\t\n\t\t\t<\/div>\n\n\t\t\t\t\t\n\t\t\t\n\t\t\t<div id=\"su-post-3820\" class=\"su-post \">\n\n\t\t\t\t\t\t\t\t\t<a class=\"su-post-thumbnail\" href=\"https:\/\/www.ornithologies.fr\/blog\/lesoiseauxdumonde\/edito-par-sonia-haensel\/\"><img loading=\"lazy\" decoding=\"async\" width=\"820\" height=\"960\" src=\"https:\/\/www.ornithologies.fr\/blog\/lesoiseauxdumonde\/wp-content\/uploads\/sites\/4\/Sonia-Haensel-820x960.jpg\" class=\"attachment-post-thumbnail size-post-thumbnail wp-post-image\" alt=\"\" srcset=\"https:\/\/www.ornithologies.fr\/blog\/lesoiseauxdumonde\/wp-content\/uploads\/sites\/4\/Sonia-Haensel-820x960.jpg 820w, https:\/\/www.ornithologies.fr\/blog\/lesoiseauxdumonde\/wp-content\/uploads\/sites\/4\/Sonia-Haensel-256x300.jpg 256w, https:\/\/www.ornithologies.fr\/blog\/lesoiseauxdumonde\/wp-content\/uploads\/sites\/4\/Sonia-Haensel-500x585.jpg 500w, https:\/\/www.ornithologies.fr\/blog\/lesoiseauxdumonde\/wp-content\/uploads\/sites\/4\/Sonia-Haensel-768x899.jpg 768w, https:\/\/www.ornithologies.fr\/blog\/lesoiseauxdumonde\/wp-content\/uploads\/sites\/4\/Sonia-Haensel-750x878.jpg 750w, https:\/\/www.ornithologies.fr\/blog\/lesoiseauxdumonde\/wp-content\/uploads\/sites\/4\/Sonia-Haensel.jpg 875w\" sizes=\"auto, (max-width: 820px) 100vw, 820px\" \/><\/a>\n\t\t\t\t\n\t\t\t\t<h2 class=\"su-post-title\"><a href=\"https:\/\/www.ornithologies.fr\/blog\/lesoiseauxdumonde\/edito-par-sonia-haensel\/\">\u00c9dito par Sonia Haensel<\/a><\/h2>\n\n\t\t\t\t<div class=\"su-post-meta\">\n\t\t\t\t\tPubli\u00e9: 6 mai 2025\t\t\t\t<\/div>\n\n\t\t\t\t<div class=\"su-post-excerpt\">\n\t\t\t\t\t<p>Pierre Channoy a souhait\u00e9 que je r\u00e9dige un \u00e9dito pour notre revue, un grand honneur pour moi.<br \/>\nMon nom ne vous est certainement pas inconnu. Je m\u2019appelle Sonia Haensel, j\u2019habite \u00e0 Strasbourg et j\u2019\u00e9l\u00e8ve des Diamants mandarins.<\/p><p><a class=\"more-link btn\" href=\"https:\/\/www.ornithologies.fr\/blog\/lesoiseauxdumonde\/edito-par-sonia-haensel\/\">Lire la suite<\/a><\/p>\n\t\t\t\t<\/div>\n\n\t\t\t\t\t\t\t\t\t<a href=\"https:\/\/www.ornithologies.fr\/blog\/lesoiseauxdumonde\/edito-par-sonia-haensel\/#respond\" class=\"su-post-comments-link\">0 commentaire<\/a>\n\t\t\t\t\n\t\t\t<\/div>\n\n\t\t\t\t\t\n\t\t\t\n\t\t\t<div id=\"su-post-3785\" class=\"su-post \">\n\n\t\t\t\t\t\t\t\t\t<a class=\"su-post-thumbnail\" href=\"https:\/\/www.ornithologies.fr\/blog\/lesoiseauxdumonde\/edito-par-damien-lemaitre\/\"><img loading=\"lazy\" decoding=\"async\" width=\"820\" height=\"960\" src=\"https:\/\/www.ornithologies.fr\/blog\/lesoiseauxdumonde\/wp-content\/uploads\/sites\/4\/Damien-Lemaitre-820x960.jpg\" class=\"attachment-post-thumbnail size-post-thumbnail wp-post-image\" alt=\"\" srcset=\"https:\/\/www.ornithologies.fr\/blog\/lesoiseauxdumonde\/wp-content\/uploads\/sites\/4\/Damien-Lemaitre-820x960.jpg 820w, https:\/\/www.ornithologies.fr\/blog\/lesoiseauxdumonde\/wp-content\/uploads\/sites\/4\/Damien-Lemaitre-256x300.jpg 256w, https:\/\/www.ornithologies.fr\/blog\/lesoiseauxdumonde\/wp-content\/uploads\/sites\/4\/Damien-Lemaitre-500x585.jpg 500w, https:\/\/www.ornithologies.fr\/blog\/lesoiseauxdumonde\/wp-content\/uploads\/sites\/4\/Damien-Lemaitre-768x899.jpg 768w, https:\/\/www.ornithologies.fr\/blog\/lesoiseauxdumonde\/wp-content\/uploads\/sites\/4\/Damien-Lemaitre-750x878.jpg 750w, https:\/\/www.ornithologies.fr\/blog\/lesoiseauxdumonde\/wp-content\/uploads\/sites\/4\/Damien-Lemaitre.jpg 875w\" sizes=\"auto, (max-width: 820px) 100vw, 820px\" \/><\/a>\n\t\t\t\t\n\t\t\t\t<h2 class=\"su-post-title\"><a href=\"https:\/\/www.ornithologies.fr\/blog\/lesoiseauxdumonde\/edito-par-damien-lemaitre\/\">\u00c9dito par Damien Lema\u00eetre<\/a><\/h2>\n\n\t\t\t\t<div class=\"su-post-meta\">\n\t\t\t\t\tPubli\u00e9: 3 avril 2025\t\t\t\t<\/div>\n\n\t\t\t\t<div class=\"su-post-excerpt\">\n\t\t\t\t\t<p>Pour ceux qui ne me connaissent pas, permettez-moi tout d&rsquo;abord de me pr\u00e9senter rapidement : Damien Lema\u00eetre, j&rsquo;ai 46 ans, je suis originaire et je vis sur la r\u00e9gion de Dunkerque dans le Nord. Je suis \u00e9leveur de canaris de couleurs et membre du club UOF (COM France) Canari Club Somainois. En 2023, je suis devenu responsable convoyage pour la COM France en prenant la suite de Guy Doumergue.<\/p><p><a class=\"more-link btn\" href=\"https:\/\/www.ornithologies.fr\/blog\/lesoiseauxdumonde\/edito-par-damien-lemaitre\/\">Lire la suite<\/a><\/p>\n\t\t\t\t<\/div>\n\n\t\t\t\t\t\t\t\t\t<a href=\"https:\/\/www.ornithologies.fr\/blog\/lesoiseauxdumonde\/edito-par-damien-lemaitre\/#comments\" class=\"su-post-comments-link\">1 commentaire<\/a>\n\t\t\t\t\n\t\t\t<\/div>\n\n\t\t\t\t\t\n\t\t\t\n\t\t\t<div id=\"su-post-3745\" class=\"su-post \">\n\n\t\t\t\t\t\t\t\t\t<a class=\"su-post-thumbnail\" href=\"https:\/\/www.ornithologies.fr\/blog\/lesoiseauxdumonde\/edito-par-joao-liberado\/\"><img loading=\"lazy\" decoding=\"async\" width=\"820\" height=\"960\" src=\"https:\/\/www.ornithologies.fr\/blog\/lesoiseauxdumonde\/wp-content\/uploads\/sites\/4\/Joao-Liberado-820x960.jpg\" class=\"attachment-post-thumbnail size-post-thumbnail wp-post-image\" alt=\"\" srcset=\"https:\/\/www.ornithologies.fr\/blog\/lesoiseauxdumonde\/wp-content\/uploads\/sites\/4\/Joao-Liberado-820x960.jpg 820w, https:\/\/www.ornithologies.fr\/blog\/lesoiseauxdumonde\/wp-content\/uploads\/sites\/4\/Joao-Liberado-256x300.jpg 256w, https:\/\/www.ornithologies.fr\/blog\/lesoiseauxdumonde\/wp-content\/uploads\/sites\/4\/Joao-Liberado-500x585.jpg 500w, https:\/\/www.ornithologies.fr\/blog\/lesoiseauxdumonde\/wp-content\/uploads\/sites\/4\/Joao-Liberado-768x899.jpg 768w, https:\/\/www.ornithologies.fr\/blog\/lesoiseauxdumonde\/wp-content\/uploads\/sites\/4\/Joao-Liberado-750x878.jpg 750w, https:\/\/www.ornithologies.fr\/blog\/lesoiseauxdumonde\/wp-content\/uploads\/sites\/4\/Joao-Liberado.jpg 875w\" sizes=\"auto, (max-width: 820px) 100vw, 820px\" \/><\/a>\n\t\t\t\t\n\t\t\t\t<h2 class=\"su-post-title\"><a href=\"https:\/\/www.ornithologies.fr\/blog\/lesoiseauxdumonde\/edito-par-joao-liberado\/\">\u00c9dito par Jo\u00e4o Liberado<\/a><\/h2>\n\n\t\t\t\t<div class=\"su-post-meta\">\n\t\t\t\t\tPubli\u00e9: 12 mars 2025\t\t\t\t<\/div>\n\n\t\t\t\t<div class=\"su-post-excerpt\">\n\t\t\t\t\t<p>Apr\u00e8s quelques ann\u00e9es difficiles, pand\u00e9mies et incertitudes \u00e0 la pr\u00e9sidence de l\u2019OMJ (Ordre Mondial des Juges : regroupement des juges ornithologiques internationaux), apr\u00e8s avoir re\u00e7u des appels de la part d\u2019amis et de quelques pays qui m\u2019ont incit\u00e9 \u00e0 poser ma candidature au poste de pr\u00e9sident de l\u2019OMJ, j\u2019ai d\u00e9cid\u00e9 de franchir le pas. <\/p><p><a class=\"more-link btn\" href=\"https:\/\/www.ornithologies.fr\/blog\/lesoiseauxdumonde\/edito-par-joao-liberado\/\">Lire la suite<\/a><\/p>\n\t\t\t\t<\/div>\n\n\t\t\t\t\t\t\t\t\t<a href=\"https:\/\/www.ornithologies.fr\/blog\/lesoiseauxdumonde\/edito-par-joao-liberado\/#comments\" class=\"su-post-comments-link\">1 commentaire<\/a>\n\t\t\t\t\n\t\t\t<\/div>\n\n\t\t\t\t\t\n\t\t\t\n\t\t\t<div id=\"su-post-3722\" class=\"su-post \">\n\n\t\t\t\t\t\t\t\t\t<a class=\"su-post-thumbnail\" href=\"https:\/\/www.ornithologies.fr\/blog\/lesoiseauxdumonde\/edito-par-thierry-duliere\/\"><img loading=\"lazy\" decoding=\"async\" width=\"820\" height=\"960\" src=\"https:\/\/www.ornithologies.fr\/blog\/lesoiseauxdumonde\/wp-content\/uploads\/sites\/4\/Thierry-Duliere-820x960.jpg\" class=\"attachment-post-thumbnail size-post-thumbnail wp-post-image\" alt=\"\" srcset=\"https:\/\/www.ornithologies.fr\/blog\/lesoiseauxdumonde\/wp-content\/uploads\/sites\/4\/Thierry-Duliere-820x960.jpg 820w, https:\/\/www.ornithologies.fr\/blog\/lesoiseauxdumonde\/wp-content\/uploads\/sites\/4\/Thierry-Duliere-256x300.jpg 256w, https:\/\/www.ornithologies.fr\/blog\/lesoiseauxdumonde\/wp-content\/uploads\/sites\/4\/Thierry-Duliere-500x585.jpg 500w, https:\/\/www.ornithologies.fr\/blog\/lesoiseauxdumonde\/wp-content\/uploads\/sites\/4\/Thierry-Duliere-768x899.jpg 768w, https:\/\/www.ornithologies.fr\/blog\/lesoiseauxdumonde\/wp-content\/uploads\/sites\/4\/Thierry-Duliere-750x878.jpg 750w, https:\/\/www.ornithologies.fr\/blog\/lesoiseauxdumonde\/wp-content\/uploads\/sites\/4\/Thierry-Duliere.jpg 875w\" sizes=\"auto, (max-width: 820px) 100vw, 820px\" \/><\/a>\n\t\t\t\t\n\t\t\t\t<h2 class=\"su-post-title\"><a href=\"https:\/\/www.ornithologies.fr\/blog\/lesoiseauxdumonde\/edito-par-thierry-duliere\/\">\u00c9dito par Thierry Duli\u00e8re<\/a><\/h2>\n\n\t\t\t\t<div class=\"su-post-meta\">\n\t\t\t\t\tPubli\u00e9: 11 f\u00e9vrier 2025\t\t\t\t<\/div>\n\n\t\t\t\t<div class=\"su-post-excerpt\">\n\t\t\t\t\t<p>Le Mondial 2025 vient de se terminer, la saison de reproduction est commenc\u00e9e ou va commencer selon les esp\u00e8ces !<br \/>\nDurant la saison de concours qui vient de s\u2019\u00e9couler, j\u2019ai eu \u00e9norm\u00e9ment de satisfactions :<br \/>\nComme juge et comme comp\u00e9titeur, j\u2019ai observ\u00e9 la remont\u00e9e du nombre d\u2019oiseaux en concours&#8230;<\/p><p><a class=\"more-link btn\" href=\"https:\/\/www.ornithologies.fr\/blog\/lesoiseauxdumonde\/edito-par-thierry-duliere\/\">Lire la suite<\/a><\/p>\n\t\t\t\t<\/div>\n\n\t\t\t\t\t\t\t\t\t<a href=\"https:\/\/www.ornithologies.fr\/blog\/lesoiseauxdumonde\/edito-par-thierry-duliere\/#comments\" class=\"su-post-comments-link\">2 comments<\/a>\n\t\t\t\t\n\t\t\t<\/div>\n\n\t\t\t\t\t\n\t\t\t\n\t\t\t<div id=\"su-post-3692\" class=\"su-post \">\n\n\t\t\t\t\t\t\t\t\t<a class=\"su-post-thumbnail\" href=\"https:\/\/www.ornithologies.fr\/blog\/lesoiseauxdumonde\/edito-par-daniel-hans\/\"><img loading=\"lazy\" decoding=\"async\" width=\"820\" height=\"960\" src=\"https:\/\/www.ornithologies.fr\/blog\/lesoiseauxdumonde\/wp-content\/uploads\/sites\/4\/Daniel-Hans-3-820x960.jpg\" class=\"attachment-post-thumbnail size-post-thumbnail wp-post-image\" alt=\"\" srcset=\"https:\/\/www.ornithologies.fr\/blog\/lesoiseauxdumonde\/wp-content\/uploads\/sites\/4\/Daniel-Hans-3-820x960.jpg 820w, https:\/\/www.ornithologies.fr\/blog\/lesoiseauxdumonde\/wp-content\/uploads\/sites\/4\/Daniel-Hans-3-256x300.jpg 256w, https:\/\/www.ornithologies.fr\/blog\/lesoiseauxdumonde\/wp-content\/uploads\/sites\/4\/Daniel-Hans-3-500x585.jpg 500w, https:\/\/www.ornithologies.fr\/blog\/lesoiseauxdumonde\/wp-content\/uploads\/sites\/4\/Daniel-Hans-3-768x899.jpg 768w, https:\/\/www.ornithologies.fr\/blog\/lesoiseauxdumonde\/wp-content\/uploads\/sites\/4\/Daniel-Hans-3-750x878.jpg 750w, https:\/\/www.ornithologies.fr\/blog\/lesoiseauxdumonde\/wp-content\/uploads\/sites\/4\/Daniel-Hans-3-600x702.jpg 600w, https:\/\/www.ornithologies.fr\/blog\/lesoiseauxdumonde\/wp-content\/uploads\/sites\/4\/Daniel-Hans-3.jpg 875w\" sizes=\"auto, (max-width: 820px) 100vw, 820px\" \/><\/a>\n\t\t\t\t\n\t\t\t\t<h2 class=\"su-post-title\"><a href=\"https:\/\/www.ornithologies.fr\/blog\/lesoiseauxdumonde\/edito-par-daniel-hans\/\">\u00c9dito par Daniel Hans<\/a><\/h2>\n\n\t\t\t\t<div class=\"su-post-meta\">\n\t\t\t\t\tPubli\u00e9: 15 janvier 2025\t\t\t\t<\/div>\n\n\t\t\t\t<div class=\"su-post-excerpt\">\n\t\t\t\t\t<p>A l\u2019heure o\u00f9 vous lirez cet \u00e9dito, la nouvelle ann\u00e9e sera d\u00e9j\u00e0 sur les rails.<br \/>\nAu nom de l\u2019Union Ornithologique de France et en mon nom personnel, je vous pr\u00e9sente mes v\u0153ux les plus chaleureux pour une belle ann\u00e9e 2025, remplie de nombreuses satisfactions tant sur le plan personnel, professionnel, associatif qu\u2019ornithologique\u2026<\/p><p><a class=\"more-link btn\" href=\"https:\/\/www.ornithologies.fr\/blog\/lesoiseauxdumonde\/edito-par-daniel-hans\/\">Lire la suite<\/a><\/p>\n\t\t\t\t<\/div>\n\n\t\t\t\t\t\t\t\t\t<a href=\"https:\/\/www.ornithologies.fr\/blog\/lesoiseauxdumonde\/edito-par-daniel-hans\/#respond\" class=\"su-post-comments-link\">0 commentaire<\/a>\n\t\t\t\t\n\t\t\t<\/div>\n\n\t\t\n\t\n<\/div>\n<\/div><\/div>\n<div class=\"su-spoiler su-spoiler-style-fancy su-spoiler-icon-arrow-circle-1 category-canaris su-spoiler-closed\" data-scroll-offset=\"0\" data-anchor-in-url=\"no\"><div class=\"su-spoiler-title\" tabindex=\"0\" role=\"button\"><span class=\"su-spoiler-icon\"><\/span>Canaris<\/div><div class=\"su-spoiler-content su-u-clearfix su-u-trim\">\n\n<div class=\"su-posts su-posts-default-loop \">\n\n\t\n\t\t\t\t\t\n\t\t\t\n\t\t\t<div id=\"su-post-2961\" class=\"su-post \">\n\n\t\t\t\t\t\t\t\t\t<a class=\"su-post-thumbnail\" href=\"https:\/\/www.ornithologies.fr\/blog\/lesoiseauxdumonde\/etude-comparee-de-males-brun-rouge-mosaique-parmi-les-oiseaux-francais-champions-de-france-ou-internationaux-entre-2007-et-2021\/\"><img loading=\"lazy\" decoding=\"async\" width=\"659\" height=\"960\" src=\"https:\/\/www.ornithologies.fr\/blog\/lesoiseauxdumonde\/wp-content\/uploads\/sites\/4\/Canari-brun-rouge-mosaique-male-eleveur-Fabrice-Chantraine-Les-Herbiers-2014-Ph-Guy-Doumergue-659x960.jpg\" class=\"attachment-post-thumbnail size-post-thumbnail wp-post-image\" alt=\"\" srcset=\"https:\/\/www.ornithologies.fr\/blog\/lesoiseauxdumonde\/wp-content\/uploads\/sites\/4\/Canari-brun-rouge-mosaique-male-eleveur-Fabrice-Chantraine-Les-Herbiers-2014-Ph-Guy-Doumergue-659x960.jpg 659w, https:\/\/www.ornithologies.fr\/blog\/lesoiseauxdumonde\/wp-content\/uploads\/sites\/4\/Canari-brun-rouge-mosaique-male-eleveur-Fabrice-Chantraine-Les-Herbiers-2014-Ph-Guy-Doumergue-206x300.jpg 206w, https:\/\/www.ornithologies.fr\/blog\/lesoiseauxdumonde\/wp-content\/uploads\/sites\/4\/Canari-brun-rouge-mosaique-male-eleveur-Fabrice-Chantraine-Les-Herbiers-2014-Ph-Guy-Doumergue-444x647.jpg 444w, https:\/\/www.ornithologies.fr\/blog\/lesoiseauxdumonde\/wp-content\/uploads\/sites\/4\/Canari-brun-rouge-mosaique-male-eleveur-Fabrice-Chantraine-Les-Herbiers-2014-Ph-Guy-Doumergue-768x1118.jpg 768w, https:\/\/www.ornithologies.fr\/blog\/lesoiseauxdumonde\/wp-content\/uploads\/sites\/4\/Canari-brun-rouge-mosaique-male-eleveur-Fabrice-Chantraine-Les-Herbiers-2014-Ph-Guy-Doumergue-750x1092.jpg 750w, https:\/\/www.ornithologies.fr\/blog\/lesoiseauxdumonde\/wp-content\/uploads\/sites\/4\/Canari-brun-rouge-mosaique-male-eleveur-Fabrice-Chantraine-Les-Herbiers-2014-Ph-Guy-Doumergue.jpg 879w\" sizes=\"auto, (max-width: 659px) 100vw, 659px\" \/><\/a>\n\t\t\t\t\n\t\t\t\t<h2 class=\"su-post-title\"><a href=\"https:\/\/www.ornithologies.fr\/blog\/lesoiseauxdumonde\/etude-comparee-de-males-brun-rouge-mosaique-parmi-les-oiseaux-francais-champions-de-france-ou-internationaux-entre-2007-et-2021\/\">\u00c9tude compar\u00e9e de m\u00e2les brun rouge mosa\u00efque parmi les oiseaux fran\u00e7ais champions de France ou internationaux entre 2007 et 2021<\/a><\/h2>\n\n\t\t\t\t<div class=\"su-post-meta\">\n\t\t\t\t\tPubli\u00e9: 17 juillet 2023\t\t\t\t<\/div>\n\n\t\t\t\t<div class=\"su-post-excerpt\">\n\t\t\t\t\t<h2 class=\"wp-block-heading has-text-align-right\">Jean-Paul GLEMET<\/h2>\n<h4 class=\"wp-block-heading has-text-align-right\">Juge CNJF\/OMJ<\/h4>\n<h6 class=\"wp-block-heading\">Oiseaux du Monde n\u00b0408 &#8211; Juin-Juillet 2023<\/h6>\n<h3 class=\"wp-block-heading\">C\u2019est une nouvelle demande de notre ami Guy Doumergue : \u00ab je vais t\u2019envoyer quelques photos de m\u00e2les Brun Rouge Mosa\u00efque, et tu pourras nous faire quelque chose comme en 2022 avec les m\u00e2les lipos RM \u00bb.<\/h3>\n<p> Canari &hellip; <\/p>\n<p><a class=\"more-link btn\" href=\"https:\/\/www.ornithologies.fr\/blog\/lesoiseauxdumonde\/etude-comparee-de-males-brun-rouge-mosaique-parmi-les-oiseaux-francais-champions-de-france-ou-internationaux-entre-2007-et-2021\/\">Lire la suite<\/a><\/p>\n\t\t\t\t<\/div>\n\n\t\t\t\t\t\t\t\t\t<a href=\"https:\/\/www.ornithologies.fr\/blog\/lesoiseauxdumonde\/etude-comparee-de-males-brun-rouge-mosaique-parmi-les-oiseaux-francais-champions-de-france-ou-internationaux-entre-2007-et-2021\/#respond\" class=\"su-post-comments-link\">0 commentaire<\/a>\n\t\t\t\t\n\t\t\t<\/div>\n\n\t\t\t\t\t\n\t\t\t\n\t\t\t<div id=\"su-post-774\" class=\"su-post \">\n\n\t\t\t\t\t\t\t\t\t<a class=\"su-post-thumbnail\" href=\"https:\/\/www.ornithologies.fr\/blog\/lesoiseauxdumonde\/reconnaisssance-du-canari-mogno\/\"><img loading=\"lazy\" decoding=\"async\" width=\"264\" height=\"317\" src=\"https:\/\/www.ornithologies.fr\/blog\/lesoiseauxdumonde\/wp-content\/uploads\/sites\/4\/Canari-mogno-264x317.jpg\" class=\"attachment-post-thumbnail size-post-thumbnail wp-post-image\" alt=\"\" srcset=\"https:\/\/www.ornithologies.fr\/blog\/lesoiseauxdumonde\/wp-content\/uploads\/sites\/4\/Canari-mogno-264x317.jpg 264w, https:\/\/www.ornithologies.fr\/blog\/lesoiseauxdumonde\/wp-content\/uploads\/sites\/4\/Canari-mogno-500x600.jpg 500w, https:\/\/www.ornithologies.fr\/blog\/lesoiseauxdumonde\/wp-content\/uploads\/sites\/4\/Canari-mogno-250x300.jpg 250w, https:\/\/www.ornithologies.fr\/blog\/lesoiseauxdumonde\/wp-content\/uploads\/sites\/4\/Canari-mogno-768x922.jpg 768w, https:\/\/www.ornithologies.fr\/blog\/lesoiseauxdumonde\/wp-content\/uploads\/sites\/4\/Canari-mogno-853x1024.jpg 853w, https:\/\/www.ornithologies.fr\/blog\/lesoiseauxdumonde\/wp-content\/uploads\/sites\/4\/Canari-mogno-600x720.jpg 600w, https:\/\/www.ornithologies.fr\/blog\/lesoiseauxdumonde\/wp-content\/uploads\/sites\/4\/Canari-mogno.jpg 1024w\" sizes=\"auto, (max-width: 264px) 100vw, 264px\" \/><\/a>\n\t\t\t\t\n\t\t\t\t<h2 class=\"su-post-title\"><a href=\"https:\/\/www.ornithologies.fr\/blog\/lesoiseauxdumonde\/reconnaisssance-du-canari-mogno\/\">Reconnaissance du Canari \u00ab\u00a0mogno\u00a0\u00bb<\/a><\/h2>\n\n\t\t\t\t<div class=\"su-post-meta\">\n\t\t\t\t\tPubli\u00e9: 4 janvier 2018\t\t\t\t<\/div>\n\n\t\t\t\t<div class=\"su-post-excerpt\">\n\t\t\t\t\t<h2 style=\"text-align: right;\">Cyrille JARDINIER<br \/> \u00e9l\u00e8ve-juge CNJF<\/h2>\n<h5 style=\"text-align: right;\">avec la collaboration de<br \/> Dominique Lamouroux juge CNJF<\/h5>\n<h6>Oiseaux du Monde n\u00b0351 &#8211; Novembre 2017<\/h6>\n<p> La CNJF tient \u00e0 remercier les \u00e9leveurs allemands Rainer Bindsch\u00e4del et Fritz Heiler qui ont fourni aimablement des photos d\u2019illustration de leurs oiseaux ainsi que de ceux de M B\u00e9raldi &hellip; <\/p>\n<p><a class=\"more-link btn\" href=\"https:\/\/www.ornithologies.fr\/blog\/lesoiseauxdumonde\/reconnaisssance-du-canari-mogno\/\">Lire la suite<\/a><\/p>\n\t\t\t\t<\/div>\n\n\t\t\t\t\t\t\t\t\t<a href=\"https:\/\/www.ornithologies.fr\/blog\/lesoiseauxdumonde\/reconnaisssance-du-canari-mogno\/#respond\" class=\"su-post-comments-link\">0 commentaire<\/a>\n\t\t\t\t\n\t\t\t<\/div>\n\n\t\t\t\t\t\n\t\t\t\n\t\t\t<div id=\"su-post-327\" class=\"su-post \">\n\n\t\t\t\t\t\t\t\t\t<a class=\"su-post-thumbnail\" href=\"https:\/\/www.ornithologies.fr\/blog\/lesoiseauxdumonde\/le-lipochrome-mosaique-jaune\/\"><img loading=\"lazy\" decoding=\"async\" width=\"201\" height=\"317\" src=\"https:\/\/www.ornithologies.fr\/blog\/lesoiseauxdumonde\/wp-content\/uploads\/sites\/4\/Jaune-Mosaique-Male-201x317.jpg\" class=\"attachment-post-thumbnail size-post-thumbnail wp-post-image\" alt=\"\" srcset=\"https:\/\/www.ornithologies.fr\/blog\/lesoiseauxdumonde\/wp-content\/uploads\/sites\/4\/Jaune-Mosaique-Male-201x317.jpg 201w, https:\/\/www.ornithologies.fr\/blog\/lesoiseauxdumonde\/wp-content\/uploads\/sites\/4\/Jaune-Mosaique-Male-95x150.jpg 95w, https:\/\/www.ornithologies.fr\/blog\/lesoiseauxdumonde\/wp-content\/uploads\/sites\/4\/Jaune-Mosaique-Male-190x300.jpg 190w, https:\/\/www.ornithologies.fr\/blog\/lesoiseauxdumonde\/wp-content\/uploads\/sites\/4\/Jaune-Mosaique-Male.jpg 648w, https:\/\/www.ornithologies.fr\/blog\/lesoiseauxdumonde\/wp-content\/uploads\/sites\/4\/Jaune-Mosaique-Male-600x948.jpg 600w\" sizes=\"auto, (max-width: 201px) 100vw, 201px\" \/><\/a>\n\t\t\t\t\n\t\t\t\t<h2 class=\"su-post-title\"><a href=\"https:\/\/www.ornithologies.fr\/blog\/lesoiseauxdumonde\/le-lipochrome-mosaique-jaune\/\">Le lipochrome mosa\u00efque jaune<\/a><\/h2>\n\n\t\t\t\t<div class=\"su-post-meta\">\n\t\t\t\t\tPubli\u00e9: 2 juin 2017\t\t\t\t<\/div>\n\n\t\t\t\t<div class=\"su-post-excerpt\">\n\t\t\t\t\t<h2 style=\"text-align: right;\">Club Technique Couleur<\/h2>\n<h6>Oiseaux du Monde n\u00b0346 &#8211; Avril 2017<\/h6>\n<h5>Commentaires de Jean-Paul Gl\u00e9met, Juge OMJ-CNJF :<\/h5>\n<h2>La femelle montre de tr\u00e8s belles qualit\u00e9s<\/h2>\n<p>Le lipo\u00adchrome jaune est bien visible aux points d&rsquo;\u00e9lection : \u00e9paule avec une belle marque bien nette en haut de l&rsquo;\u00e9paule et en d\u00e9grad\u00e9 ensuite, marque oculaire correcte : &hellip; <\/p>\n<p><a class=\"more-link btn\" href=\"https:\/\/www.ornithologies.fr\/blog\/lesoiseauxdumonde\/le-lipochrome-mosaique-jaune\/\">Lire la suite<\/a><\/p>\n\t\t\t\t<\/div>\n\n\t\t\t\t\t\t\t\t\t<a href=\"https:\/\/www.ornithologies.fr\/blog\/lesoiseauxdumonde\/le-lipochrome-mosaique-jaune\/#respond\" class=\"su-post-comments-link\">0 commentaire<\/a>\n\t\t\t\t\n\t\t\t<\/div>\n\n\t\t\t\t\t\n\t\t\t\n\t\t\t<div id=\"su-post-455\" class=\"su-post \">\n\n\t\t\t\t\t\t\t\t\t<a class=\"su-post-thumbnail\" href=\"https:\/\/www.ornithologies.fr\/blog\/lesoiseauxdumonde\/ecoutez-vos-malinois\/\"><img loading=\"lazy\" decoding=\"async\" width=\"306\" height=\"317\" src=\"https:\/\/www.ornithologies.fr\/blog\/lesoiseauxdumonde\/wp-content\/uploads\/sites\/4\/canari-malinois-1-306x317.jpg\" class=\"attachment-post-thumbnail size-post-thumbnail wp-post-image\" alt=\"\" srcset=\"https:\/\/www.ornithologies.fr\/blog\/lesoiseauxdumonde\/wp-content\/uploads\/sites\/4\/canari-malinois-1-306x317.jpg 306w, https:\/\/www.ornithologies.fr\/blog\/lesoiseauxdumonde\/wp-content\/uploads\/sites\/4\/canari-malinois-1-145x150.jpg 145w, https:\/\/www.ornithologies.fr\/blog\/lesoiseauxdumonde\/wp-content\/uploads\/sites\/4\/canari-malinois-1-289x300.jpg 289w, https:\/\/www.ornithologies.fr\/blog\/lesoiseauxdumonde\/wp-content\/uploads\/sites\/4\/canari-malinois-1-600x622.jpg 600w, https:\/\/www.ornithologies.fr\/blog\/lesoiseauxdumonde\/wp-content\/uploads\/sites\/4\/canari-malinois-1.jpg 742w\" sizes=\"auto, (max-width: 306px) 100vw, 306px\" \/><\/a>\n\t\t\t\t\n\t\t\t\t<h2 class=\"su-post-title\"><a href=\"https:\/\/www.ornithologies.fr\/blog\/lesoiseauxdumonde\/ecoutez-vos-malinois\/\">\u00c9coutez vos malinois<\/a><\/h2>\n\n\t\t\t\t<div class=\"su-post-meta\">\n\t\t\t\t\tPubli\u00e9: 12 avril 2016\t\t\t\t<\/div>\n\n\t\t\t\t<div class=\"su-post-excerpt\">\n\t\t\t\t\t<h2 style=\"text-align: right;\">G.P. MIGNONE<\/h2>\n<h6>\u00a0Oiseaux du Monde n\u00b0336 &#8211; Avril 2016<\/h6>\n<h2>Pourquoi l&rsquo;\u00e9coute du chant occupe-t-il une sorte de place privil\u00e9gi\u00e9e parmi toutes les m\u00e9thodes s\u00e9lectives ? Il y a \u00e0 cela beaucoup de raisons.<\/h2>\n<ul>\n<li> La premi\u00e8re raison qu&rsquo;un \u00e9leveur doit tirer c&rsquo;est qu&rsquo;il faut conna\u00eetre, ou mieux qu&rsquo;il faut savoir \u00e9valuer (pas &hellip;\n<p><a class=\"more-link btn\" href=\"https:\/\/www.ornithologies.fr\/blog\/lesoiseauxdumonde\/ecoutez-vos-malinois\/\">Lire la suite<\/a><\/p>\n<\/li>\n<\/ul>\n\t\t\t\t<\/div>\n\n\t\t\t\t\t\t\t\t\t<a href=\"https:\/\/www.ornithologies.fr\/blog\/lesoiseauxdumonde\/ecoutez-vos-malinois\/#respond\" class=\"su-post-comments-link\">0 commentaire<\/a>\n\t\t\t\t\n\t\t\t<\/div>\n\n\t\t\t\t\t\n\t\t\t\n\t\t\t<div id=\"su-post-528\" class=\"su-post \">\n\n\t\t\t\t\t\t\t\t\t<a class=\"su-post-thumbnail\" href=\"https:\/\/www.ornithologies.fr\/blog\/lesoiseauxdumonde\/soigner-ses-canaris\/\"><img loading=\"lazy\" decoding=\"async\" width=\"224\" height=\"317\" src=\"https:\/\/www.ornithologies.fr\/blog\/lesoiseauxdumonde\/wp-content\/uploads\/sites\/4\/Canari-en-pleine-forme-224x317.jpg\" class=\"attachment-post-thumbnail size-post-thumbnail wp-post-image\" alt=\"\" srcset=\"https:\/\/www.ornithologies.fr\/blog\/lesoiseauxdumonde\/wp-content\/uploads\/sites\/4\/Canari-en-pleine-forme-224x317.jpg 224w, https:\/\/www.ornithologies.fr\/blog\/lesoiseauxdumonde\/wp-content\/uploads\/sites\/4\/Canari-en-pleine-forme-106x150.jpg 106w, https:\/\/www.ornithologies.fr\/blog\/lesoiseauxdumonde\/wp-content\/uploads\/sites\/4\/Canari-en-pleine-forme-212x300.jpg 212w, https:\/\/www.ornithologies.fr\/blog\/lesoiseauxdumonde\/wp-content\/uploads\/sites\/4\/Canari-en-pleine-forme.jpg 724w, https:\/\/www.ornithologies.fr\/blog\/lesoiseauxdumonde\/wp-content\/uploads\/sites\/4\/Canari-en-pleine-forme-600x849.jpg 600w\" sizes=\"auto, (max-width: 224px) 100vw, 224px\" \/><\/a>\n\t\t\t\t\n\t\t\t\t<h2 class=\"su-post-title\"><a href=\"https:\/\/www.ornithologies.fr\/blog\/lesoiseauxdumonde\/soigner-ses-canaris\/\">Soigner ses Canaris<\/a><\/h2>\n\n\t\t\t\t<div class=\"su-post-meta\">\n\t\t\t\t\tPubli\u00e9: 11 mars 2016\t\t\t\t<\/div>\n\n\t\t\t\t<div class=\"su-post-excerpt\">\n\t\t\t\t\t<h2 class=\"wp-block-heading has-text-align-right\">Jean-Albert EUDE<\/h2>\n<h6 class=\"wp-block-heading\">Oiseaux du Monde n\u00b0335 &#8211; Mars 2016<\/h6>\n<h3 class=\"wp-block-heading\">L&rsquo;ENVIRONNEMENT<\/h3>\n<p>La temp\u00e9rature et l&rsquo;\u00e9clairement sont les deux \u00e9l\u00e9ments \u00e0 surveiller pour donner \u00e0 nos canaris un environnement d&rsquo;habitat correct.<\/p>\n<h5 class=\"wp-block-heading\">Les canaris s&rsquo;adaptent parfaitement \u00e0 des temp\u00e9ratures tr\u00e8s basses \u00e0 condition que ce soit de mani\u00e8re non brutale mais progressive, qu&rsquo;ils &hellip; <\/p>\n<p><a class=\"more-link btn\" href=\"https:\/\/www.ornithologies.fr\/blog\/lesoiseauxdumonde\/soigner-ses-canaris\/\">Lire la suite<\/a><\/p>\n<\/h5>\n\t\t\t\t<\/div>\n\n\t\t\t\t\t\t\t\t\t<a href=\"https:\/\/www.ornithologies.fr\/blog\/lesoiseauxdumonde\/soigner-ses-canaris\/#comments\" class=\"su-post-comments-link\">6 comments<\/a>\n\t\t\t\t\n\t\t\t<\/div>\n\n\t\t\t\t\t\n\t\t\t\n\t\t\t<div id=\"su-post-826\" class=\"su-post \">\n\n\t\t\t\t\t\t\t\t\t<a class=\"su-post-thumbnail\" href=\"https:\/\/www.ornithologies.fr\/blog\/lesoiseauxdumonde\/preparons-nous-aux-expositions\/\"><img loading=\"lazy\" decoding=\"async\" width=\"224\" height=\"317\" src=\"https:\/\/www.ornithologies.fr\/blog\/lesoiseauxdumonde\/wp-content\/uploads\/sites\/4\/Femelle-canari-jaune-mosaique-224x317.jpg\" class=\"attachment-post-thumbnail size-post-thumbnail wp-post-image\" alt=\"\" srcset=\"https:\/\/www.ornithologies.fr\/blog\/lesoiseauxdumonde\/wp-content\/uploads\/sites\/4\/Femelle-canari-jaune-mosaique-224x317.jpg 224w, https:\/\/www.ornithologies.fr\/blog\/lesoiseauxdumonde\/wp-content\/uploads\/sites\/4\/Femelle-canari-jaune-mosaique-457x647.jpg 457w, https:\/\/www.ornithologies.fr\/blog\/lesoiseauxdumonde\/wp-content\/uploads\/sites\/4\/Femelle-canari-jaune-mosaique-212x300.jpg 212w, https:\/\/www.ornithologies.fr\/blog\/lesoiseauxdumonde\/wp-content\/uploads\/sites\/4\/Femelle-canari-jaune-mosaique.jpg 724w, https:\/\/www.ornithologies.fr\/blog\/lesoiseauxdumonde\/wp-content\/uploads\/sites\/4\/Femelle-canari-jaune-mosaique-600x849.jpg 600w\" sizes=\"auto, (max-width: 224px) 100vw, 224px\" \/><\/a>\n\t\t\t\t\n\t\t\t\t<h2 class=\"su-post-title\"><a href=\"https:\/\/www.ornithologies.fr\/blog\/lesoiseauxdumonde\/preparons-nous-aux-expositions\/\">Pr\u00e9parons-nous aux expositions<\/a><\/h2>\n\n\t\t\t\t<div class=\"su-post-meta\">\n\t\t\t\t\tPubli\u00e9: 12 octobre 2015\t\t\t\t<\/div>\n\n\t\t\t\t<div class=\"su-post-excerpt\">\n\t\t\t\t\t<h1 style=\"text-align: left;\">Jaune Mosa\u00efque<\/h1>\n<h2 style=\"text-align: right;\">Nicola DELLA VECCHIA<br \/> Emilio SCIGNANO<\/h2>\n<p style=\"text-align: right;\">Traduction Marie Martinez<br \/> avec l\u2019aimable autorisation d\u2019Italia ornitologica<\/p>\n<h6>Oiseaux du Monde n\u00b0330 &#8211; Octobre 2015<\/h6>\n<h3>Lign\u00e9e femelle<\/h3>\n<p>\u00abSeptembre, allons-y. Il est temps de migrer\u00bb, \u00e9crivait un po\u00e8te en parlant des troupeaux qui descendaient des alpages \u00e0 la plaine. Septembre pour &hellip; <\/p>\n<p><a class=\"more-link btn\" href=\"https:\/\/www.ornithologies.fr\/blog\/lesoiseauxdumonde\/preparons-nous-aux-expositions\/\">Lire la suite<\/a><\/p>\n\t\t\t\t<\/div>\n\n\t\t\t\t\t\t\t\t\t<a href=\"https:\/\/www.ornithologies.fr\/blog\/lesoiseauxdumonde\/preparons-nous-aux-expositions\/#respond\" class=\"su-post-comments-link\">0 commentaire<\/a>\n\t\t\t\t\n\t\t\t<\/div>\n\n\t\t\t\t\t\n\t\t\t\n\t\t\t<div id=\"su-post-991\" class=\"su-post \">\n\n\t\t\t\t\t\t\t\t\t<a class=\"su-post-thumbnail\" href=\"https:\/\/www.ornithologies.fr\/blog\/lesoiseauxdumonde\/la-trichomonose-du-canari\/\"><img loading=\"lazy\" decoding=\"async\" width=\"223\" height=\"317\" src=\"https:\/\/www.ornithologies.fr\/blog\/lesoiseauxdumonde\/wp-content\/uploads\/sites\/4\/Canari-isabelle-jaune-intensif-223x317.jpg\" class=\"attachment-post-thumbnail size-post-thumbnail wp-post-image\" alt=\"\" srcset=\"https:\/\/www.ornithologies.fr\/blog\/lesoiseauxdumonde\/wp-content\/uploads\/sites\/4\/Canari-isabelle-jaune-intensif-223x317.jpg 223w, https:\/\/www.ornithologies.fr\/blog\/lesoiseauxdumonde\/wp-content\/uploads\/sites\/4\/Canari-isabelle-jaune-intensif-454x647.jpg 454w, https:\/\/www.ornithologies.fr\/blog\/lesoiseauxdumonde\/wp-content\/uploads\/sites\/4\/Canari-isabelle-jaune-intensif-211x300.jpg 211w, https:\/\/www.ornithologies.fr\/blog\/lesoiseauxdumonde\/wp-content\/uploads\/sites\/4\/Canari-isabelle-jaune-intensif.jpg 719w, https:\/\/www.ornithologies.fr\/blog\/lesoiseauxdumonde\/wp-content\/uploads\/sites\/4\/Canari-isabelle-jaune-intensif-600x855.jpg 600w\" sizes=\"auto, (max-width: 223px) 100vw, 223px\" \/><\/a>\n\t\t\t\t\n\t\t\t\t<h2 class=\"su-post-title\"><a href=\"https:\/\/www.ornithologies.fr\/blog\/lesoiseauxdumonde\/la-trichomonose-du-canari\/\">La Trichomonose du Canari<\/a><\/h2>\n\n\t\t\t\t<div class=\"su-post-meta\">\n\t\t\t\t\tPubli\u00e9: 12 mars 2015\t\t\t\t<\/div>\n\n\t\t\t\t<div class=\"su-post-excerpt\">\n\t\t\t\t\t<h2 style=\"text-align: right;\">Bernard TANTART<\/h2>\n<h6>Oiseaux du Monde n\u00b0325 &#8211; Mars 2015<\/h6>\n<h1>N&rsquo;oubliez pas la trichomonose !<\/h1>\n<p>Depuis que je fais des canaris, c&rsquo;est \u00e0 dire depuis plus de 14 ans, je fais syst\u00e9matiquement des traitements pr\u00e9ventifs \u00e0 des p\u00e9riodes bien d\u00e9finies dans mon ann\u00e9e d&rsquo;\u00e9levage. Et avant l&rsquo;accouplement c&rsquo;est une p\u00e9riode qu\u2019il est n\u00e9cessaire de &hellip; <\/p>\n<p><a class=\"more-link btn\" href=\"https:\/\/www.ornithologies.fr\/blog\/lesoiseauxdumonde\/la-trichomonose-du-canari\/\">Lire la suite<\/a><\/p>\n\t\t\t\t<\/div>\n\n\t\t\t\t\t\t\t\t\t<a href=\"https:\/\/www.ornithologies.fr\/blog\/lesoiseauxdumonde\/la-trichomonose-du-canari\/#comments\" class=\"su-post-comments-link\">8 comments<\/a>\n\t\t\t\t\n\t\t\t<\/div>\n\n\t\t\t\t\t\n\t\t\t\n\t\t\t<div id=\"su-post-1047\" class=\"su-post \">\n\n\t\t\t\t\t\t\t\t\t<a class=\"su-post-thumbnail\" href=\"https:\/\/www.ornithologies.fr\/blog\/lesoiseauxdumonde\/a-lecoute-des-maitres-chanteurs\/\"><img loading=\"lazy\" decoding=\"async\" width=\"418\" height=\"317\" src=\"https:\/\/www.ornithologies.fr\/blog\/lesoiseauxdumonde\/wp-content\/uploads\/sites\/4\/Canari-Harz-418x317.jpg\" class=\"attachment-post-thumbnail size-post-thumbnail wp-post-image\" alt=\"\" srcset=\"https:\/\/www.ornithologies.fr\/blog\/lesoiseauxdumonde\/wp-content\/uploads\/sites\/4\/Canari-Harz-418x317.jpg 418w, https:\/\/www.ornithologies.fr\/blog\/lesoiseauxdumonde\/wp-content\/uploads\/sites\/4\/Canari-Harz-500x379.jpg 500w, https:\/\/www.ornithologies.fr\/blog\/lesoiseauxdumonde\/wp-content\/uploads\/sites\/4\/Canari-Harz-300x228.jpg 300w, https:\/\/www.ornithologies.fr\/blog\/lesoiseauxdumonde\/wp-content\/uploads\/sites\/4\/Canari-Harz-768x583.jpg 768w, https:\/\/www.ornithologies.fr\/blog\/lesoiseauxdumonde\/wp-content\/uploads\/sites\/4\/Canari-Harz-600x455.jpg 600w, https:\/\/www.ornithologies.fr\/blog\/lesoiseauxdumonde\/wp-content\/uploads\/sites\/4\/Canari-Harz.jpg 800w\" sizes=\"auto, (max-width: 418px) 100vw, 418px\" \/><\/a>\n\t\t\t\t\n\t\t\t\t<h2 class=\"su-post-title\"><a href=\"https:\/\/www.ornithologies.fr\/blog\/lesoiseauxdumonde\/a-lecoute-des-maitres-chanteurs\/\">\u00c0 l&rsquo;\u00e9coute des ma\u00eetres chanteurs<\/a><\/h2>\n\n\t\t\t\t<div class=\"su-post-meta\">\n\t\t\t\t\tPubli\u00e9: 12 d\u00e9cembre 2014\t\t\t\t<\/div>\n\n\t\t\t\t<div class=\"su-post-excerpt\">\n\t\t\t\t\t<h2 style=\"text-align: right;\">Pierre CHANNOY<\/h2>\n<h6>\u00a0Oiseaux du Monde n\u00b0322 &#8211; D\u00e9cembre 2014<\/h6>\n<h2>Nous sommes au r\u00e9gional d\u2019Alsace de Hottmarsheim face \u00e0 un stam de Canaris du Harz et un juge-expert en canaris de chant qui nous vient d\u2019Aix en Provence : Jean-Claude Quesada.<\/h2>\n<h4>Nous invitons nos lecteurs \u00e0 suivre l\u2019int\u00e9gralit\u00e9 de l\u2019interview avec commentaire des chants &hellip; <\/p>\n<p><a class=\"more-link btn\" href=\"https:\/\/www.ornithologies.fr\/blog\/lesoiseauxdumonde\/a-lecoute-des-maitres-chanteurs\/\">Lire la suite<\/a><\/p>\n<\/h4>\n\t\t\t\t<\/div>\n\n\t\t\t\t\t\t\t\t\t<a href=\"https:\/\/www.ornithologies.fr\/blog\/lesoiseauxdumonde\/a-lecoute-des-maitres-chanteurs\/#respond\" class=\"su-post-comments-link\">0 commentaire<\/a>\n\t\t\t\t\n\t\t\t<\/div>\n\n\t\t\n\t\n<\/div>\n<\/div><\/div>\n<div class=\"su-spoiler su-spoiler-style-fancy su-spoiler-icon-arrow-circle-1 category-cgte su-spoiler-closed\" data-scroll-offset=\"0\" data-anchor-in-url=\"no\"><div class=\"su-spoiler-title\" tabindex=\"0\" role=\"button\"><span class=\"su-spoiler-icon\"><\/span>Estrildid\u00e9s<\/div><div class=\"su-spoiler-content su-u-clearfix su-u-trim\">\n\n<div class=\"su-posts su-posts-default-loop \">\n\n\t\n\t\t\t\t\t\n\t\t\t\n\t\t\t<div id=\"su-post-597\" class=\"su-post \">\n\n\t\t\t\t\t\t\t\t\t<a class=\"su-post-thumbnail\" href=\"https:\/\/www.ornithologies.fr\/blog\/lesoiseauxdumonde\/senegali-vert-astrild-vert-pointille-ou-mandingue\/\"><img loading=\"lazy\" decoding=\"async\" width=\"224\" height=\"317\" src=\"https:\/\/www.ornithologies.fr\/blog\/lesoiseauxdumonde\/wp-content\/uploads\/sites\/4\/Senegali-vert-224x317.jpg\" class=\"attachment-post-thumbnail size-post-thumbnail wp-post-image\" alt=\"\" srcset=\"https:\/\/www.ornithologies.fr\/blog\/lesoiseauxdumonde\/wp-content\/uploads\/sites\/4\/Senegali-vert-224x317.jpg 224w, https:\/\/www.ornithologies.fr\/blog\/lesoiseauxdumonde\/wp-content\/uploads\/sites\/4\/Senegali-vert-457x647.jpg 457w, https:\/\/www.ornithologies.fr\/blog\/lesoiseauxdumonde\/wp-content\/uploads\/sites\/4\/Senegali-vert-212x300.jpg 212w, https:\/\/www.ornithologies.fr\/blog\/lesoiseauxdumonde\/wp-content\/uploads\/sites\/4\/Senegali-vert.jpg 724w, https:\/\/www.ornithologies.fr\/blog\/lesoiseauxdumonde\/wp-content\/uploads\/sites\/4\/Senegali-vert-600x849.jpg 600w\" sizes=\"auto, (max-width: 224px) 100vw, 224px\" \/><\/a>\n\t\t\t\t\n\t\t\t\t<h2 class=\"su-post-title\"><a href=\"https:\/\/www.ornithologies.fr\/blog\/lesoiseauxdumonde\/senegali-vert-astrild-vert-pointille-ou-mandingue\/\">S\u00e9n\u00e9gali vert, Astrild vert pointill\u00e9, ou Mandingue<\/a><\/h2>\n\n\t\t\t\t<div class=\"su-post-meta\">\n\t\t\t\t\tPubli\u00e9: 13 septembre 2017\t\t\t\t<\/div>\n\n\t\t\t\t<div class=\"su-post-excerpt\">\n\t\t\t\t\t<h1>(Mandingoa Nitidula)<br \/> Exp\u00e9rience d&rsquo;\u00e9levage<\/h1>\n<h2 style=\"text-align: right;\">Pierre RAUSCHER<\/h2>\n<p style=\"text-align: right;\">Blog<\/p>\n<h6>Oiseaux du Monde n\u00b0348 &#8211; Juin-Juillet 2017<\/h6>\n<p>Il existe 4 sous esp\u00e8ces de S\u00e9n\u00e9gali vert. La plus populaire, car plus color\u00e9e est la schlegeli. Cette esp\u00e8ce est difficile \u00e0 garder en condition. En effet, les oiseaux sont tr\u00e8s sensibles aux parasites intestinaux comme &hellip; <\/p>\n<p><a class=\"more-link btn\" href=\"https:\/\/www.ornithologies.fr\/blog\/lesoiseauxdumonde\/senegali-vert-astrild-vert-pointille-ou-mandingue\/\">Lire la suite<\/a><\/p>\n\t\t\t\t<\/div>\n\n\t\t\t\t\t\t\t\t\t<a href=\"https:\/\/www.ornithologies.fr\/blog\/lesoiseauxdumonde\/senegali-vert-astrild-vert-pointille-ou-mandingue\/#respond\" class=\"su-post-comments-link\">0 commentaire<\/a>\n\t\t\t\t\n\t\t\t<\/div>\n\n\t\t\n\t\n<\/div>\n<\/div><\/div>\n<div class=\"su-spoiler su-spoiler-style-fancy su-spoiler-icon-arrow-circle-1 category-cobefi su-spoiler-closed\" data-scroll-offset=\"0\" data-anchor-in-url=\"no\"><div class=\"su-spoiler-title\" tabindex=\"0\" role=\"button\"><span class=\"su-spoiler-icon\"><\/span>Oiseaux \u00e0 bec fin<\/div><div class=\"su-spoiler-content su-u-clearfix su-u-trim\">\n\n<div class=\"su-posts su-posts-default-loop \">\n\n\t\n\t\t\t\t\t\n\t\t\t\n\t\t\t<div id=\"su-post-380\" class=\"su-post \">\n\n\t\t\t\t\t\t\t\t\t<a class=\"su-post-thumbnail\" href=\"https:\/\/www.ornithologies.fr\/blog\/lesoiseauxdumonde\/laraguira-rougeatre\/\"><img loading=\"lazy\" decoding=\"async\" width=\"224\" height=\"317\" src=\"https:\/\/www.ornithologies.fr\/blog\/lesoiseauxdumonde\/wp-content\/uploads\/sites\/4\/Araguira-rougeatre-male-02-224x317.jpg\" class=\"attachment-post-thumbnail size-post-thumbnail wp-post-image\" alt=\"\" srcset=\"https:\/\/www.ornithologies.fr\/blog\/lesoiseauxdumonde\/wp-content\/uploads\/sites\/4\/Araguira-rougeatre-male-02-224x317.jpg 224w, https:\/\/www.ornithologies.fr\/blog\/lesoiseauxdumonde\/wp-content\/uploads\/sites\/4\/Araguira-rougeatre-male-02-106x150.jpg 106w, https:\/\/www.ornithologies.fr\/blog\/lesoiseauxdumonde\/wp-content\/uploads\/sites\/4\/Araguira-rougeatre-male-02-212x300.jpg 212w, https:\/\/www.ornithologies.fr\/blog\/lesoiseauxdumonde\/wp-content\/uploads\/sites\/4\/Araguira-rougeatre-male-02.jpg 725w, https:\/\/www.ornithologies.fr\/blog\/lesoiseauxdumonde\/wp-content\/uploads\/sites\/4\/Araguira-rougeatre-male-02-600x847.jpg 600w\" sizes=\"auto, (max-width: 224px) 100vw, 224px\" \/><\/a>\n\t\t\t\t\n\t\t\t\t<h2 class=\"su-post-title\"><a href=\"https:\/\/www.ornithologies.fr\/blog\/lesoiseauxdumonde\/laraguira-rougeatre\/\">L\u2019Araguira rouge\u00e2tre<\/a><\/h2>\n\n\t\t\t\t<div class=\"su-post-meta\">\n\t\t\t\t\tPubli\u00e9: 12 octobre 2016\t\t\t\t<\/div>\n\n\t\t\t\t<div class=\"su-post-excerpt\">\n\t\t\t\t\t<h1>(Coryphospingus cucullatus)<\/h1>\n<h2 style=\"text-align: right;\">Gobemouche70<\/h2>\n<h6>Oiseaux du Monde n\u00b0340 &#8211; Octobre 2016<\/h6>\n<p>Le genre Coryphospingus comporte 2 esp\u00e8ces tr\u00e8s proches : l&rsquo;Araguira rouge\u00e2tre (C. cucullatus) et l&rsquo;Araguira gris (C. pileatus). Dans son livre sur les Emb\u00e9rizid\u00e9s \u00e9dit\u00e9 en 1985, G. ARMANI \u00e9crivait: \u00ab Bien que de couleurs diff\u00e9rentes, ces oiseaux pourraient bien \u00eatre qu&rsquo;une seule &hellip; <\/p>\n<p><a class=\"more-link btn\" href=\"https:\/\/www.ornithologies.fr\/blog\/lesoiseauxdumonde\/laraguira-rougeatre\/\">Lire la suite<\/a><\/p>\n\t\t\t\t<\/div>\n\n\t\t\t\t\t\t\t\t\t<a href=\"https:\/\/www.ornithologies.fr\/blog\/lesoiseauxdumonde\/laraguira-rougeatre\/#comments\" class=\"su-post-comments-link\">1 commentaire<\/a>\n\t\t\t\t\n\t\t\t<\/div>\n\n\t\t\t\t\t\n\t\t\t\n\t\t\t<div id=\"su-post-691\" class=\"su-post \">\n\n\t\t\t\t\t\t\t\t\t<a class=\"su-post-thumbnail\" href=\"https:\/\/www.ornithologies.fr\/blog\/lesoiseauxdumonde\/les-sporophiles-chanteurs\/\"><img loading=\"lazy\" decoding=\"async\" width=\"224\" height=\"317\" src=\"https:\/\/www.ornithologies.fr\/blog\/lesoiseauxdumonde\/wp-content\/uploads\/sites\/4\/Sporophile-petit-chanteur-224x317.jpg\" class=\"attachment-post-thumbnail size-post-thumbnail wp-post-image\" alt=\"\" srcset=\"https:\/\/www.ornithologies.fr\/blog\/lesoiseauxdumonde\/wp-content\/uploads\/sites\/4\/Sporophile-petit-chanteur-224x317.jpg 224w, https:\/\/www.ornithologies.fr\/blog\/lesoiseauxdumonde\/wp-content\/uploads\/sites\/4\/Sporophile-petit-chanteur-457x647.jpg 457w, https:\/\/www.ornithologies.fr\/blog\/lesoiseauxdumonde\/wp-content\/uploads\/sites\/4\/Sporophile-petit-chanteur-212x300.jpg 212w, https:\/\/www.ornithologies.fr\/blog\/lesoiseauxdumonde\/wp-content\/uploads\/sites\/4\/Sporophile-petit-chanteur.jpg 723w, https:\/\/www.ornithologies.fr\/blog\/lesoiseauxdumonde\/wp-content\/uploads\/sites\/4\/Sporophile-petit-chanteur-600x850.jpg 600w\" sizes=\"auto, (max-width: 224px) 100vw, 224px\" \/><\/a>\n\t\t\t\t\n\t\t\t\t<h2 class=\"su-post-title\"><a href=\"https:\/\/www.ornithologies.fr\/blog\/lesoiseauxdumonde\/les-sporophiles-chanteurs\/\">Les Sporophiles chanteurs<\/a><\/h2>\n\n\t\t\t\t<div class=\"su-post-meta\">\n\t\t\t\t\tPubli\u00e9: 12 d\u00e9cembre 2015\t\t\t\t<\/div>\n\n\t\t\t\t<div class=\"su-post-excerpt\">\n\t\t\t\t\t<h2 style=\"text-align: right;\">Michel BIGAS<\/h2>\n<h6>Oiseaux du Monde n\u00b0332 &#8211; D\u00e9cembre 2015<\/h6>\n<p>Les chanteurs de Cuba ou Sporophiles chanteurs sont de petits exotiques particuli\u00e8rement int\u00e9ressants, et \u00e0 mon avis, les amateurs ne leur accordent pas la place qu&rsquo;ils m\u00e9ritent dans leurs \u00e9levages. Il est vrai que l&rsquo;on se procure assez difficilement un couple de reproducteurs qui &hellip; <\/p>\n<p><a class=\"more-link btn\" href=\"https:\/\/www.ornithologies.fr\/blog\/lesoiseauxdumonde\/les-sporophiles-chanteurs\/\">Lire la suite<\/a><\/p>\n\t\t\t\t<\/div>\n\n\t\t\t\t\t\t\t\t\t<a href=\"https:\/\/www.ornithologies.fr\/blog\/lesoiseauxdumonde\/les-sporophiles-chanteurs\/#comments\" class=\"su-post-comments-link\">1 commentaire<\/a>\n\t\t\t\t\n\t\t\t<\/div>\n\n\t\t\t\t\t\n\t\t\t\n\t\t\t<div id=\"su-post-856\" class=\"su-post \">\n\n\t\t\t\t\t\t\t\t\t<a class=\"su-post-thumbnail\" href=\"https:\/\/www.ornithologies.fr\/blog\/lesoiseauxdumonde\/les-merles-bleus\/\"><img loading=\"lazy\" decoding=\"async\" width=\"431\" height=\"317\" src=\"https:\/\/www.ornithologies.fr\/blog\/lesoiseauxdumonde\/wp-content\/uploads\/sites\/4\/Merlebleu-431x317.jpg\" class=\"attachment-post-thumbnail size-post-thumbnail wp-post-image\" alt=\"\" srcset=\"https:\/\/www.ornithologies.fr\/blog\/lesoiseauxdumonde\/wp-content\/uploads\/sites\/4\/Merlebleu-431x317.jpg 431w, https:\/\/www.ornithologies.fr\/blog\/lesoiseauxdumonde\/wp-content\/uploads\/sites\/4\/Merlebleu-500x368.jpg 500w, https:\/\/www.ornithologies.fr\/blog\/lesoiseauxdumonde\/wp-content\/uploads\/sites\/4\/Merlebleu-300x221.jpg 300w, https:\/\/www.ornithologies.fr\/blog\/lesoiseauxdumonde\/wp-content\/uploads\/sites\/4\/Merlebleu-768x565.jpg 768w, https:\/\/www.ornithologies.fr\/blog\/lesoiseauxdumonde\/wp-content\/uploads\/sites\/4\/Merlebleu.jpg 1024w, https:\/\/www.ornithologies.fr\/blog\/lesoiseauxdumonde\/wp-content\/uploads\/sites\/4\/Merlebleu-600x441.jpg 600w\" sizes=\"auto, (max-width: 431px) 100vw, 431px\" \/><\/a>\n\t\t\t\t\n\t\t\t\t<h2 class=\"su-post-title\"><a href=\"https:\/\/www.ornithologies.fr\/blog\/lesoiseauxdumonde\/les-merles-bleus\/\">Les Merles bleus<\/a><\/h2>\n\n\t\t\t\t<div class=\"su-post-meta\">\n\t\t\t\t\tPubli\u00e9: 12 septembre 2015\t\t\t\t<\/div>\n\n\t\t\t\t<div class=\"su-post-excerpt\">\n\t\t\t\t\t<p style=\"text-align: left;\">Suite&#8230;<\/p>\n<h2 style=\"text-align: right;\">Guy BARAT<\/h2>\n<h6>Oiseaux du Monde n\u00b0329 &#8211; Ao\u00fbt-Septembre 2015<\/h6>\n<h3>Reproduction<\/h3>\n<p>Le Merlebleu de l\u2019ouest est monogame. Pendant la parade nuptiale, le m\u00e2le chante et se balance devant la femelle, ailes semi-ouvertes et queue d\u00e9ploy\u00e9e en \u00e9ventail. Il peut se montrer plus tendre, lui lisser les plumes et lui offrir de &hellip; <\/p>\n<p><a class=\"more-link btn\" href=\"https:\/\/www.ornithologies.fr\/blog\/lesoiseauxdumonde\/les-merles-bleus\/\">Lire la suite<\/a><\/p>\n\t\t\t\t<\/div>\n\n\t\t\t\t\t\t\t\t\t<a href=\"https:\/\/www.ornithologies.fr\/blog\/lesoiseauxdumonde\/les-merles-bleus\/#respond\" class=\"su-post-comments-link\">0 commentaire<\/a>\n\t\t\t\t\n\t\t\t<\/div>\n\n\t\t\n\t\n<\/div>\n<\/div><\/div>\n<div class=\"su-spoiler su-spoiler-style-fancy su-spoiler-icon-arrow-circle-1 category-ct3c su-spoiler-closed\" data-scroll-offset=\"0\" data-anchor-in-url=\"no\"><div class=\"su-spoiler-title\" tabindex=\"0\" role=\"button\"><span class=\"su-spoiler-icon\"><\/span>Colombid\u00e9s, Cailles et Colins<\/div><div class=\"su-spoiler-content su-u-clearfix su-u-trim\">\n\n<div class=\"su-posts su-posts-default-loop \">\n\n\t\n\t\t\t\t\t\n\t\t\t\n\t\t\t<div id=\"su-post-1270\" class=\"su-post \">\n\n\t\t\t\t\t\t\t\t\t<a class=\"su-post-thumbnail\" href=\"https:\/\/www.ornithologies.fr\/blog\/lesoiseauxdumonde\/mon-elevage-de-colombes\/\"><img loading=\"lazy\" decoding=\"async\" width=\"960\" height=\"720\" src=\"https:\/\/www.ornithologies.fr\/blog\/lesoiseauxdumonde\/wp-content\/uploads\/sites\/4\/Colombine-turvert-960x720.jpg\" class=\"attachment-post-thumbnail size-post-thumbnail wp-post-image\" alt=\"\" srcset=\"https:\/\/www.ornithologies.fr\/blog\/lesoiseauxdumonde\/wp-content\/uploads\/sites\/4\/Colombine-turvert-960x720.jpg 960w, https:\/\/www.ornithologies.fr\/blog\/lesoiseauxdumonde\/wp-content\/uploads\/sites\/4\/Colombine-turvert-500x375.jpg 500w, https:\/\/www.ornithologies.fr\/blog\/lesoiseauxdumonde\/wp-content\/uploads\/sites\/4\/Colombine-turvert-300x225.jpg 300w, https:\/\/www.ornithologies.fr\/blog\/lesoiseauxdumonde\/wp-content\/uploads\/sites\/4\/Colombine-turvert-768x576.jpg 768w, https:\/\/www.ornithologies.fr\/blog\/lesoiseauxdumonde\/wp-content\/uploads\/sites\/4\/Colombine-turvert.jpg 1024w, https:\/\/www.ornithologies.fr\/blog\/lesoiseauxdumonde\/wp-content\/uploads\/sites\/4\/Colombine-turvert-600x450.jpg 600w\" sizes=\"auto, (max-width: 960px) 100vw, 960px\" \/><\/a>\n\t\t\t\t\n\t\t\t\t<h2 class=\"su-post-title\"><a href=\"https:\/\/www.ornithologies.fr\/blog\/lesoiseauxdumonde\/mon-elevage-de-colombes\/\">Mon \u00e9levage de colombes<\/a><\/h2>\n\n\t\t\t\t<div class=\"su-post-meta\">\n\t\t\t\t\tPubli\u00e9: 27 juin 2018\t\t\t\t<\/div>\n\n\t\t\t\t<div class=\"su-post-excerpt\">\n\t\t\t\t\t<h2 style=\"text-align: right;\">Florence FOURDRAIN<\/h2>\n<h6>Oiseaux du Monde n\u00b0356 &#8211; Avril 2018<\/h6>\n<h5>J&rsquo;ai commenc\u00e9 \u00e0 acqu\u00e9rir des colombes \u00e0 partir de 2005, \u00e9tant \u00e9leveuse de becs crochus depuis 1995. Les premi\u00e8res arriv\u00e9es \u00e0 la maison furent les Colombes \u00e0 bec jaune, suivi par des G\u00e9op\u00e9lies diamants.<\/h5>\n<h3>La Colombe \u00e0 bec jaune (Columbina cruziana)<\/h3>\n<p>Aussi appel\u00e9e Colombe &hellip; <\/p>\n<p><a class=\"more-link btn\" href=\"https:\/\/www.ornithologies.fr\/blog\/lesoiseauxdumonde\/mon-elevage-de-colombes\/\">Lire la suite<\/a><\/p>\n\t\t\t\t<\/div>\n\n\t\t\t\t\t\t\t\t\t<a href=\"https:\/\/www.ornithologies.fr\/blog\/lesoiseauxdumonde\/mon-elevage-de-colombes\/#comments\" class=\"su-post-comments-link\">3 comments<\/a>\n\t\t\t\t\n\t\t\t<\/div>\n\n\t\t\t\t\t\n\t\t\t\n\t\t\t<div id=\"su-post-318\" class=\"su-post \">\n\n\t\t\t\t\t\t\t\t\t<a class=\"su-post-thumbnail\" href=\"https:\/\/www.ornithologies.fr\/blog\/lesoiseauxdumonde\/geopelies-diamant-a-croupion-blanc\/\"><img loading=\"lazy\" decoding=\"async\" width=\"228\" height=\"317\" src=\"https:\/\/www.ornithologies.fr\/blog\/lesoiseauxdumonde\/wp-content\/uploads\/sites\/4\/G\u00e9op\u00e9lie-2-228x317.jpg\" class=\"attachment-post-thumbnail size-post-thumbnail wp-post-image\" alt=\"\" srcset=\"https:\/\/www.ornithologies.fr\/blog\/lesoiseauxdumonde\/wp-content\/uploads\/sites\/4\/G\u00e9op\u00e9lie-2-228x317.jpg 228w, https:\/\/www.ornithologies.fr\/blog\/lesoiseauxdumonde\/wp-content\/uploads\/sites\/4\/G\u00e9op\u00e9lie-2-108x150.jpg 108w, https:\/\/www.ornithologies.fr\/blog\/lesoiseauxdumonde\/wp-content\/uploads\/sites\/4\/G\u00e9op\u00e9lie-2-216x300.jpg 216w, https:\/\/www.ornithologies.fr\/blog\/lesoiseauxdumonde\/wp-content\/uploads\/sites\/4\/G\u00e9op\u00e9lie-2-768x1067.jpg 768w, https:\/\/www.ornithologies.fr\/blog\/lesoiseauxdumonde\/wp-content\/uploads\/sites\/4\/G\u00e9op\u00e9lie-2-737x1024.jpg 737w, https:\/\/www.ornithologies.fr\/blog\/lesoiseauxdumonde\/wp-content\/uploads\/sites\/4\/G\u00e9op\u00e9lie-2-600x833.jpg 600w, https:\/\/www.ornithologies.fr\/blog\/lesoiseauxdumonde\/wp-content\/uploads\/sites\/4\/G\u00e9op\u00e9lie-2.jpg 864w\" sizes=\"auto, (max-width: 228px) 100vw, 228px\" \/><\/a>\n\t\t\t\t\n\t\t\t\t<h2 class=\"su-post-title\"><a href=\"https:\/\/www.ornithologies.fr\/blog\/lesoiseauxdumonde\/geopelies-diamant-a-croupion-blanc\/\">G\u00e9op\u00e9lies diamant \u00e0 croupion blanc<\/a><\/h2>\n\n\t\t\t\t<div class=\"su-post-meta\">\n\t\t\t\t\tPubli\u00e9: 12 d\u00e9cembre 2016\t\t\t\t<\/div>\n\n\t\t\t\t<div class=\"su-post-excerpt\">\n\t\t\t\t\t<h1>JUGEMENT<\/h1>\n<h2 style=\"text-align: right;\">Pierre CHANNOY<\/h2>\n<h6>Oiseaux du Monde n\u00b0342 &#8211; D\u00e9cembre 2016<\/h6>\n<h2>Remarque<\/h2>\n<p>La G\u00e9op\u00e9lie diamant grise croupion blanc est un oiseau h\u00e9t\u00e9rozygote, c&rsquo;est \u00e0 dire porteur en un seul exemplaire de la mutation \u00ab queue blanche \u00bb, dominante mais non l\u00e9thale \u00e0 l&rsquo;\u00e9tat homozygote. Cette derni\u00e8re modifie non seulement la couleur du croupion, mais &hellip; <\/p>\n<p><a class=\"more-link btn\" href=\"https:\/\/www.ornithologies.fr\/blog\/lesoiseauxdumonde\/geopelies-diamant-a-croupion-blanc\/\">Lire la suite<\/a><\/p>\n\t\t\t\t<\/div>\n\n\t\t\t\t\t\t\t\t\t<a href=\"https:\/\/www.ornithologies.fr\/blog\/lesoiseauxdumonde\/geopelies-diamant-a-croupion-blanc\/#respond\" class=\"su-post-comments-link\">0 commentaire<\/a>\n\t\t\t\t\n\t\t\t<\/div>\n\n\t\t\n\t\n<\/div>\n<\/div><\/div>\n<div class=\"su-spoiler su-spoiler-style-fancy su-spoiler-icon-arrow-circle-1 category-hybrides su-spoiler-closed\" data-scroll-offset=\"0\" data-anchor-in-url=\"no\"><div class=\"su-spoiler-title\" tabindex=\"0\" role=\"button\"><span class=\"su-spoiler-icon\"><\/span>Hybrides<\/div><div class=\"su-spoiler-content su-u-clearfix su-u-trim\">\n\n<div class=\"su-posts su-posts-default-loop \">\n\n\t\n\t\t\t\t\t\n\t\t\t\n\t\t\t<div id=\"su-post-765\" class=\"su-post \">\n\n\t\t\t\t\t\t\t\t\t<a class=\"su-post-thumbnail\" href=\"https:\/\/www.ornithologies.fr\/blog\/lesoiseauxdumonde\/elever-des-hybrides\/\"><img loading=\"lazy\" decoding=\"async\" width=\"224\" height=\"317\" src=\"https:\/\/www.ornithologies.fr\/blog\/lesoiseauxdumonde\/wp-content\/uploads\/sites\/4\/Carpodacus-X-Pyrrhula-224x317.jpg\" class=\"attachment-post-thumbnail size-post-thumbnail wp-post-image\" alt=\"\" srcset=\"https:\/\/www.ornithologies.fr\/blog\/lesoiseauxdumonde\/wp-content\/uploads\/sites\/4\/Carpodacus-X-Pyrrhula-224x317.jpg 224w, https:\/\/www.ornithologies.fr\/blog\/lesoiseauxdumonde\/wp-content\/uploads\/sites\/4\/Carpodacus-X-Pyrrhula-458x647.jpg 458w, https:\/\/www.ornithologies.fr\/blog\/lesoiseauxdumonde\/wp-content\/uploads\/sites\/4\/Carpodacus-X-Pyrrhula-212x300.jpg 212w, https:\/\/www.ornithologies.fr\/blog\/lesoiseauxdumonde\/wp-content\/uploads\/sites\/4\/Carpodacus-X-Pyrrhula.jpg 725w, https:\/\/www.ornithologies.fr\/blog\/lesoiseauxdumonde\/wp-content\/uploads\/sites\/4\/Carpodacus-X-Pyrrhula-600x847.jpg 600w\" sizes=\"auto, (max-width: 224px) 100vw, 224px\" \/><\/a>\n\t\t\t\t\n\t\t\t\t<h2 class=\"su-post-title\"><a href=\"https:\/\/www.ornithologies.fr\/blog\/lesoiseauxdumonde\/elever-des-hybrides\/\">\u00c9lever des hybrides ?<\/a><\/h2>\n\n\t\t\t\t<div class=\"su-post-meta\">\n\t\t\t\t\tPubli\u00e9: 26 d\u00e9cembre 2017\t\t\t\t<\/div>\n\n\t\t\t\t<div class=\"su-post-excerpt\">\n\t\t\t\t\t<h2 style=\"text-align: right;\">Armand GAVILAN<\/h2>\n<p> NDLR :<br \/> &#8211; L\u2019hybridation est une discipline reconnue par l\u2019UOF (COM France), mais par souci de pr\u00e9servation du patrimoine g\u00e9n\u00e9tique des oiseaux d\u2019\u00e9levage, ce type d\u2019\u00e9levage doit rester un exercice de challenge. L\u2019hybridation ne devrait \u00eatre recherch\u00e9e que dans un but de recherche zootechnique. Il faut \u00e9viter les m\u00e9tissages et &hellip; <\/p>\n<p><a class=\"more-link btn\" href=\"https:\/\/www.ornithologies.fr\/blog\/lesoiseauxdumonde\/elever-des-hybrides\/\">Lire la suite<\/a><\/p>\n\t\t\t\t<\/div>\n\n\t\t\t\t\t\t\t\t\t<a href=\"https:\/\/www.ornithologies.fr\/blog\/lesoiseauxdumonde\/elever-des-hybrides\/#comments\" class=\"su-post-comments-link\">1 commentaire<\/a>\n\t\t\t\t\n\t\t\t<\/div>\n\n\t\t\n\t\n<\/div>\n<\/div><\/div>\n<div class=\"su-spoiler su-spoiler-style-fancy su-spoiler-icon-arrow-circle-1 category-icc su-spoiler-closed\" data-scroll-offset=\"0\" data-anchor-in-url=\"no\"><div class=\"su-spoiler-title\" tabindex=\"0\" role=\"button\"><span class=\"su-spoiler-icon\"><\/span>Carduelin\u00e9s et Cardinalid\u00e9s<\/div><div class=\"su-spoiler-content su-u-clearfix su-u-trim\">\n\n<div class=\"su-posts su-posts-default-loop \">\n\n\t\n\t\t\t\t\t\n\t\t\t\n\t\t\t<div id=\"su-post-147\" class=\"su-post \">\n\n\t\t\t\t\t\t\t\t\t<a class=\"su-post-thumbnail\" href=\"https:\/\/www.ornithologies.fr\/blog\/lesoiseauxdumonde\/le-tarin-de-magellan\/\"><img loading=\"lazy\" decoding=\"async\" width=\"357\" height=\"317\" src=\"https:\/\/www.ornithologies.fr\/blog\/lesoiseauxdumonde\/wp-content\/uploads\/sites\/4\/1703-tarinmagellan-2-357x317.jpg\" class=\"attachment-post-thumbnail size-post-thumbnail wp-post-image\" alt=\"\" srcset=\"https:\/\/www.ornithologies.fr\/blog\/lesoiseauxdumonde\/wp-content\/uploads\/sites\/4\/1703-tarinmagellan-2-357x317.jpg 357w, https:\/\/www.ornithologies.fr\/blog\/lesoiseauxdumonde\/wp-content\/uploads\/sites\/4\/1703-tarinmagellan-2-150x133.jpg 150w, https:\/\/www.ornithologies.fr\/blog\/lesoiseauxdumonde\/wp-content\/uploads\/sites\/4\/1703-tarinmagellan-2-300x266.jpg 300w, https:\/\/www.ornithologies.fr\/blog\/lesoiseauxdumonde\/wp-content\/uploads\/sites\/4\/1703-tarinmagellan-2-768x682.jpg 768w, https:\/\/www.ornithologies.fr\/blog\/lesoiseauxdumonde\/wp-content\/uploads\/sites\/4\/1703-tarinmagellan-2.jpg 1024w, https:\/\/www.ornithologies.fr\/blog\/lesoiseauxdumonde\/wp-content\/uploads\/sites\/4\/1703-tarinmagellan-2-600x533.jpg 600w\" sizes=\"auto, (max-width: 357px) 100vw, 357px\" \/><\/a>\n\t\t\t\t\n\t\t\t\t<h2 class=\"su-post-title\"><a href=\"https:\/\/www.ornithologies.fr\/blog\/lesoiseauxdumonde\/le-tarin-de-magellan\/\">Le Tarin de Magellan<\/a><\/h2>\n\n\t\t\t\t<div class=\"su-post-meta\">\n\t\t\t\t\tPubli\u00e9: 12 avril 2017\t\t\t\t<\/div>\n\n\t\t\t\t<div class=\"su-post-excerpt\">\n\t\t\t\t\t<h1>OU CHARDONNERET DE MAGELLAN (suite)<\/h1>\n<h2 style=\"text-align: right;\">Daniel PARC<\/h2>\n<h6>Oiseaux du Monde n\u00b0345 &#8211; Mars 2017<\/h6>\n<h3>CHANT ET PARADE NUPTIALE :<\/h3>\n<p>Le Tarin de Magellan a un chant vari\u00e9, il \u00e9met des notes br\u00e8ves et r\u00e9p\u00e9t\u00e9es. Son chant est m\u00e9lodieux compos\u00e9 de gazouillis et de sifflements. Les m\u00e2les chantent souvent de concert dans les arbres, &hellip; <\/p>\n<p><a class=\"more-link btn\" href=\"https:\/\/www.ornithologies.fr\/blog\/lesoiseauxdumonde\/le-tarin-de-magellan\/\">Lire la suite<\/a><\/p>\n\t\t\t\t<\/div>\n\n\t\t\t\t\t\t\t\t\t<a href=\"https:\/\/www.ornithologies.fr\/blog\/lesoiseauxdumonde\/le-tarin-de-magellan\/#comments\" class=\"su-post-comments-link\">4 comments<\/a>\n\t\t\t\t\n\t\t\t<\/div>\n\n\t\t\t\t\t\n\t\t\t\n\t\t\t<div id=\"su-post-353\" class=\"su-post \">\n\n\t\t\t\t\t\t\t\t\t<a class=\"su-post-thumbnail\" href=\"https:\/\/www.ornithologies.fr\/blog\/lesoiseauxdumonde\/mon-experience-du-chardonneret\/\"><img loading=\"lazy\" decoding=\"async\" width=\"234\" height=\"317\" src=\"https:\/\/www.ornithologies.fr\/blog\/lesoiseauxdumonde\/wp-content\/uploads\/sites\/4\/Chardonneret-elegant-combinaison-tete-blanche-234x317.jpg\" class=\"attachment-post-thumbnail size-post-thumbnail wp-post-image\" alt=\"\" srcset=\"https:\/\/www.ornithologies.fr\/blog\/lesoiseauxdumonde\/wp-content\/uploads\/sites\/4\/Chardonneret-elegant-combinaison-tete-blanche-234x317.jpg 234w, https:\/\/www.ornithologies.fr\/blog\/lesoiseauxdumonde\/wp-content\/uploads\/sites\/4\/Chardonneret-elegant-combinaison-tete-blanche-111x150.jpg 111w, https:\/\/www.ornithologies.fr\/blog\/lesoiseauxdumonde\/wp-content\/uploads\/sites\/4\/Chardonneret-elegant-combinaison-tete-blanche-221x300.jpg 221w, https:\/\/www.ornithologies.fr\/blog\/lesoiseauxdumonde\/wp-content\/uploads\/sites\/4\/Chardonneret-elegant-combinaison-tete-blanche.jpg 755w, https:\/\/www.ornithologies.fr\/blog\/lesoiseauxdumonde\/wp-content\/uploads\/sites\/4\/Chardonneret-elegant-combinaison-tete-blanche-600x814.jpg 600w\" sizes=\"auto, (max-width: 234px) 100vw, 234px\" \/><\/a>\n\t\t\t\t\n\t\t\t\t<h2 class=\"su-post-title\"><a href=\"https:\/\/www.ornithologies.fr\/blog\/lesoiseauxdumonde\/mon-experience-du-chardonneret\/\">Mon Exp\u00e9rience du Chardonneret<\/a><\/h2>\n\n\t\t\t\t<div class=\"su-post-meta\">\n\t\t\t\t\tPubli\u00e9: 12 novembre 2016\t\t\t\t<\/div>\n\n\t\t\t\t<div class=\"su-post-excerpt\">\n\t\t\t\t\t<h1>(suite)<\/h1>\n<h2 style=\"text-align: right;\">Kamel LATR\u00c8CHE<\/h2>\n<h6>Oiseaux du Monde n\u00b0341 &#8211; Novembre 2016<\/h6>\n<h3>La mue<\/h3>\n<p>Les couples reproducteurs sont plac\u00e9s ensemble pendant la mue, les petits sont plac\u00e9s par groupe de 4 par cage ou par 10 dans une voli\u00e8re, je leur donne la p\u00e2t\u00e9e, des plantes sauvages de saison, de l&rsquo;Omnivit marque Versele Laga, du &hellip; <\/p>\n<p><a class=\"more-link btn\" href=\"https:\/\/www.ornithologies.fr\/blog\/lesoiseauxdumonde\/mon-experience-du-chardonneret\/\">Lire la suite<\/a><\/p>\n\t\t\t\t<\/div>\n\n\t\t\t\t\t\t\t\t\t<a href=\"https:\/\/www.ornithologies.fr\/blog\/lesoiseauxdumonde\/mon-experience-du-chardonneret\/#comments\" class=\"su-post-comments-link\">6 comments<\/a>\n\t\t\t\t\n\t\t\t<\/div>\n\n\t\t\n\t\n<\/div>\n<\/div><\/div>\n<div class=\"su-spoiler su-spoiler-style-fancy su-spoiler-icon-arrow-circle-1 category-la-page-du-debutant su-spoiler-closed\" data-scroll-offset=\"0\" data-anchor-in-url=\"no\"><div class=\"su-spoiler-title\" tabindex=\"0\" role=\"button\"><span class=\"su-spoiler-icon\"><\/span>D\u00e9butant<\/div><div class=\"su-spoiler-content su-u-clearfix su-u-trim\"><!--&#091;su_posts template=\"default\/teaser-loop.php\" posts_per_page=\"-1\" tax_term=\"62\" tax_operator=\"AND\" order=\"desc\"&#093;-->\n\n<div class=\"su-posts su-posts-default-loop \">\n\n\t\n\t\t\t\t\t\n\t\t\t\n\t\t\t<div id=\"su-post-1191\" class=\"su-post \">\n\n\t\t\t\t\t\t\t\t\t<a class=\"su-post-thumbnail\" href=\"https:\/\/www.ornithologies.fr\/blog\/lesoiseauxdumonde\/lananas-fruit-dananas-comosus\/\"><img loading=\"lazy\" decoding=\"async\" width=\"254\" height=\"317\" src=\"https:\/\/www.ornithologies.fr\/blog\/lesoiseauxdumonde\/wp-content\/uploads\/sites\/4\/ananas-tranche-254x317.jpg\" class=\"attachment-post-thumbnail size-post-thumbnail wp-post-image\" alt=\"\" srcset=\"https:\/\/www.ornithologies.fr\/blog\/lesoiseauxdumonde\/wp-content\/uploads\/sites\/4\/ananas-tranche-254x317.jpg 254w, https:\/\/www.ornithologies.fr\/blog\/lesoiseauxdumonde\/wp-content\/uploads\/sites\/4\/ananas-tranche-500x623.jpg 500w, https:\/\/www.ornithologies.fr\/blog\/lesoiseauxdumonde\/wp-content\/uploads\/sites\/4\/ananas-tranche-241x300.jpg 241w, https:\/\/www.ornithologies.fr\/blog\/lesoiseauxdumonde\/wp-content\/uploads\/sites\/4\/ananas-tranche-600x748.jpg 600w, https:\/\/www.ornithologies.fr\/blog\/lesoiseauxdumonde\/wp-content\/uploads\/sites\/4\/ananas-tranche.jpg 642w\" sizes=\"auto, (max-width: 254px) 100vw, 254px\" \/><\/a>\n\t\t\t\t\n\t\t\t\t<h2 class=\"su-post-title\"><a href=\"https:\/\/www.ornithologies.fr\/blog\/lesoiseauxdumonde\/lananas-fruit-dananas-comosus\/\">L&rsquo;Ananas, fruit d&rsquo;Ananas comosus<\/a><\/h2>\n\n\t\t\t\t<div class=\"su-post-meta\">\n\t\t\t\t\tPubli\u00e9: 26 avril 2018\t\t\t\t<\/div>\n\n\t\t\t\t<div class=\"su-post-excerpt\">\n\t\t\t\t\t<h1 style=\"text-align: left;\">La Page du D\u00e9butant<\/h1>\n<h2 style=\"text-align: right;\"> Marc BUMB<br \/> Lionel DUROCHAT<br \/> Photos M. Bumb<\/h2>\n<h5 style=\"text-align: left;\">Cet article a d\u00e9j\u00e0 \u00e9t\u00e9 publi\u00e9 sur le site de l&rsquo;amicale des \u00e9leveurs de passereaux<\/h5>\n<h6>Oiseaux du Monde n\u00b0353 &#8211; Janvier 2018<\/h6>\n<h3>Composition<\/h3>\n<p>Il renferme une bonne proportion de Potassium (K) et Magn\u00e9sium (Mg). En &hellip; <\/p>\n<p><a class=\"more-link btn\" href=\"https:\/\/www.ornithologies.fr\/blog\/lesoiseauxdumonde\/lananas-fruit-dananas-comosus\/\">Lire la suite<\/a><\/p>\n\t\t\t\t<\/div>\n\n\t\t\t\t\t\t\t\t\t<a href=\"https:\/\/www.ornithologies.fr\/blog\/lesoiseauxdumonde\/lananas-fruit-dananas-comosus\/#respond\" class=\"su-post-comments-link\">0 commentaire<\/a>\n\t\t\t\t\n\t\t\t<\/div>\n\n\t\t\n\t\n<\/div>\n<\/div><\/div>\n<div class=\"su-spoiler su-spoiler-style-fancy su-spoiler-icon-arrow-circle-1 category-psittacom su-spoiler-closed\" data-scroll-offset=\"0\" data-anchor-in-url=\"no\"><div class=\"su-spoiler-title\" tabindex=\"0\" role=\"button\"><span class=\"su-spoiler-icon\"><\/span>Psittacid\u00e9s<\/div><div class=\"su-spoiler-content su-u-clearfix su-u-trim\">\n\n<div class=\"su-posts su-posts-default-loop \">\n\n\t\n\t\t\t\t\t\n\t\t\t\n\t\t\t<div id=\"su-post-2341\" class=\"su-post \">\n\n\t\t\t\t\t\t\t\t\t<a class=\"su-post-thumbnail\" href=\"https:\/\/www.ornithologies.fr\/blog\/lesoiseauxdumonde\/la-mutation-fallow-de-la-calopsitte-elegante\/\"><img loading=\"lazy\" decoding=\"async\" width=\"684\" height=\"960\" src=\"https:\/\/www.ornithologies.fr\/blog\/lesoiseauxdumonde\/wp-content\/uploads\/sites\/4\/Calopsitte-femelle-bronze-fallow-adulte-photo-Mariano-Piscopo-684x960.jpg\" class=\"attachment-post-thumbnail size-post-thumbnail wp-post-image\" alt=\"\" srcset=\"https:\/\/www.ornithologies.fr\/blog\/lesoiseauxdumonde\/wp-content\/uploads\/sites\/4\/Calopsitte-femelle-bronze-fallow-adulte-photo-Mariano-Piscopo-684x960.jpg 684w, https:\/\/www.ornithologies.fr\/blog\/lesoiseauxdumonde\/wp-content\/uploads\/sites\/4\/Calopsitte-femelle-bronze-fallow-adulte-photo-Mariano-Piscopo-214x300.jpg 214w, https:\/\/www.ornithologies.fr\/blog\/lesoiseauxdumonde\/wp-content\/uploads\/sites\/4\/Calopsitte-femelle-bronze-fallow-adulte-photo-Mariano-Piscopo-461x647.jpg 461w, https:\/\/www.ornithologies.fr\/blog\/lesoiseauxdumonde\/wp-content\/uploads\/sites\/4\/Calopsitte-femelle-bronze-fallow-adulte-photo-Mariano-Piscopo-768x1078.jpg 768w, https:\/\/www.ornithologies.fr\/blog\/lesoiseauxdumonde\/wp-content\/uploads\/sites\/4\/Calopsitte-femelle-bronze-fallow-adulte-photo-Mariano-Piscopo-750x1053.jpg 750w, https:\/\/www.ornithologies.fr\/blog\/lesoiseauxdumonde\/wp-content\/uploads\/sites\/4\/Calopsitte-femelle-bronze-fallow-adulte-photo-Mariano-Piscopo-600x842.jpg 600w, https:\/\/www.ornithologies.fr\/blog\/lesoiseauxdumonde\/wp-content\/uploads\/sites\/4\/Calopsitte-femelle-bronze-fallow-adulte-photo-Mariano-Piscopo.jpg 912w\" sizes=\"auto, (max-width: 684px) 100vw, 684px\" \/><\/a>\n\t\t\t\t\n\t\t\t\t<h2 class=\"su-post-title\"><a href=\"https:\/\/www.ornithologies.fr\/blog\/lesoiseauxdumonde\/la-mutation-fallow-de-la-calopsitte-elegante\/\">La mutation fallow de la Calopsitte \u00e9l\u00e9gante<\/a><\/h2>\n\n\t\t\t\t<div class=\"su-post-meta\">\n\t\t\t\t\tPubli\u00e9: 17 janvier 2022\t\t\t\t<\/div>\n\n\t\t\t\t<div class=\"su-post-excerpt\">\n\t\t\t\t\t<h2 class=\"has-text-align-right wp-block-heading\">Mariano Piscoppo<br \/>(Italie)<\/h2>\n<h6 class=\"wp-block-heading\">Oiseaux du Monde n\u00b0391 &#8211; Novembre 2021<\/h6>\n<h3 class=\"wp-block-heading\">Pr\u00e9sentation<\/h3>\n<p>La Calopsitte \u00e9l\u00e9gante, Nymphicus hollandicus, anciennement connu sous le nom scientifique de \u00ab Leptolophus hollandicus \u00bb, est actuellement reconnue, apr\u00e8s de nombreuses controverses, comme la plus petite esp\u00e8ce de la famille des Cacatuidae. Elle a des origines australiennes et sa pr\u00e9sence &hellip; <\/p>\n<p><a class=\"more-link btn\" href=\"https:\/\/www.ornithologies.fr\/blog\/lesoiseauxdumonde\/la-mutation-fallow-de-la-calopsitte-elegante\/\">Lire la suite<\/a><\/p>\n\t\t\t\t<\/div>\n\n\t\t\t\t\t\t\t\t\t<a href=\"https:\/\/www.ornithologies.fr\/blog\/lesoiseauxdumonde\/la-mutation-fallow-de-la-calopsitte-elegante\/#respond\" class=\"su-post-comments-link\">0 commentaire<\/a>\n\t\t\t\t\n\t\t\t<\/div>\n\n\t\t\t\t\t\n\t\t\t\n\t\t\t<div id=\"su-post-1688\" class=\"su-post \">\n\n\t\t\t\t\t\t\t\t\t<a class=\"su-post-thumbnail\" href=\"https:\/\/www.ornithologies.fr\/blog\/lesoiseauxdumonde\/sel-oz-et-ses-mutations\/\"><img loading=\"lazy\" decoding=\"async\" width=\"712\" height=\"960\" src=\"https:\/\/www.ornithologies.fr\/blog\/lesoiseauxdumonde\/wp-content\/uploads\/sites\/4\/fischeri-turquoise-violet-opaline-712x960.jpg\" class=\"attachment-post-thumbnail size-post-thumbnail wp-post-image\" alt=\"\" srcset=\"https:\/\/www.ornithologies.fr\/blog\/lesoiseauxdumonde\/wp-content\/uploads\/sites\/4\/fischeri-turquoise-violet-opaline-712x960.jpg 712w, https:\/\/www.ornithologies.fr\/blog\/lesoiseauxdumonde\/wp-content\/uploads\/sites\/4\/fischeri-turquoise-violet-opaline-480x647.jpg 480w, https:\/\/www.ornithologies.fr\/blog\/lesoiseauxdumonde\/wp-content\/uploads\/sites\/4\/fischeri-turquoise-violet-opaline-222x300.jpg 222w, https:\/\/www.ornithologies.fr\/blog\/lesoiseauxdumonde\/wp-content\/uploads\/sites\/4\/fischeri-turquoise-violet-opaline.jpg 759w, https:\/\/www.ornithologies.fr\/blog\/lesoiseauxdumonde\/wp-content\/uploads\/sites\/4\/fischeri-turquoise-violet-opaline-600x809.jpg 600w\" sizes=\"auto, (max-width: 712px) 100vw, 712px\" \/><\/a>\n\t\t\t\t\n\t\t\t\t<h2 class=\"su-post-title\"><a href=\"https:\/\/www.ornithologies.fr\/blog\/lesoiseauxdumonde\/sel-oz-et-ses-mutations\/\">Sel Oz et ses mutations<\/a><\/h2>\n\n\t\t\t\t<div class=\"su-post-meta\">\n\t\t\t\t\tPubli\u00e9: 28 juillet 2020\t\t\t\t<\/div>\n\n\t\t\t\t<div class=\"su-post-excerpt\">\n\t\t\t\t\t<p style=\"text-align: right;\">par Lionel Durochat<br \/> Photos Sel Oz<\/p>\n<h6>Oiseaux du Monde n\u00b0377 &#8211; Mai 2020<\/h6>\n<h5>ODM : bonjour Monsieur Oz, pouvez-vous vous pr\u00e9senter \u00e0 nos lecteurs\u00a0?<\/h5>\n<p>Je m&rsquo;appelle Sel, je vis avec mon partenaire Elfriede dans un petit village appel\u00e9 Menaam. J&rsquo;ai un grand amour pour les animaux depuis mon plus jeune \u00e2ge. Enfant, &hellip; <\/p>\n<p><a class=\"more-link btn\" href=\"https:\/\/www.ornithologies.fr\/blog\/lesoiseauxdumonde\/sel-oz-et-ses-mutations\/\">Lire la suite<\/a><\/p>\n\t\t\t\t<\/div>\n\n\t\t\t\t\t\t\t\t\t<a href=\"https:\/\/www.ornithologies.fr\/blog\/lesoiseauxdumonde\/sel-oz-et-ses-mutations\/#comments\" class=\"su-post-comments-link\">3 comments<\/a>\n\t\t\t\t\n\t\t\t<\/div>\n\n\t\t\t\t\t\n\t\t\t\n\t\t\t<div id=\"su-post-1255\" class=\"su-post \">\n\n\t\t\t\t\t\t\t\t\t<a class=\"su-post-thumbnail\" href=\"https:\/\/www.ornithologies.fr\/blog\/lesoiseauxdumonde\/les-perruches-du-genre-polytelis\/\"><img loading=\"lazy\" decoding=\"async\" width=\"223\" height=\"317\" src=\"https:\/\/www.ornithologies.fr\/blog\/lesoiseauxdumonde\/wp-content\/uploads\/sites\/4\/perruche-de-barraband-male-223x317.jpg\" class=\"attachment-post-thumbnail size-post-thumbnail wp-post-image\" alt=\"\" srcset=\"https:\/\/www.ornithologies.fr\/blog\/lesoiseauxdumonde\/wp-content\/uploads\/sites\/4\/perruche-de-barraband-male-223x317.jpg 223w, https:\/\/www.ornithologies.fr\/blog\/lesoiseauxdumonde\/wp-content\/uploads\/sites\/4\/perruche-de-barraband-male-454x647.jpg 454w, https:\/\/www.ornithologies.fr\/blog\/lesoiseauxdumonde\/wp-content\/uploads\/sites\/4\/perruche-de-barraband-male-211x300.jpg 211w, https:\/\/www.ornithologies.fr\/blog\/lesoiseauxdumonde\/wp-content\/uploads\/sites\/4\/perruche-de-barraband-male.jpg 719w, https:\/\/www.ornithologies.fr\/blog\/lesoiseauxdumonde\/wp-content\/uploads\/sites\/4\/perruche-de-barraband-male-600x855.jpg 600w\" sizes=\"auto, (max-width: 223px) 100vw, 223px\" \/><\/a>\n\t\t\t\t\n\t\t\t\t<h2 class=\"su-post-title\"><a href=\"https:\/\/www.ornithologies.fr\/blog\/lesoiseauxdumonde\/les-perruches-du-genre-polytelis\/\">Les Perruches du Genre Polytelis<\/a><\/h2>\n\n\t\t\t\t<div class=\"su-post-meta\">\n\t\t\t\t\tPubli\u00e9: 18 juin 2018\t\t\t\t<\/div>\n\n\t\t\t\t<div class=\"su-post-excerpt\">\n\t\t\t\t\t<h2 style=\"text-align: right;\">Lionel\u00a0 DUROCHAT<\/h2>\n<h6>Oiseaux du Monde n\u00b0355 &#8211; Mars 2018<\/h6>\n<h3>Nomenclature<\/h3>\n<h4>Le genre Polytelis (Wagler, 1832) comprend 3 esp\u00e8ces :<\/h4>\n<ul>\n<li>Perruche de Barraband (Superb Parrot) = Polytelis swainsonii (Desmarest, 1826)<\/li>\n<li>Perruche m\u00e9lanure (Regent Parrot) = Polytelis anthopeplus (Lear, 1831),<br \/> avec deux sous-esp\u00e8ces : P. a. anthopeplus et P. a. monarchoides<\/li>\n<li>Perruche d&rsquo;Alexandra &hellip;\n<p><a class=\"more-link btn\" href=\"https:\/\/www.ornithologies.fr\/blog\/lesoiseauxdumonde\/les-perruches-du-genre-polytelis\/\">Lire la suite<\/a><\/p>\n<\/li>\n<\/ul>\n\t\t\t\t<\/div>\n\n\t\t\t\t\t\t\t\t\t<a href=\"https:\/\/www.ornithologies.fr\/blog\/lesoiseauxdumonde\/les-perruches-du-genre-polytelis\/#respond\" class=\"su-post-comments-link\">0 commentaire<\/a>\n\t\t\t\t\n\t\t\t<\/div>\n\n\t\t\t\t\t\n\t\t\t\n\t\t\t<div id=\"su-post-950\" class=\"su-post \">\n\n\t\t\t\t\t\t\t\t\t<a class=\"su-post-thumbnail\" href=\"https:\/\/www.ornithologies.fr\/blog\/lesoiseauxdumonde\/le-caique-maipouri\/\"><img loading=\"lazy\" decoding=\"async\" width=\"224\" height=\"317\" src=\"https:\/\/www.ornithologies.fr\/blog\/lesoiseauxdumonde\/wp-content\/uploads\/sites\/4\/Caique-maipouri-2-224x317.jpg\" class=\"attachment-post-thumbnail size-post-thumbnail wp-post-image\" alt=\"\" srcset=\"https:\/\/www.ornithologies.fr\/blog\/lesoiseauxdumonde\/wp-content\/uploads\/sites\/4\/Caique-maipouri-2-224x317.jpg 224w, https:\/\/www.ornithologies.fr\/blog\/lesoiseauxdumonde\/wp-content\/uploads\/sites\/4\/Caique-maipouri-2-457x647.jpg 457w, https:\/\/www.ornithologies.fr\/blog\/lesoiseauxdumonde\/wp-content\/uploads\/sites\/4\/Caique-maipouri-2-212x300.jpg 212w, https:\/\/www.ornithologies.fr\/blog\/lesoiseauxdumonde\/wp-content\/uploads\/sites\/4\/Caique-maipouri-2.jpg 723w, https:\/\/www.ornithologies.fr\/blog\/lesoiseauxdumonde\/wp-content\/uploads\/sites\/4\/Caique-maipouri-2-600x850.jpg 600w\" sizes=\"auto, (max-width: 224px) 100vw, 224px\" \/><\/a>\n\t\t\t\t\n\t\t\t\t<h2 class=\"su-post-title\"><a href=\"https:\/\/www.ornithologies.fr\/blog\/lesoiseauxdumonde\/le-caique-maipouri\/\">Le Ca\u00efque ma\u00efpouri<\/a><\/h2>\n\n\t\t\t\t<div class=\"su-post-meta\">\n\t\t\t\t\tPubli\u00e9: 26 f\u00e9vrier 2018\t\t\t\t<\/div>\n\n\t\t\t\t<div class=\"su-post-excerpt\">\n\t\t\t\t\t<h1 style=\"text-align: left;\">Exp\u00e9rience d&rsquo;\u00e9levage<\/h1>\n<h2 style=\"text-align: right;\">Daniel ROBERT<\/h2>\n<h6>Oiseaux du Monde n\u00b0352 &#8211; D\u00e9cembre 2017<\/h6>\n<h4>Plus commun\u00e9ment appel\u00e9 Ca\u00efque \u00e0 t\u00eate noire il appartient \u00e0 la famille des Psittacidae.<\/h4>\n<p>\u00c9leveur amateur d&rsquo;oiseaux exotiques, j&rsquo;ai toujours eu un penchant pour les perruches et perroquets originaires d&rsquo;Australie. Pourtant il y a quelques ann\u00e9es j&rsquo;ai eu l&rsquo;occasion de &hellip; <\/p>\n<p><a class=\"more-link btn\" href=\"https:\/\/www.ornithologies.fr\/blog\/lesoiseauxdumonde\/le-caique-maipouri\/\">Lire la suite<\/a><\/p>\n\t\t\t\t<\/div>\n\n\t\t\t\t\t\t\t\t\t<a href=\"https:\/\/www.ornithologies.fr\/blog\/lesoiseauxdumonde\/le-caique-maipouri\/#respond\" class=\"su-post-comments-link\">0 commentaire<\/a>\n\t\t\t\t\n\t\t\t<\/div>\n\n\t\t\t\t\t\n\t\t\t\n\t\t\t<div id=\"su-post-729\" class=\"su-post \">\n\n\t\t\t\t\t\t\t\t\t<a class=\"su-post-thumbnail\" href=\"https:\/\/www.ornithologies.fr\/blog\/lesoiseauxdumonde\/la-princesse-de-galles\/\"><img loading=\"lazy\" decoding=\"async\" width=\"224\" height=\"317\" src=\"https:\/\/www.ornithologies.fr\/blog\/lesoiseauxdumonde\/wp-content\/uploads\/sites\/4\/Princesse-de-Galles-224x317.jpg\" class=\"attachment-post-thumbnail size-post-thumbnail wp-post-image\" alt=\"\" srcset=\"https:\/\/www.ornithologies.fr\/blog\/lesoiseauxdumonde\/wp-content\/uploads\/sites\/4\/Princesse-de-Galles-224x317.jpg 224w, https:\/\/www.ornithologies.fr\/blog\/lesoiseauxdumonde\/wp-content\/uploads\/sites\/4\/Princesse-de-Galles-457x647.jpg 457w, https:\/\/www.ornithologies.fr\/blog\/lesoiseauxdumonde\/wp-content\/uploads\/sites\/4\/Princesse-de-Galles-212x300.jpg 212w, https:\/\/www.ornithologies.fr\/blog\/lesoiseauxdumonde\/wp-content\/uploads\/sites\/4\/Princesse-de-Galles.jpg 723w, https:\/\/www.ornithologies.fr\/blog\/lesoiseauxdumonde\/wp-content\/uploads\/sites\/4\/Princesse-de-Galles-600x850.jpg 600w\" sizes=\"auto, (max-width: 224px) 100vw, 224px\" \/><\/a>\n\t\t\t\t\n\t\t\t\t<h2 class=\"su-post-title\"><a href=\"https:\/\/www.ornithologies.fr\/blog\/lesoiseauxdumonde\/la-princesse-de-galles\/\">La Princesse de Galles<\/a><\/h2>\n\n\t\t\t\t<div class=\"su-post-meta\">\n\t\t\t\t\tPubli\u00e9: 1 d\u00e9cembre 2017\t\t\t\t<\/div>\n\n\t\t\t\t<div class=\"su-post-excerpt\">\n\t\t\t\t\t<h1>(Polytelis alexandrae)<\/h1>\n<h2>Michel MESSINA<\/h2>\n<h6>Oiseaux du Monde n\u00b0349 &#8211; Ao\u00fbt\/Septembre 2017<\/h6>\n<p>La Princesse de Galles appartient au genre des polyt\u00e8les avec les barabands et les m\u00e9lanures. La Princesse de Galles est un oiseau qui a un port et une silhouette superbes, des couleurs pastels aux nuances harmonieuses. Originaire de l&rsquo;Australie, on peut dire qu&rsquo;elle n&rsquo;a &hellip; <\/p>\n<p><a class=\"more-link btn\" href=\"https:\/\/www.ornithologies.fr\/blog\/lesoiseauxdumonde\/la-princesse-de-galles\/\">Lire la suite<\/a><\/p>\n\t\t\t\t<\/div>\n\n\t\t\t\t\t\t\t\t\t<a href=\"https:\/\/www.ornithologies.fr\/blog\/lesoiseauxdumonde\/la-princesse-de-galles\/#comments\" class=\"su-post-comments-link\">3 comments<\/a>\n\t\t\t\t\n\t\t\t<\/div>\n\n\t\t\t\t\t\n\t\t\t\n\t\t\t<div id=\"su-post-482\" class=\"su-post \">\n\n\t\t\t\t\t\t\t\t\t<a class=\"su-post-thumbnail\" href=\"https:\/\/www.ornithologies.fr\/blog\/lesoiseauxdumonde\/loris-et-loriquets\/\"><img loading=\"lazy\" decoding=\"async\" width=\"227\" height=\"317\" src=\"https:\/\/www.ornithologies.fr\/blog\/lesoiseauxdumonde\/wp-content\/uploads\/sites\/4\/Lori-des-dames-227x317.jpg\" class=\"attachment-post-thumbnail size-post-thumbnail wp-post-image\" alt=\"\" srcset=\"https:\/\/www.ornithologies.fr\/blog\/lesoiseauxdumonde\/wp-content\/uploads\/sites\/4\/Lori-des-dames-227x317.jpg 227w, https:\/\/www.ornithologies.fr\/blog\/lesoiseauxdumonde\/wp-content\/uploads\/sites\/4\/Lori-des-dames-107x150.jpg 107w, https:\/\/www.ornithologies.fr\/blog\/lesoiseauxdumonde\/wp-content\/uploads\/sites\/4\/Lori-des-dames-215x300.jpg 215w, https:\/\/www.ornithologies.fr\/blog\/lesoiseauxdumonde\/wp-content\/uploads\/sites\/4\/Lori-des-dames.jpg 733w, https:\/\/www.ornithologies.fr\/blog\/lesoiseauxdumonde\/wp-content\/uploads\/sites\/4\/Lori-des-dames-600x838.jpg 600w\" sizes=\"auto, (max-width: 227px) 100vw, 227px\" \/><\/a>\n\t\t\t\t\n\t\t\t\t<h2 class=\"su-post-title\"><a href=\"https:\/\/www.ornithologies.fr\/blog\/lesoiseauxdumonde\/loris-et-loriquets\/\">Loris et Loriquets<\/a><\/h2>\n\n\t\t\t\t<div class=\"su-post-meta\">\n\t\t\t\t\tPubli\u00e9: 7 juillet 2017\t\t\t\t<\/div>\n\n\t\t\t\t<div class=\"su-post-excerpt\">\n\t\t\t\t\t<h2 style=\"text-align: right;\">Claude H\u00c9RON<\/h2>\n<h6>Oiseaux du Monde n\u00b0347 &#8211; Mai 2017<\/h6>\n<p>Rien n&rsquo;est plus passionnant que d&rsquo;\u00e9lever des loris, ils sont comme une palette de couleurs vives : en plus elle bouge beaucoup. D&rsquo;un caract\u00e8re entier, ils ne cessent de manifester leur joie de vivre : J&rsquo;en poss\u00e8de maintenant une bonne quinzaine et ils me &hellip; <\/p>\n<p><a class=\"more-link btn\" href=\"https:\/\/www.ornithologies.fr\/blog\/lesoiseauxdumonde\/loris-et-loriquets\/\">Lire la suite<\/a><\/p>\n\t\t\t\t<\/div>\n\n\t\t\t\t\t\t\t\t\t<a href=\"https:\/\/www.ornithologies.fr\/blog\/lesoiseauxdumonde\/loris-et-loriquets\/#comments\" class=\"su-post-comments-link\">5 comments<\/a>\n\t\t\t\t\n\t\t\t<\/div>\n\n\t\t\t\t\t\n\t\t\t\n\t\t\t<div id=\"su-post-216\" class=\"su-post \">\n\n\t\t\t\t\t\t\t\t\t<a class=\"su-post-thumbnail\" href=\"https:\/\/www.ornithologies.fr\/blog\/lesoiseauxdumonde\/les-perruches-splendides-ma-passion\/\"><img loading=\"lazy\" decoding=\"async\" width=\"240\" height=\"317\" src=\"https:\/\/www.ornithologies.fr\/blog\/lesoiseauxdumonde\/wp-content\/uploads\/sites\/4\/Perruches-splendides-1-240x317.jpg\" class=\"attachment-post-thumbnail size-post-thumbnail wp-post-image\" alt=\"\" srcset=\"https:\/\/www.ornithologies.fr\/blog\/lesoiseauxdumonde\/wp-content\/uploads\/sites\/4\/Perruches-splendides-1-240x317.jpg 240w, https:\/\/www.ornithologies.fr\/blog\/lesoiseauxdumonde\/wp-content\/uploads\/sites\/4\/Perruches-splendides-1-113x150.jpg 113w, https:\/\/www.ornithologies.fr\/blog\/lesoiseauxdumonde\/wp-content\/uploads\/sites\/4\/Perruches-splendides-1-227x300.jpg 227w, https:\/\/www.ornithologies.fr\/blog\/lesoiseauxdumonde\/wp-content\/uploads\/sites\/4\/Perruches-splendides-1-768x1016.jpg 768w, https:\/\/www.ornithologies.fr\/blog\/lesoiseauxdumonde\/wp-content\/uploads\/sites\/4\/Perruches-splendides-1-774x1024.jpg 774w, https:\/\/www.ornithologies.fr\/blog\/lesoiseauxdumonde\/wp-content\/uploads\/sites\/4\/Perruches-splendides-1-600x793.jpg 600w, https:\/\/www.ornithologies.fr\/blog\/lesoiseauxdumonde\/wp-content\/uploads\/sites\/4\/Perruches-splendides-1.jpg 1024w\" sizes=\"auto, (max-width: 240px) 100vw, 240px\" \/><\/a>\n\t\t\t\t\n\t\t\t\t<h2 class=\"su-post-title\"><a href=\"https:\/\/www.ornithologies.fr\/blog\/lesoiseauxdumonde\/les-perruches-splendides-ma-passion\/\">Les Perruches splendides, ma passion<\/a><\/h2>\n\n\t\t\t\t<div class=\"su-post-meta\">\n\t\t\t\t\tPubli\u00e9: 12 mars 2017\t\t\t\t<\/div>\n\n\t\t\t\t<div class=\"su-post-excerpt\">\n\t\t\t\t\t<h1 style=\"text-align: left;\">(Neophema splendida)<\/h1>\n<h2 style=\"text-align: right;\">Claude BOHLER<\/h2>\n<h6>Oiseaux du Monde n\u00b0344 &#8211; F\u00e9vrier 2017<\/h6>\n<p>Eleveur de canaris depuis ma plus tendre enfance, je me suis pris de passion pour la Perruche splendide en couleur sauvage d\u00e8s leur apparition en concours !<\/p>\n<p>Ayant longtemps essay\u00e9 (en vain) d&rsquo;acqu\u00e9rir un couple aupr\u00e8s de M. Hinterlang qui &hellip; <\/p>\n<p><a class=\"more-link btn\" href=\"https:\/\/www.ornithologies.fr\/blog\/lesoiseauxdumonde\/les-perruches-splendides-ma-passion\/\">Lire la suite<\/a><\/p>\n\t\t\t\t<\/div>\n\n\t\t\t\t\t\t\t\t\t<a href=\"https:\/\/www.ornithologies.fr\/blog\/lesoiseauxdumonde\/les-perruches-splendides-ma-passion\/#comments\" class=\"su-post-comments-link\">2 comments<\/a>\n\t\t\t\t\n\t\t\t<\/div>\n\n\t\t\t\t\t\n\t\t\t\n\t\t\t<div id=\"su-post-290\" class=\"su-post \">\n\n\t\t\t\t\t\t\t\t\t<a class=\"su-post-thumbnail\" href=\"https:\/\/www.ornithologies.fr\/blog\/lesoiseauxdumonde\/elever-des-perruches-pour-le-fun-ou-la-couleur\/\"><img loading=\"lazy\" decoding=\"async\" width=\"224\" height=\"317\" src=\"https:\/\/www.ornithologies.fr\/blog\/lesoiseauxdumonde\/wp-content\/uploads\/sites\/4\/Perruches-ondul\u00e9es-lutino-224x317.jpg\" class=\"attachment-post-thumbnail size-post-thumbnail wp-post-image\" alt=\"\" srcset=\"https:\/\/www.ornithologies.fr\/blog\/lesoiseauxdumonde\/wp-content\/uploads\/sites\/4\/Perruches-ondul\u00e9es-lutino-224x317.jpg 224w, https:\/\/www.ornithologies.fr\/blog\/lesoiseauxdumonde\/wp-content\/uploads\/sites\/4\/Perruches-ondul\u00e9es-lutino-106x150.jpg 106w, https:\/\/www.ornithologies.fr\/blog\/lesoiseauxdumonde\/wp-content\/uploads\/sites\/4\/Perruches-ondul\u00e9es-lutino-212x300.jpg 212w, https:\/\/www.ornithologies.fr\/blog\/lesoiseauxdumonde\/wp-content\/uploads\/sites\/4\/Perruches-ondul\u00e9es-lutino.jpg 724w, https:\/\/www.ornithologies.fr\/blog\/lesoiseauxdumonde\/wp-content\/uploads\/sites\/4\/Perruches-ondul\u00e9es-lutino-600x849.jpg 600w\" sizes=\"auto, (max-width: 224px) 100vw, 224px\" \/><\/a>\n\t\t\t\t\n\t\t\t\t<h2 class=\"su-post-title\"><a href=\"https:\/\/www.ornithologies.fr\/blog\/lesoiseauxdumonde\/elever-des-perruches-pour-le-fun-ou-la-couleur\/\">\u00c9lever des Perruches pour le \u00ab\u00a0fun\u00a0\u00bb ou la couleur<\/a><\/h2>\n\n\t\t\t\t<div class=\"su-post-meta\">\n\t\t\t\t\tPubli\u00e9: 12 f\u00e9vrier 2017\t\t\t\t<\/div>\n\n\t\t\t\t<div class=\"su-post-excerpt\">\n\t\t\t\t\t<h2 style=\"text-align: right;\">Heith HUNT<\/h2>\n<h5 style=\"text-align: right;\">Trad. Jean-Luc Rodier<br \/> Bull. BRASEA<\/h5>\n<h6>Oiseaux du Monde n\u00b0343 &#8211; Janvier 2017<\/h6>\n<p>Tout le monde ne souhaite pas \u00e9lever des perruches pour les exposer. D&rsquo;ailleurs pourquoi le devraient-ils ?<\/p>\n<p>Nous avons tous ce hobby parce que nous sommes attir\u00e9s par les couleurs, l&rsquo;activit\u00e9 et le caract\u00e8re des perruches &hellip; <\/p>\n<p><a class=\"more-link btn\" href=\"https:\/\/www.ornithologies.fr\/blog\/lesoiseauxdumonde\/elever-des-perruches-pour-le-fun-ou-la-couleur\/\">Lire la suite<\/a><\/p>\n\t\t\t\t<\/div>\n\n\t\t\t\t\t\t\t\t\t<a href=\"https:\/\/www.ornithologies.fr\/blog\/lesoiseauxdumonde\/elever-des-perruches-pour-le-fun-ou-la-couleur\/#respond\" class=\"su-post-comments-link\">0 commentaire<\/a>\n\t\t\t\t\n\t\t\t<\/div>\n\n\t\t\t\t\t\n\t\t\t\n\t\t\t<div id=\"su-post-422\" class=\"su-post \">\n\n\t\t\t\t\t\t\t\t\t<a class=\"su-post-thumbnail\" href=\"https:\/\/www.ornithologies.fr\/blog\/lesoiseauxdumonde\/linseparable-masque-devoile\/\"><img loading=\"lazy\" decoding=\"async\" width=\"224\" height=\"317\" src=\"https:\/\/www.ornithologies.fr\/blog\/lesoiseauxdumonde\/wp-content\/uploads\/sites\/4\/inseparable-masque-1-224x317.jpg\" class=\"attachment-post-thumbnail size-post-thumbnail wp-post-image\" alt=\"\" srcset=\"https:\/\/www.ornithologies.fr\/blog\/lesoiseauxdumonde\/wp-content\/uploads\/sites\/4\/inseparable-masque-1-224x317.jpg 224w, https:\/\/www.ornithologies.fr\/blog\/lesoiseauxdumonde\/wp-content\/uploads\/sites\/4\/inseparable-masque-1-106x150.jpg 106w, https:\/\/www.ornithologies.fr\/blog\/lesoiseauxdumonde\/wp-content\/uploads\/sites\/4\/inseparable-masque-1-212x300.jpg 212w, https:\/\/www.ornithologies.fr\/blog\/lesoiseauxdumonde\/wp-content\/uploads\/sites\/4\/inseparable-masque-1.jpg 724w, https:\/\/www.ornithologies.fr\/blog\/lesoiseauxdumonde\/wp-content\/uploads\/sites\/4\/inseparable-masque-1-600x849.jpg 600w\" sizes=\"auto, (max-width: 224px) 100vw, 224px\" \/><\/a>\n\t\t\t\t\n\t\t\t\t<h2 class=\"su-post-title\"><a href=\"https:\/\/www.ornithologies.fr\/blog\/lesoiseauxdumonde\/linseparable-masque-devoile\/\">L&rsquo;ins\u00e9parable masqu\u00e9 d\u00e9voil\u00e9<\/a><\/h2>\n\n\t\t\t\t<div class=\"su-post-meta\">\n\t\t\t\t\tPubli\u00e9: 12 juin 2016\t\t\t\t<\/div>\n\n\t\t\t\t<div class=\"su-post-excerpt\">\n\t\t\t\t\t<h1 style=\"text-align: left;\">Agapornis personatus (1\u00e8re partie)<\/h1>\n<h2 style=\"text-align: right;\">H. W. J. van der LINDEN<\/h2>\n<h6>Oiseaux du Monde n\u00b0338 &#8211; Juin-Juillet 2016<\/h6>\n<p>Cette esp\u00e8ce d&rsquo;Agapornis, tr\u00e8s populaire, a \u00e9t\u00e9 d\u00e9couverte en 1877 par le Dr. G. A. Fischer et d\u00e9crite en 1887 par Reichenow. En 1925, les premiers exemplaires partaient vers les USA. Deux ans plus &hellip; <\/p>\n<p><a class=\"more-link btn\" href=\"https:\/\/www.ornithologies.fr\/blog\/lesoiseauxdumonde\/linseparable-masque-devoile\/\">Lire la suite<\/a><\/p>\n\t\t\t\t<\/div>\n\n\t\t\t\t\t\t\t\t\t<a href=\"https:\/\/www.ornithologies.fr\/blog\/lesoiseauxdumonde\/linseparable-masque-devoile\/#respond\" class=\"su-post-comments-link\">0 commentaire<\/a>\n\t\t\t\t\n\t\t\t<\/div>\n\n\t\t\t\t\t\n\t\t\t\n\t\t\t<div id=\"su-post-551\" class=\"su-post \">\n\n\t\t\t\t\t\t\t\t\t<a class=\"su-post-thumbnail\" href=\"https:\/\/www.ornithologies.fr\/blog\/lesoiseauxdumonde\/la-mutation-fallow-de-londulee\/\"><img loading=\"lazy\" decoding=\"async\" width=\"224\" height=\"317\" src=\"https:\/\/www.ornithologies.fr\/blog\/lesoiseauxdumonde\/wp-content\/uploads\/sites\/4\/ondulee-fallow-224x317.jpg\" class=\"attachment-post-thumbnail size-post-thumbnail wp-post-image\" alt=\"\" srcset=\"https:\/\/www.ornithologies.fr\/blog\/lesoiseauxdumonde\/wp-content\/uploads\/sites\/4\/ondulee-fallow-224x317.jpg 224w, https:\/\/www.ornithologies.fr\/blog\/lesoiseauxdumonde\/wp-content\/uploads\/sites\/4\/ondulee-fallow-106x150.jpg 106w, https:\/\/www.ornithologies.fr\/blog\/lesoiseauxdumonde\/wp-content\/uploads\/sites\/4\/ondulee-fallow-212x300.jpg 212w, https:\/\/www.ornithologies.fr\/blog\/lesoiseauxdumonde\/wp-content\/uploads\/sites\/4\/ondulee-fallow.jpg 725w, https:\/\/www.ornithologies.fr\/blog\/lesoiseauxdumonde\/wp-content\/uploads\/sites\/4\/ondulee-fallow-600x847.jpg 600w\" sizes=\"auto, (max-width: 224px) 100vw, 224px\" \/><\/a>\n\t\t\t\t\n\t\t\t\t<h2 class=\"su-post-title\"><a href=\"https:\/\/www.ornithologies.fr\/blog\/lesoiseauxdumonde\/la-mutation-fallow-de-londulee\/\">La mutation fallow de l&rsquo;ondul\u00e9e<\/a><\/h2>\n\n\t\t\t\t<div class=\"su-post-meta\">\n\t\t\t\t\tPubli\u00e9: 12 f\u00e9vrier 2016\t\t\t\t<\/div>\n\n\t\t\t\t<div class=\"su-post-excerpt\">\n\t\t\t\t\t<h2 style=\"text-align: right;\">Alain DELILLE<br \/> MDO<\/h2>\n<h6>Oiseaux du Monde n\u00b0334 &#8211; F\u00e9vrier 2016<\/h6>\n<p>Il est indiscutable que la mutation Fallow diminue fortement la taille. Il n\u2019y a, dans notre monde de l\u2019Ondul\u00e9e, que quelques rares sp\u00e9cialistes de cette vari\u00e9t\u00e9, c\u2019est \u00e0 dire quelques \u201cfous\u201d diront certains dont l\u2019\u00e9levage de 200 jeunes ou plus n\u2019est consacr\u00e9 &hellip; <\/p>\n<p><a class=\"more-link btn\" href=\"https:\/\/www.ornithologies.fr\/blog\/lesoiseauxdumonde\/la-mutation-fallow-de-londulee\/\">Lire la suite<\/a><\/p>\n\t\t\t\t<\/div>\n\n\t\t\t\t\t\t\t\t\t<a href=\"https:\/\/www.ornithologies.fr\/blog\/lesoiseauxdumonde\/la-mutation-fallow-de-londulee\/#comments\" class=\"su-post-comments-link\">2 comments<\/a>\n\t\t\t\t\n\t\t\t<\/div>\n\n\t\t\t\t\t\n\t\t\t\n\t\t\t<div id=\"su-post-895\" class=\"su-post \">\n\n\t\t\t\t\t\t\t\t\t<a class=\"su-post-thumbnail\" href=\"https:\/\/www.ornithologies.fr\/blog\/lesoiseauxdumonde\/le-genre-cyanoramphus\/\"><img loading=\"lazy\" decoding=\"async\" width=\"300\" height=\"317\" src=\"https:\/\/www.ornithologies.fr\/blog\/lesoiseauxdumonde\/wp-content\/uploads\/sites\/4\/lytho-kakariki-300x317.jpg\" class=\"attachment-post-thumbnail size-post-thumbnail wp-post-image\" alt=\"\" srcset=\"https:\/\/www.ornithologies.fr\/blog\/lesoiseauxdumonde\/wp-content\/uploads\/sites\/4\/lytho-kakariki-300x317.jpg 300w, https:\/\/www.ornithologies.fr\/blog\/lesoiseauxdumonde\/wp-content\/uploads\/sites\/4\/lytho-kakariki-500x528.jpg 500w, https:\/\/www.ornithologies.fr\/blog\/lesoiseauxdumonde\/wp-content\/uploads\/sites\/4\/lytho-kakariki-284x300.jpg 284w, https:\/\/www.ornithologies.fr\/blog\/lesoiseauxdumonde\/wp-content\/uploads\/sites\/4\/lytho-kakariki-768x812.jpg 768w, https:\/\/www.ornithologies.fr\/blog\/lesoiseauxdumonde\/wp-content\/uploads\/sites\/4\/lytho-kakariki.jpg 969w, https:\/\/www.ornithologies.fr\/blog\/lesoiseauxdumonde\/wp-content\/uploads\/sites\/4\/lytho-kakariki-600x634.jpg 600w\" sizes=\"auto, (max-width: 300px) 100vw, 300px\" \/><\/a>\n\t\t\t\t\n\t\t\t\t<h2 class=\"su-post-title\"><a href=\"https:\/\/www.ornithologies.fr\/blog\/lesoiseauxdumonde\/le-genre-cyanoramphus\/\">Le genre Cyanoramphus<\/a><\/h2>\n\n\t\t\t\t<div class=\"su-post-meta\">\n\t\t\t\t\tPubli\u00e9: 12 mai 2015\t\t\t\t<\/div>\n\n\t\t\t\t<div class=\"su-post-excerpt\">\n\t\t\t\t\t<h2 style=\"text-align: right;\">H. W. J. van der LINDEN<\/h2>\n<h6>Oiseaux du Monde n\u00b0327 &#8211; Mai 2015<\/h6>\n<h4>Les kakarikis, nom commun pour les membres du genre Cyanoramphus (Bonaparte, 1854) sont les perruches les plus connues en Nouvelle Z\u00e9lande et les diff\u00e9rentes \u00eeles et groupes d&rsquo;\u00eeles du Grand Oc\u00e9an. Ce sont des oiseaux de petite \u00e0 moyenne taille &hellip; <\/p>\n<p><a class=\"more-link btn\" href=\"https:\/\/www.ornithologies.fr\/blog\/lesoiseauxdumonde\/le-genre-cyanoramphus\/\">Lire la suite<\/a><\/p>\n<\/h4>\n\t\t\t\t<\/div>\n\n\t\t\t\t\t\t\t\t\t<a href=\"https:\/\/www.ornithologies.fr\/blog\/lesoiseauxdumonde\/le-genre-cyanoramphus\/#respond\" class=\"su-post-comments-link\">0 commentaire<\/a>\n\t\t\t\t\n\t\t\t<\/div>\n\n\t\t\t\t\t\n\t\t\t\n\t\t\t<div id=\"su-post-1068\" class=\"su-post \">\n\n\t\t\t\t\t\t\t\t\t<a class=\"su-post-thumbnail\" href=\"https:\/\/www.ornithologies.fr\/blog\/lesoiseauxdumonde\/le-perroquet-jaco-suite\/\"><img loading=\"lazy\" decoding=\"async\" width=\"296\" height=\"317\" src=\"https:\/\/www.ornithologies.fr\/blog\/lesoiseauxdumonde\/wp-content\/uploads\/sites\/4\/Jaco-2-296x317.jpg\" class=\"attachment-post-thumbnail size-post-thumbnail wp-post-image\" alt=\"\" srcset=\"https:\/\/www.ornithologies.fr\/blog\/lesoiseauxdumonde\/wp-content\/uploads\/sites\/4\/Jaco-2-296x317.jpg 296w, https:\/\/www.ornithologies.fr\/blog\/lesoiseauxdumonde\/wp-content\/uploads\/sites\/4\/Jaco-2-500x536.jpg 500w, https:\/\/www.ornithologies.fr\/blog\/lesoiseauxdumonde\/wp-content\/uploads\/sites\/4\/Jaco-2-280x300.jpg 280w, https:\/\/www.ornithologies.fr\/blog\/lesoiseauxdumonde\/wp-content\/uploads\/sites\/4\/Jaco-2-768x823.jpg 768w, https:\/\/www.ornithologies.fr\/blog\/lesoiseauxdumonde\/wp-content\/uploads\/sites\/4\/Jaco-2.jpg 955w, https:\/\/www.ornithologies.fr\/blog\/lesoiseauxdumonde\/wp-content\/uploads\/sites\/4\/Jaco-2-600x643.jpg 600w\" sizes=\"auto, (max-width: 296px) 100vw, 296px\" \/><\/a>\n\t\t\t\t\n\t\t\t\t<h2 class=\"su-post-title\"><a href=\"https:\/\/www.ornithologies.fr\/blog\/lesoiseauxdumonde\/le-perroquet-jaco-suite\/\">Le Perroquet Jaco<\/a><\/h2>\n\n\t\t\t\t<div class=\"su-post-meta\">\n\t\t\t\t\tPubli\u00e9: 12 novembre 2014\t\t\t\t<\/div>\n\n\t\t\t\t<div class=\"su-post-excerpt\">\n\t\t\t\t\t<h1 style=\"text-align: left;\">(Psittacus erythacus)<\/h1>\n<h4>suite&#8230;<\/h4>\n<h2 style=\"text-align: right;\">Pierre CHANNOY<\/h2>\n<h6>Oiseaux du Monde n\u00b0321 &#8211; Novembre 2014<\/h6>\n<p>Certains \u00e9leveurs ont remarqu\u00e9 un succ\u00e8s plus important en mati\u00e8re de reproduction lorsque les couples \u00e9taient log\u00e9s dans des voli\u00e8res de petite taille et peu expos\u00e9es \u00e0 la lumi\u00e8re. C\u2019est pourquoi on trouvera aussi bien des \u00e9levages en colonie &hellip; <\/p>\n<p><a class=\"more-link btn\" href=\"https:\/\/www.ornithologies.fr\/blog\/lesoiseauxdumonde\/le-perroquet-jaco-suite\/\">Lire la suite<\/a><\/p>\n\t\t\t\t<\/div>\n\n\t\t\t\t\t\t\t\t\t<a href=\"https:\/\/www.ornithologies.fr\/blog\/lesoiseauxdumonde\/le-perroquet-jaco-suite\/#respond\" class=\"su-post-comments-link\">0 commentaire<\/a>\n\t\t\t\t\n\t\t\t<\/div>\n\n\t\t\n\t\n<\/div>\n<\/div><\/div>\n<div class=\"su-spoiler su-spoiler-style-fancy su-spoiler-icon-arrow-circle-1 category-fringillides su-spoiler-closed\" data-scroll-offset=\"0\" data-anchor-in-url=\"no\"><div class=\"su-spoiler-title\" tabindex=\"0\" role=\"button\"><span class=\"su-spoiler-icon\"><\/span>Fringillid\u00e9s<\/div><div class=\"su-spoiler-content su-u-clearfix su-u-trim\">\n\n<div class=\"su-posts su-posts-default-loop \">\n\n\t\n\t\t\t\t\t\n\t\t\t\n\t\t\t<div id=\"su-post-1003\" class=\"su-post \">\n\n\t\t\t\t\t\t\t\t\t<a class=\"su-post-thumbnail\" href=\"https:\/\/www.ornithologies.fr\/blog\/lesoiseauxdumonde\/les-becs-croises\/\"><img loading=\"lazy\" decoding=\"async\" width=\"221\" height=\"317\" src=\"https:\/\/www.ornithologies.fr\/blog\/lesoiseauxdumonde\/wp-content\/uploads\/sites\/4\/Beccroise-221x317.jpg\" class=\"attachment-post-thumbnail size-post-thumbnail wp-post-image\" alt=\"\" srcset=\"https:\/\/www.ornithologies.fr\/blog\/lesoiseauxdumonde\/wp-content\/uploads\/sites\/4\/Beccroise-221x317.jpg 221w, https:\/\/www.ornithologies.fr\/blog\/lesoiseauxdumonde\/wp-content\/uploads\/sites\/4\/Beccroise-450x647.jpg 450w, https:\/\/www.ornithologies.fr\/blog\/lesoiseauxdumonde\/wp-content\/uploads\/sites\/4\/Beccroise-209x300.jpg 209w, https:\/\/www.ornithologies.fr\/blog\/lesoiseauxdumonde\/wp-content\/uploads\/sites\/4\/Beccroise.jpg 713w, https:\/\/www.ornithologies.fr\/blog\/lesoiseauxdumonde\/wp-content\/uploads\/sites\/4\/Beccroise-600x862.jpg 600w\" sizes=\"auto, (max-width: 221px) 100vw, 221px\" \/><\/a>\n\t\t\t\t\n\t\t\t\t<h2 class=\"su-post-title\"><a href=\"https:\/\/www.ornithologies.fr\/blog\/lesoiseauxdumonde\/les-becs-croises\/\">Les Becs-crois\u00e9s<\/a><\/h2>\n\n\t\t\t\t<div class=\"su-post-meta\">\n\t\t\t\t\tPubli\u00e9: 12 f\u00e9vrier 2015\t\t\t\t<\/div>\n\n\t\t\t\t<div class=\"su-post-excerpt\">\n\t\t\t\t\t<h2 style=\"text-align: right;\">Marcel RUELLE<\/h2>\n<h6>Oiseaux du Monde n\u00b0324 &#8211; F\u00e9vrier 2015<\/h6>\n<p>Depuis la publication de ma monographie sur les Becs-crois\u00e9s (Ruelle, 1986), de nombreuses \u00e9tudes sont sorties de presse et, dans l\u2019attente d\u2019une hypoth\u00e9tique \u00e9dition remani\u00e9e, je me propose de livrer \u00e0 votre perspicacit\u00e9 une synth\u00e8se des nouvelles recherches men\u00e9es sur le genre Loxia, lequel &hellip; <\/p>\n<p><a class=\"more-link btn\" href=\"https:\/\/www.ornithologies.fr\/blog\/lesoiseauxdumonde\/les-becs-croises\/\">Lire la suite<\/a><\/p>\n\t\t\t\t<\/div>\n\n\t\t\t\t\t\t\t\t\t<a href=\"https:\/\/www.ornithologies.fr\/blog\/lesoiseauxdumonde\/les-becs-croises\/#comments\" class=\"su-post-comments-link\">1 commentaire<\/a>\n\t\t\t\t\n\t\t\t<\/div>\n\n\t\t\n\t\n<\/div>\n<\/div><\/div>\n<div class=\"su-spoiler su-spoiler-style-fancy su-spoiler-icon-arrow-circle-1 category-indigenes su-spoiler-closed\" data-scroll-offset=\"0\" data-anchor-in-url=\"no\"><div class=\"su-spoiler-title\" tabindex=\"0\" role=\"button\"><span class=\"su-spoiler-icon\"><\/span>Indig\u00e8nes<\/div><div class=\"su-spoiler-content su-u-clearfix su-u-trim\">\n\n<div class=\"su-posts su-posts-default-loop \">\n\n\t\n\t\t\t\t\t\n\t\t\t\n\t\t\t<div id=\"su-post-2657\" class=\"su-post \">\n\n\t\t\t\t\t\t\t\t\t<a class=\"su-post-thumbnail\" href=\"https:\/\/www.ornithologies.fr\/blog\/lesoiseauxdumonde\/soins-et-elevage-de-chardonnerets-elegants-en-turquie\/\"><img loading=\"lazy\" decoding=\"async\" width=\"767\" height=\"960\" src=\"https:\/\/www.ornithologies.fr\/blog\/lesoiseauxdumonde\/wp-content\/uploads\/sites\/4\/Chardonneret-tete-daigle-767x960.jpg\" class=\"attachment-post-thumbnail size-post-thumbnail wp-post-image\" alt=\"\" srcset=\"https:\/\/www.ornithologies.fr\/blog\/lesoiseauxdumonde\/wp-content\/uploads\/sites\/4\/Chardonneret-tete-daigle-767x960.jpg 767w, https:\/\/www.ornithologies.fr\/blog\/lesoiseauxdumonde\/wp-content\/uploads\/sites\/4\/Chardonneret-tete-daigle-240x300.jpg 240w, https:\/\/www.ornithologies.fr\/blog\/lesoiseauxdumonde\/wp-content\/uploads\/sites\/4\/Chardonneret-tete-daigle-500x626.jpg 500w, https:\/\/www.ornithologies.fr\/blog\/lesoiseauxdumonde\/wp-content\/uploads\/sites\/4\/Chardonneret-tete-daigle-768x961.jpg 768w, https:\/\/www.ornithologies.fr\/blog\/lesoiseauxdumonde\/wp-content\/uploads\/sites\/4\/Chardonneret-tete-daigle-750x938.jpg 750w, https:\/\/www.ornithologies.fr\/blog\/lesoiseauxdumonde\/wp-content\/uploads\/sites\/4\/Chardonneret-tete-daigle-600x751.jpg 600w, https:\/\/www.ornithologies.fr\/blog\/lesoiseauxdumonde\/wp-content\/uploads\/sites\/4\/Chardonneret-tete-daigle.jpg 1023w\" sizes=\"auto, (max-width: 767px) 100vw, 767px\" \/><\/a>\n\t\t\t\t\n\t\t\t\t<h2 class=\"su-post-title\"><a href=\"https:\/\/www.ornithologies.fr\/blog\/lesoiseauxdumonde\/soins-et-elevage-de-chardonnerets-elegants-en-turquie\/\">Soins et \u00e9levage de Chardonnerets \u00e9l\u00e9gants en Turquie<\/a><\/h2>\n\n\t\t\t\t<div class=\"su-post-meta\">\n\t\t\t\t\tPubli\u00e9: 25 octobre 2022\t\t\t\t<\/div>\n\n\t\t\t\t<div class=\"su-post-excerpt\">\n\t\t\t\t\t<p class=\"has-text-align-right\">\u015eenol Geyin<br \/>(Turquie)<\/p>\n<h6 class=\"wp-block-heading\">Oiseaux du Monde n\u00b0399 &#8211; Ao\u00fbt-Septembre 2022<\/h6>\n<h2 class=\"wp-block-heading\">Rouge, Noir, Jaune et marron.<\/h2>\n<p>Bien que ces couleurs ne signifient rien en elles-m\u00eames, elles ont plus de sens que beaucoup d\u2019autres choses pour un \u00e9leveur d&rsquo;oiseaux. Car ce sont les couleurs des plumes du Chardonneret \u00e9l\u00e9gant, notre passion commune, \u00e0 laquelle nous &hellip; <\/p>\n<p><a class=\"more-link btn\" href=\"https:\/\/www.ornithologies.fr\/blog\/lesoiseauxdumonde\/soins-et-elevage-de-chardonnerets-elegants-en-turquie\/\">Lire la suite<\/a><\/p>\n\t\t\t\t<\/div>\n\n\t\t\t\t\t\t\t\t\t<a href=\"https:\/\/www.ornithologies.fr\/blog\/lesoiseauxdumonde\/soins-et-elevage-de-chardonnerets-elegants-en-turquie\/#comments\" class=\"su-post-comments-link\">1 commentaire<\/a>\n\t\t\t\t\n\t\t\t<\/div>\n\n\t\t\t\t\t\n\t\t\t\n\t\t\t<div id=\"su-post-1349\" class=\"su-post \">\n\n\t\t\t\t\t\t\t\t\t<a class=\"su-post-thumbnail\" href=\"https:\/\/www.ornithologies.fr\/blog\/lesoiseauxdumonde\/lelevage-de-la-grive-musicienne\/\"><img loading=\"lazy\" decoding=\"async\" width=\"640\" height=\"960\" src=\"https:\/\/www.ornithologies.fr\/blog\/lesoiseauxdumonde\/wp-content\/uploads\/sites\/4\/grive-musicienne-1-Rocher-Tours-2001-640x960.jpg\" class=\"attachment-post-thumbnail size-post-thumbnail wp-post-image\" alt=\"\" srcset=\"https:\/\/www.ornithologies.fr\/blog\/lesoiseauxdumonde\/wp-content\/uploads\/sites\/4\/grive-musicienne-1-Rocher-Tours-2001-640x960.jpg 640w, https:\/\/www.ornithologies.fr\/blog\/lesoiseauxdumonde\/wp-content\/uploads\/sites\/4\/grive-musicienne-1-Rocher-Tours-2001-431x647.jpg 431w, https:\/\/www.ornithologies.fr\/blog\/lesoiseauxdumonde\/wp-content\/uploads\/sites\/4\/grive-musicienne-1-Rocher-Tours-2001-200x300.jpg 200w, https:\/\/www.ornithologies.fr\/blog\/lesoiseauxdumonde\/wp-content\/uploads\/sites\/4\/grive-musicienne-1-Rocher-Tours-2001-768x1152.jpg 768w, https:\/\/www.ornithologies.fr\/blog\/lesoiseauxdumonde\/wp-content\/uploads\/sites\/4\/grive-musicienne-1-Rocher-Tours-2001-683x1024.jpg 683w, https:\/\/www.ornithologies.fr\/blog\/lesoiseauxdumonde\/wp-content\/uploads\/sites\/4\/grive-musicienne-1-Rocher-Tours-2001-600x900.jpg 600w, https:\/\/www.ornithologies.fr\/blog\/lesoiseauxdumonde\/wp-content\/uploads\/sites\/4\/grive-musicienne-1-Rocher-Tours-2001.jpg 1000w\" sizes=\"auto, (max-width: 640px) 100vw, 640px\" \/><\/a>\n\t\t\t\t\n\t\t\t\t<h2 class=\"su-post-title\"><a href=\"https:\/\/www.ornithologies.fr\/blog\/lesoiseauxdumonde\/lelevage-de-la-grive-musicienne\/\">L\u2019\u00e9levage de la Grive musicienne<\/a><\/h2>\n\n\t\t\t\t<div class=\"su-post-meta\">\n\t\t\t\t\tPubli\u00e9: 19 octobre 2018\t\t\t\t<\/div>\n\n\t\t\t\t<div class=\"su-post-excerpt\">\n\t\t\t\t\t<h4 style=\"text-align: left;\">(Turdus philomelos)<\/h4>\n<h2 style=\"text-align: right;\">Bruno AMICO<br \/> Eleveur capacitaire et membre de l\u2019Oiseau Club d\u2019ISTRES et du Club Technique ICC France<\/h2>\n<h6>Oiseaux du Monde n\u00b0358 &#8211; Juin-Juillet 2018<\/h6>\n<h5>Pour ce qui me concerne, l\u2019\u00e9levage des oiseaux est la continuit\u00e9 d\u2019une passion, une passion g\u00e9n\u00e9r\u00e9e par une observation assidue des sp\u00e9cimens dans la nature &hellip; <\/p>\n<p><a class=\"more-link btn\" href=\"https:\/\/www.ornithologies.fr\/blog\/lesoiseauxdumonde\/lelevage-de-la-grive-musicienne\/\">Lire la suite<\/a><\/p>\n<\/h5>\n\t\t\t\t<\/div>\n\n\t\t\t\t\t\t\t\t\t<a href=\"https:\/\/www.ornithologies.fr\/blog\/lesoiseauxdumonde\/lelevage-de-la-grive-musicienne\/#comments\" class=\"su-post-comments-link\">9 comments<\/a>\n\t\t\t\t\n\t\t\t<\/div>\n\n\t\t\n\t\n<\/div>\n<\/div><\/div>\n<div class=\"su-spoiler su-spoiler-style-fancy su-spoiler-icon-arrow-circle-1 category-exotiques su-spoiler-closed\" data-scroll-offset=\"0\" data-anchor-in-url=\"no\"><div class=\"su-spoiler-title\" tabindex=\"0\" role=\"button\"><span class=\"su-spoiler-icon\"><\/span>Exotiques<\/div><div class=\"su-spoiler-content su-u-clearfix su-u-trim\">\n\n<div class=\"su-posts su-posts-default-loop \">\n\n\t\n\t\t\t\t\t\n\t\t\t\n\t\t\t<div id=\"su-post-2113\" class=\"su-post \">\n\n\t\t\t\t\t\t\t\t\t<a class=\"su-post-thumbnail\" href=\"https:\/\/www.ornithologies.fr\/blog\/lesoiseauxdumonde\/interview-dun-eleveur-passionne-de-colibris\/\"><img loading=\"lazy\" decoding=\"async\" width=\"638\" height=\"960\" src=\"https:\/\/www.ornithologies.fr\/blog\/lesoiseauxdumonde\/wp-content\/uploads\/sites\/4\/Guit-guit-ceruleen-male-Cyanerpes-caeruleus-El-Robert-Perez-Ph-Pierre-Channoy-2-638x960.jpg\" class=\"attachment-post-thumbnail size-post-thumbnail wp-post-image\" alt=\"\" srcset=\"https:\/\/www.ornithologies.fr\/blog\/lesoiseauxdumonde\/wp-content\/uploads\/sites\/4\/Guit-guit-ceruleen-male-Cyanerpes-caeruleus-El-Robert-Perez-Ph-Pierre-Channoy-2-638x960.jpg 638w, https:\/\/www.ornithologies.fr\/blog\/lesoiseauxdumonde\/wp-content\/uploads\/sites\/4\/Guit-guit-ceruleen-male-Cyanerpes-caeruleus-El-Robert-Perez-Ph-Pierre-Channoy-2-199x300.jpg 199w, https:\/\/www.ornithologies.fr\/blog\/lesoiseauxdumonde\/wp-content\/uploads\/sites\/4\/Guit-guit-ceruleen-male-Cyanerpes-caeruleus-El-Robert-Perez-Ph-Pierre-Channoy-2-430x647.jpg 430w, https:\/\/www.ornithologies.fr\/blog\/lesoiseauxdumonde\/wp-content\/uploads\/sites\/4\/Guit-guit-ceruleen-male-Cyanerpes-caeruleus-El-Robert-Perez-Ph-Pierre-Channoy-2-768x1157.jpg 768w, https:\/\/www.ornithologies.fr\/blog\/lesoiseauxdumonde\/wp-content\/uploads\/sites\/4\/Guit-guit-ceruleen-male-Cyanerpes-caeruleus-El-Robert-Perez-Ph-Pierre-Channoy-2-750x1129.jpg 750w, https:\/\/www.ornithologies.fr\/blog\/lesoiseauxdumonde\/wp-content\/uploads\/sites\/4\/Guit-guit-ceruleen-male-Cyanerpes-caeruleus-El-Robert-Perez-Ph-Pierre-Channoy-2-600x904.jpg 600w, https:\/\/www.ornithologies.fr\/blog\/lesoiseauxdumonde\/wp-content\/uploads\/sites\/4\/Guit-guit-ceruleen-male-Cyanerpes-caeruleus-El-Robert-Perez-Ph-Pierre-Channoy-2.jpg 850w\" sizes=\"auto, (max-width: 638px) 100vw, 638px\" \/><\/a>\n\t\t\t\t\n\t\t\t\t<h2 class=\"su-post-title\"><a href=\"https:\/\/www.ornithologies.fr\/blog\/lesoiseauxdumonde\/interview-dun-eleveur-passionne-de-colibris\/\">Interview d&rsquo;un \u00e9leveur passionn\u00e9 de Colibris<\/a><\/h2>\n\n\t\t\t\t<div class=\"su-post-meta\">\n\t\t\t\t\tPubli\u00e9: 12 mai 2021\t\t\t\t<\/div>\n\n\t\t\t\t<div class=\"su-post-excerpt\">\n\t\t\t\t\t<p>Nous sommes aujourd\u2019hui avec Monsieur Robert PEREZ qui est de Marseille, \u00e0 Allauch exactement, \u00e9leveur sp\u00e9cialis\u00e9 en colibris.<br \/>\nLes Oiseaux Du Monde : bonjour Monsieur P\u00e9rez, depuis combien de temps \u00eates-vous dans les oiseaux ?<br \/>\nRobert P\u00e9rez : depuis mon enfance, minimum une trentaine d\u2019ann\u00e9es !<\/p><p><a class=\"more-link btn\" href=\"https:\/\/www.ornithologies.fr\/blog\/lesoiseauxdumonde\/interview-dun-eleveur-passionne-de-colibris\/\">Lire la suite<\/a><\/p>\n\t\t\t\t<\/div>\n\n\t\t\t\t\t\t\t\t\t<a href=\"https:\/\/www.ornithologies.fr\/blog\/lesoiseauxdumonde\/interview-dun-eleveur-passionne-de-colibris\/#comments\" class=\"su-post-comments-link\">5 comments<\/a>\n\t\t\t\t\n\t\t\t<\/div>\n\n\t\t\t\t\t\n\t\t\t\n\t\t\t<div id=\"su-post-1327\" class=\"su-post \">\n\n\t\t\t\t\t\t\t\t\t<a class=\"su-post-thumbnail\" href=\"https:\/\/www.ornithologies.fr\/blog\/lesoiseauxdumonde\/le-calao-trompette\/\"><img loading=\"lazy\" decoding=\"async\" width=\"639\" height=\"960\" src=\"https:\/\/www.ornithologies.fr\/blog\/lesoiseauxdumonde\/wp-content\/uploads\/sites\/4\/Paultons-Park-Little-Africa-Calao-639x960.jpg\" class=\"attachment-post-thumbnail size-post-thumbnail wp-post-image\" alt=\"\" srcset=\"https:\/\/www.ornithologies.fr\/blog\/lesoiseauxdumonde\/wp-content\/uploads\/sites\/4\/Paultons-Park-Little-Africa-Calao-639x960.jpg 639w, https:\/\/www.ornithologies.fr\/blog\/lesoiseauxdumonde\/wp-content\/uploads\/sites\/4\/Paultons-Park-Little-Africa-Calao-431x647.jpg 431w, https:\/\/www.ornithologies.fr\/blog\/lesoiseauxdumonde\/wp-content\/uploads\/sites\/4\/Paultons-Park-Little-Africa-Calao-200x300.jpg 200w, https:\/\/www.ornithologies.fr\/blog\/lesoiseauxdumonde\/wp-content\/uploads\/sites\/4\/Paultons-Park-Little-Africa-Calao.jpg 682w, https:\/\/www.ornithologies.fr\/blog\/lesoiseauxdumonde\/wp-content\/uploads\/sites\/4\/Paultons-Park-Little-Africa-Calao-600x901.jpg 600w\" sizes=\"auto, (max-width: 639px) 100vw, 639px\" \/><\/a>\n\t\t\t\t\n\t\t\t\t<h2 class=\"su-post-title\"><a href=\"https:\/\/www.ornithologies.fr\/blog\/lesoiseauxdumonde\/le-calao-trompette\/\">Le Calao trompette<\/a><\/h2>\n\n\t\t\t\t<div class=\"su-post-meta\">\n\t\t\t\t\tPubli\u00e9: 25 septembre 2018\t\t\t\t<\/div>\n\n\t\t\t\t<div class=\"su-post-excerpt\">\n\t\t\t\t\t<h4 style=\"text-align: left;\">(Bycanistes bucinator)<\/h4>\n<h2 style=\"text-align: right;\">Michel SAUQUET<br \/> La Ferme aux Oiseaux<\/h2>\n<h6>Oiseaux du Monde n\u00b0357 &#8211; Mai 2018<\/h6>\n<h5>J\u2019ai le plaisir de vous informer du r\u00e9sultat des naissances concernant mon couple de Calaos trompettes. Ces oiseaux vivent dans les for\u00eats tropicales du sud de l&rsquo;Afrique jusqu&rsquo; \u00e0 la Tanzanie et l&rsquo;Ouganda.<\/h5>\n<p>L\u2019origine de &hellip; <\/p>\n<p><a class=\"more-link btn\" href=\"https:\/\/www.ornithologies.fr\/blog\/lesoiseauxdumonde\/le-calao-trompette\/\">Lire la suite<\/a><\/p>\n\t\t\t\t<\/div>\n\n\t\t\t\t\t\t\t\t\t<a href=\"https:\/\/www.ornithologies.fr\/blog\/lesoiseauxdumonde\/le-calao-trompette\/#comments\" class=\"su-post-comments-link\">1 commentaire<\/a>\n\t\t\t\t\n\t\t\t<\/div>\n\n\t\t\t\t\t\n\t\t\t\n\t\t\t<div id=\"su-post-1225\" class=\"su-post \">\n\n\t\t\t\t\t\t\t\t\t<a class=\"su-post-thumbnail\" href=\"https:\/\/www.ornithologies.fr\/blog\/lesoiseauxdumonde\/les-fairies-wren\/\"><img loading=\"lazy\" decoding=\"async\" width=\"226\" height=\"317\" src=\"https:\/\/www.ornithologies.fr\/blog\/lesoiseauxdumonde\/wp-content\/uploads\/sites\/4\/Merion-superbe-male-226x317.jpg\" class=\"attachment-post-thumbnail size-post-thumbnail wp-post-image\" alt=\"\" srcset=\"https:\/\/www.ornithologies.fr\/blog\/lesoiseauxdumonde\/wp-content\/uploads\/sites\/4\/Merion-superbe-male-226x317.jpg 226w, https:\/\/www.ornithologies.fr\/blog\/lesoiseauxdumonde\/wp-content\/uploads\/sites\/4\/Merion-superbe-male-462x647.jpg 462w, https:\/\/www.ornithologies.fr\/blog\/lesoiseauxdumonde\/wp-content\/uploads\/sites\/4\/Merion-superbe-male-214x300.jpg 214w, https:\/\/www.ornithologies.fr\/blog\/lesoiseauxdumonde\/wp-content\/uploads\/sites\/4\/Merion-superbe-male.jpg 731w, https:\/\/www.ornithologies.fr\/blog\/lesoiseauxdumonde\/wp-content\/uploads\/sites\/4\/Merion-superbe-male-600x840.jpg 600w\" sizes=\"auto, (max-width: 226px) 100vw, 226px\" \/><\/a>\n\t\t\t\t\n\t\t\t\t<h2 class=\"su-post-title\"><a href=\"https:\/\/www.ornithologies.fr\/blog\/lesoiseauxdumonde\/les-fairies-wren\/\">Les Fairies Wren<\/a><\/h2>\n\n\t\t\t\t<div class=\"su-post-meta\">\n\t\t\t\t\tPubli\u00e9: 3 mai 2018\t\t\t\t<\/div>\n\n\t\t\t\t<div class=\"su-post-excerpt\">\n\t\t\t\t\t<h4 style=\"text-align: left;\">(M\u00e9rions &#8211; Malurus spp.)<\/h4>\n<h2 style=\"text-align: right;\">Fr\u00e9d\u00e9ric BIVERT<\/h2>\n<h6>Oiseaux du Monde n\u00b0354 &#8211; F\u00e9vrier 2018<\/h6>\n<h3>LE SUPERB FAIRY-WREN<\/h3>\n<h4>(Malurus Cyaneus) ou M\u00e9rion superbe<\/h4>\n<h5>C\u2019est \u00e0 l\u2019occasion de mon s\u00e9jour dans le Centre Rouge de l\u2019Australie en ao\u00fbt dernier que j\u2019ai fait la rencontre de ces oiseaux tr\u00e8s surprenants par leurs couleurs, d\u2019un bleu &hellip; <\/p>\n<p><a class=\"more-link btn\" href=\"https:\/\/www.ornithologies.fr\/blog\/lesoiseauxdumonde\/les-fairies-wren\/\">Lire la suite<\/a><\/p>\n<\/h5>\n\t\t\t\t<\/div>\n\n\t\t\t\t\t\t\t\t\t<a href=\"https:\/\/www.ornithologies.fr\/blog\/lesoiseauxdumonde\/les-fairies-wren\/#respond\" class=\"su-post-comments-link\">0 commentaire<\/a>\n\t\t\t\t\n\t\t\t<\/div>\n\n\t\t\n\t\n<\/div>\n<\/div><\/div>\n<div class=\"su-spoiler su-spoiler-style-fancy su-spoiler-icon-arrow-circle-1 category-divers su-spoiler-closed\" data-scroll-offset=\"0\" data-anchor-in-url=\"no\"><div class=\"su-spoiler-title\" tabindex=\"0\" role=\"button\"><span class=\"su-spoiler-icon\"><\/span>Autres<\/div><div class=\"su-spoiler-content su-u-clearfix su-u-trim\">\n\n<div class=\"su-posts su-posts-default-loop \">\n\n\t\n\t\t\t\t\t\n\t\t\t\n\t\t\t<div id=\"su-post-2864\" class=\"su-post \">\n\n\t\t\t\t\t\t\t\t\t<a class=\"su-post-thumbnail\" href=\"https:\/\/www.ornithologies.fr\/blog\/lesoiseauxdumonde\/juveniles-au-printemps-les-bons-gestes-de-prise-en-charge\/\"><img loading=\"lazy\" decoding=\"async\" width=\"720\" height=\"960\" src=\"https:\/\/www.ornithologies.fr\/blog\/lesoiseauxdumonde\/wp-content\/uploads\/sites\/4\/Chouette-hulottes-juveniles-ph-Celine-Grisot-Faune-Alfort-720x960.jpg\" class=\"attachment-post-thumbnail size-post-thumbnail wp-post-image\" alt=\"\" srcset=\"https:\/\/www.ornithologies.fr\/blog\/lesoiseauxdumonde\/wp-content\/uploads\/sites\/4\/Chouette-hulottes-juveniles-ph-Celine-Grisot-Faune-Alfort-720x960.jpg 720w, https:\/\/www.ornithologies.fr\/blog\/lesoiseauxdumonde\/wp-content\/uploads\/sites\/4\/Chouette-hulottes-juveniles-ph-Celine-Grisot-Faune-Alfort-485x647.jpg 485w, https:\/\/www.ornithologies.fr\/blog\/lesoiseauxdumonde\/wp-content\/uploads\/sites\/4\/Chouette-hulottes-juveniles-ph-Celine-Grisot-Faune-Alfort-225x300.jpg 225w, https:\/\/www.ornithologies.fr\/blog\/lesoiseauxdumonde\/wp-content\/uploads\/sites\/4\/Chouette-hulottes-juveniles-ph-Celine-Grisot-Faune-Alfort-768x1024.jpg 768w, https:\/\/www.ornithologies.fr\/blog\/lesoiseauxdumonde\/wp-content\/uploads\/sites\/4\/Chouette-hulottes-juveniles-ph-Celine-Grisot-Faune-Alfort-750x1000.jpg 750w, https:\/\/www.ornithologies.fr\/blog\/lesoiseauxdumonde\/wp-content\/uploads\/sites\/4\/Chouette-hulottes-juveniles-ph-Celine-Grisot-Faune-Alfort-600x800.jpg 600w, https:\/\/www.ornithologies.fr\/blog\/lesoiseauxdumonde\/wp-content\/uploads\/sites\/4\/Chouette-hulottes-juveniles-ph-Celine-Grisot-Faune-Alfort.jpg 960w\" sizes=\"auto, (max-width: 720px) 100vw, 720px\" \/><\/a>\n\t\t\t\t\n\t\t\t\t<h2 class=\"su-post-title\"><a href=\"https:\/\/www.ornithologies.fr\/blog\/lesoiseauxdumonde\/juveniles-au-printemps-les-bons-gestes-de-prise-en-charge\/\">Juv\u00e9niles au printemps\u00a0: les bons gestes de prise en charge<\/a><\/h2>\n\n\t\t\t\t<div class=\"su-post-meta\">\n\t\t\t\t\tPubli\u00e9: 14 avril 2023\t\t\t\t<\/div>\n\n\t\t\t\t<div class=\"su-post-excerpt\">\n\t\t\t\t\t<h2 class=\"wp-block-heading has-text-align-right\"> par Jean-Fran\u00e7ois Courreau<\/h2>\n<h6 class=\"wp-block-heading\">Oiseaux du Monde n\u00b0406 &#8211; Avril 2023<\/h6>\n<h1 class=\"wp-block-heading\">Attention<\/h1>\n<h2 class=\"wp-block-heading\">Face \u00e0 un animal bless\u00e9, il ne faut pas s\u2019improviser v\u00e9t\u00e9rinaire ni soigneur ! Il faut imp\u00e9rativement trouver un centre de soins pour la faune sauvage pour qu&rsquo;il puisse b\u00e9n\u00e9ficier des soins indispensables \u00e0 sa survie. Par la &hellip; <\/p>\n<p><a class=\"more-link btn\" href=\"https:\/\/www.ornithologies.fr\/blog\/lesoiseauxdumonde\/juveniles-au-printemps-les-bons-gestes-de-prise-en-charge\/\">Lire la suite<\/a><\/p>\n<\/h2>\n\t\t\t\t<\/div>\n\n\t\t\t\t\t\t\t\t\t<a href=\"https:\/\/www.ornithologies.fr\/blog\/lesoiseauxdumonde\/juveniles-au-printemps-les-bons-gestes-de-prise-en-charge\/#comments\" class=\"su-post-comments-link\">1 commentaire<\/a>\n\t\t\t\t\n\t\t\t<\/div>\n\n\t\t\t\t\t\n\t\t\t\n\t\t\t<div id=\"su-post-408\" class=\"su-post \">\n\n\t\t\t\t\t\t\t\t\t<a class=\"su-post-thumbnail\" href=\"https:\/\/www.ornithologies.fr\/blog\/lesoiseauxdumonde\/vous-avez-dit-albinos\/\"><img loading=\"lazy\" decoding=\"async\" width=\"224\" height=\"317\" src=\"https:\/\/www.ornithologies.fr\/blog\/lesoiseauxdumonde\/wp-content\/uploads\/sites\/4\/Kookaburra-albino-224x317.jpg\" class=\"attachment-post-thumbnail size-post-thumbnail wp-post-image\" alt=\"\" srcset=\"https:\/\/www.ornithologies.fr\/blog\/lesoiseauxdumonde\/wp-content\/uploads\/sites\/4\/Kookaburra-albino-224x317.jpg 224w, https:\/\/www.ornithologies.fr\/blog\/lesoiseauxdumonde\/wp-content\/uploads\/sites\/4\/Kookaburra-albino-106x150.jpg 106w, https:\/\/www.ornithologies.fr\/blog\/lesoiseauxdumonde\/wp-content\/uploads\/sites\/4\/Kookaburra-albino-212x300.jpg 212w, https:\/\/www.ornithologies.fr\/blog\/lesoiseauxdumonde\/wp-content\/uploads\/sites\/4\/Kookaburra-albino.jpg 724w, https:\/\/www.ornithologies.fr\/blog\/lesoiseauxdumonde\/wp-content\/uploads\/sites\/4\/Kookaburra-albino-600x849.jpg 600w\" sizes=\"auto, (max-width: 224px) 100vw, 224px\" \/><\/a>\n\t\t\t\t\n\t\t\t\t<h2 class=\"su-post-title\"><a href=\"https:\/\/www.ornithologies.fr\/blog\/lesoiseauxdumonde\/vous-avez-dit-albinos\/\">Vous avez dit \u00ab albinos \u00bb ?<\/a><\/h2>\n\n\t\t\t\t<div class=\"su-post-meta\">\n\t\t\t\t\tPubli\u00e9: 11 ao\u00fbt 2016\t\t\t\t<\/div>\n\n\t\t\t\t<div class=\"su-post-excerpt\">\n\t\t\t\t\t<h2 style=\"text-align: right;\">Lionel DUROCHAT<\/h2>\n<h6>Oiseaux du Monde n\u00b0339 &#8211; Ao\u00fbt-Septembre 2016<\/h6>\n<p>L\u2019albinisme. Voil\u00e0 un sujet r\u00e9current que l\u2019on retrouve r\u00e9guli\u00e8rement pendant les r\u00e9unions mensuelles des clubs, lors des expositions ou sur Internet ! Sur le Web, on trouve d\u2019ailleurs quantit\u00e9 de photos de sp\u00e9cimens soit disant albinos\u2026 Soit disant car les erreurs sont multiples\u2026<\/p>\n<p>Voici &hellip; <\/p>\n<p><a class=\"more-link btn\" href=\"https:\/\/www.ornithologies.fr\/blog\/lesoiseauxdumonde\/vous-avez-dit-albinos\/\">Lire la suite<\/a><\/p>\n\t\t\t\t<\/div>\n\n\t\t\t\t\t\t\t\t\t<a href=\"https:\/\/www.ornithologies.fr\/blog\/lesoiseauxdumonde\/vous-avez-dit-albinos\/#comments\" class=\"su-post-comments-link\">5 comments<\/a>\n\t\t\t\t\n\t\t\t<\/div>\n\n\t\t\t\t\t\n\t\t\t\n\t\t\t<div id=\"su-post-439\" class=\"su-post \">\n\n\t\t\t\t\t\t\t\t\t<a class=\"su-post-thumbnail\" href=\"https:\/\/www.ornithologies.fr\/blog\/lesoiseauxdumonde\/oeufs-fecondes-ou-steriles\/\"><img loading=\"lazy\" decoding=\"async\" width=\"278\" height=\"317\" src=\"https:\/\/www.ornithologies.fr\/blog\/lesoiseauxdumonde\/wp-content\/uploads\/sites\/4\/oeufs-1-278x317.jpg\" class=\"attachment-post-thumbnail size-post-thumbnail wp-post-image\" alt=\"\" srcset=\"https:\/\/www.ornithologies.fr\/blog\/lesoiseauxdumonde\/wp-content\/uploads\/sites\/4\/oeufs-1-278x317.jpg 278w, https:\/\/www.ornithologies.fr\/blog\/lesoiseauxdumonde\/wp-content\/uploads\/sites\/4\/oeufs-1-132x150.jpg 132w, https:\/\/www.ornithologies.fr\/blog\/lesoiseauxdumonde\/wp-content\/uploads\/sites\/4\/oeufs-1-263x300.jpg 263w, https:\/\/www.ornithologies.fr\/blog\/lesoiseauxdumonde\/wp-content\/uploads\/sites\/4\/oeufs-1-600x684.jpg 600w, https:\/\/www.ornithologies.fr\/blog\/lesoiseauxdumonde\/wp-content\/uploads\/sites\/4\/oeufs-1.jpg 702w\" sizes=\"auto, (max-width: 278px) 100vw, 278px\" \/><\/a>\n\t\t\t\t\n\t\t\t\t<h2 class=\"su-post-title\"><a href=\"https:\/\/www.ornithologies.fr\/blog\/lesoiseauxdumonde\/oeufs-fecondes-ou-steriles\/\">\u0152ufs F\u00e9cond\u00e9s ou St\u00e9riles<\/a><\/h2>\n\n\t\t\t\t<div class=\"su-post-meta\">\n\t\t\t\t\tPubli\u00e9: 12 mai 2016\t\t\t\t<\/div>\n\n\t\t\t\t<div class=\"su-post-excerpt\">\n\t\t\t\t\t<h2 class=\"wp-block-heading has-text-align-right\">M. D\u2019HEUR<\/h2>\n<h6 class=\"wp-block-heading\">Oiseaux du Monde n\u00b0337 &#8211; Mai 2016<\/h6>\n<p>Il faut remarquer que, malgr\u00e9 la pr\u00e9sence de tous les \u00e9l\u00e9ments favorables dans la constitution des couples, il arrive encore assez souvent que les \u0153ufs ne soient pas f\u00e9cond\u00e9s ou m\u00eame st\u00e9riles.<\/p>\n<p> Nid et couv\u00e9e de Vanneau arm\u00e9.<br \/>[\u00a9 Lionel Durochat] <\/p>\n<p>Ces d\u00e9fauts des &hellip; <\/p>\n<p><a class=\"more-link btn\" href=\"https:\/\/www.ornithologies.fr\/blog\/lesoiseauxdumonde\/oeufs-fecondes-ou-steriles\/\">Lire la suite<\/a><\/p>\n\t\t\t\t<\/div>\n\n\t\t\t\t\t\t\t\t\t<a href=\"https:\/\/www.ornithologies.fr\/blog\/lesoiseauxdumonde\/oeufs-fecondes-ou-steriles\/#comments\" class=\"su-post-comments-link\">17 comments<\/a>\n\t\t\t\t\n\t\t\t<\/div>\n\n\t\t\t\t\t\n\t\t\t\n\t\t\t<div id=\"su-post-805\" class=\"su-post \">\n\n\t\t\t\t\t\t\t\t\t<a class=\"su-post-thumbnail\" href=\"https:\/\/www.ornithologies.fr\/blog\/lesoiseauxdumonde\/les-cycles-biologiques-chez-les-oiseaux\/\"><img loading=\"lazy\" decoding=\"async\" width=\"224\" height=\"317\" src=\"https:\/\/www.ornithologies.fr\/blog\/lesoiseauxdumonde\/wp-content\/uploads\/sites\/4\/Ariane-de-Lesson-224x317.jpg\" class=\"attachment-post-thumbnail size-post-thumbnail wp-post-image\" alt=\"\" srcset=\"https:\/\/www.ornithologies.fr\/blog\/lesoiseauxdumonde\/wp-content\/uploads\/sites\/4\/Ariane-de-Lesson-224x317.jpg 224w, https:\/\/www.ornithologies.fr\/blog\/lesoiseauxdumonde\/wp-content\/uploads\/sites\/4\/Ariane-de-Lesson-457x647.jpg 457w, https:\/\/www.ornithologies.fr\/blog\/lesoiseauxdumonde\/wp-content\/uploads\/sites\/4\/Ariane-de-Lesson-212x300.jpg 212w, https:\/\/www.ornithologies.fr\/blog\/lesoiseauxdumonde\/wp-content\/uploads\/sites\/4\/Ariane-de-Lesson.jpg 723w, https:\/\/www.ornithologies.fr\/blog\/lesoiseauxdumonde\/wp-content\/uploads\/sites\/4\/Ariane-de-Lesson-600x850.jpg 600w\" sizes=\"auto, (max-width: 224px) 100vw, 224px\" \/><\/a>\n\t\t\t\t\n\t\t\t\t<h2 class=\"su-post-title\"><a href=\"https:\/\/www.ornithologies.fr\/blog\/lesoiseauxdumonde\/les-cycles-biologiques-chez-les-oiseaux\/\">Les cycles biologiques chez les oiseaux<\/a><\/h2>\n\n\t\t\t\t<div class=\"su-post-meta\">\n\t\t\t\t\tPubli\u00e9: 12 novembre 2015\t\t\t\t<\/div>\n\n\t\t\t\t<div class=\"su-post-excerpt\">\n\t\t\t\t\t<h2 style=\"text-align: right;\">Dr. Vet. Philippe DEVAILLY<\/h2>\n<h6>Oiseaux du Monde n\u00b0331 &#8211; Novembre 2015<\/h6>\n<h5>Les activit\u00e9s rythmiques r\u00e8glent de fa\u00e7on toute particuli\u00e8re la biologie des oiseaux.<\/h5>\n<p>Chaque ann\u00e9e, au printemps, on observe une \u00e9volution cyclique des gonades. Apr\u00e8s le silence hivernal, les m\u00e2les chantent puis s&rsquo;accouplent. Les femelles pr\u00e9parent leurs nids, avant de pondre, de couver &hellip; <\/p>\n<p><a class=\"more-link btn\" href=\"https:\/\/www.ornithologies.fr\/blog\/lesoiseauxdumonde\/les-cycles-biologiques-chez-les-oiseaux\/\">Lire la suite<\/a><\/p>\n\t\t\t\t<\/div>\n\n\t\t\t\t\t\t\t\t\t<a href=\"https:\/\/www.ornithologies.fr\/blog\/lesoiseauxdumonde\/les-cycles-biologiques-chez-les-oiseaux\/#respond\" class=\"su-post-comments-link\">0 commentaire<\/a>\n\t\t\t\t\n\t\t\t<\/div>\n\n\t\t\t\t\t\n\t\t\t\n\t\t\t<div id=\"su-post-1017\" class=\"su-post \">\n\n\t\t\t\t\t\t\t\t\t<a class=\"su-post-thumbnail\" href=\"https:\/\/www.ornithologies.fr\/blog\/lesoiseauxdumonde\/le-dernier-national-dantoine\/\"><img loading=\"lazy\" decoding=\"async\" width=\"477\" height=\"317\" src=\"https:\/\/www.ornithologies.fr\/blog\/lesoiseauxdumonde\/wp-content\/uploads\/sites\/4\/Antoine-Million-477x317.jpg\" class=\"attachment-post-thumbnail size-post-thumbnail wp-post-image\" alt=\"\" srcset=\"https:\/\/www.ornithologies.fr\/blog\/lesoiseauxdumonde\/wp-content\/uploads\/sites\/4\/Antoine-Million-477x317.jpg 477w, https:\/\/www.ornithologies.fr\/blog\/lesoiseauxdumonde\/wp-content\/uploads\/sites\/4\/Antoine-Million-500x333.jpg 500w, https:\/\/www.ornithologies.fr\/blog\/lesoiseauxdumonde\/wp-content\/uploads\/sites\/4\/Antoine-Million-300x200.jpg 300w, https:\/\/www.ornithologies.fr\/blog\/lesoiseauxdumonde\/wp-content\/uploads\/sites\/4\/Antoine-Million-768x511.jpg 768w, https:\/\/www.ornithologies.fr\/blog\/lesoiseauxdumonde\/wp-content\/uploads\/sites\/4\/Antoine-Million-600x399.jpg 600w, https:\/\/www.ornithologies.fr\/blog\/lesoiseauxdumonde\/wp-content\/uploads\/sites\/4\/Antoine-Million.jpg 800w\" sizes=\"auto, (max-width: 477px) 100vw, 477px\" \/><\/a>\n\t\t\t\t\n\t\t\t\t<h2 class=\"su-post-title\"><a href=\"https:\/\/www.ornithologies.fr\/blog\/lesoiseauxdumonde\/le-dernier-national-dantoine\/\">Le dernier national d&rsquo;Antoine<\/a><\/h2>\n\n\t\t\t\t<div class=\"su-post-meta\">\n\t\t\t\t\tPubli\u00e9: 12 janvier 2015\t\t\t\t<\/div>\n\n\t\t\t\t<div class=\"su-post-excerpt\">\n\t\t\t\t\t<h6>Oiseaux du Monde n\u00b0323 &#8211; Janvier 2015<\/h6>\n<h5>Cher Antoine, voici quelques ann\u00e9es maintenant que nous nous connaissons ; juge modeste et des plus abordables, tu as toujours \u00e9t\u00e9 au service des clubs et \u00e9leveurs sollicitant tes conseils et ton expertise. Pour commencer, pourrais-tu te pr\u00e9senter en quelques mots ?<\/h5>\n<p>Je m\u2019appelle Antoine Million. J\u2019ai aim\u00e9 &hellip; <\/p>\n<p><a class=\"more-link btn\" href=\"https:\/\/www.ornithologies.fr\/blog\/lesoiseauxdumonde\/le-dernier-national-dantoine\/\">Lire la suite<\/a><\/p>\n\t\t\t\t<\/div>\n\n\t\t\t\t\t\t\t\t\t<a href=\"https:\/\/www.ornithologies.fr\/blog\/lesoiseauxdumonde\/le-dernier-national-dantoine\/#respond\" class=\"su-post-comments-link\">0 commentaire<\/a>\n\t\t\t\t\n\t\t\t<\/div>\n\n\t\t\n\t\n<\/div>\n<\/div><\/div>\n<\/div>\n<hr \/>\n<div class=\"bc_random_banner\" data-id=\"82\" data-url=\"https:\/\/www.ornithologies.fr\/blog\/lesoiseauxdumonde\/wp-admin\/admin-ajax.php?action=bc_rb_ads_click&#038;nonce=28fa311ce5\"><a target=\"_blank\" href=\"https:\/\/www.ornithologies.fr\/blog\/blog\/les-nouvelles-bagues-uof\/\" title=\"Bagues-2024\"><img decoding=\"async\"  src=\"https:\/\/www.ornithologies.fr\/blog\/wp-content\/uploads\/Bagues-2024.jpg?v=245838\"  title=\"Bagues-2024\"\/><\/a><\/div>\n","protected":false},"excerpt":{"rendered":"<h6>Oiseaux du Monde n\u00b0323 &#8211; Janvier 2015<\/h6>\n<h5>Cher Antoine, voici quelques ann\u00e9es maintenant que nous nous connaissons ; juge modeste et des plus abordables, tu as toujours \u00e9t\u00e9 au service des clubs et \u00e9leveurs sollicitant tes conseils et ton expertise. Pour commencer, pourrais-tu te pr\u00e9senter en quelques mots ?<\/h5>\n<p>Je m\u2019appelle Antoine Million. J\u2019ai aim\u00e9 &hellip; <\/p>\n<p><a class=\"more-link btn\" href=\"https:\/\/www.ornithologies.fr\/blog\/lesoiseauxdumonde\/le-dernier-national-dantoine\/\">Lire la suite<\/a><\/p>\n","protected":false},"author":1,"featured_media":0,"parent":0,"menu_order":0,"comment_status":"closed","ping_status":"closed","template":"","meta":{"footnotes":""},"class_list":["post-913","page","type-page","status-publish","hentry","nodate","item-wrap"],"_links":{"self":[{"href":"https:\/\/www.ornithologies.fr\/blog\/lesoiseauxdumonde\/wp-json\/wp\/v2\/pages\/913","targetHints":{"allow":["GET"]}}],"collection":[{"href":"https:\/\/www.ornithologies.fr\/blog\/lesoiseauxdumonde\/wp-json\/wp\/v2\/pages"}],"about":[{"href":"https:\/\/www.ornithologies.fr\/blog\/lesoiseauxdumonde\/wp-json\/wp\/v2\/types\/page"}],"author":[{"embeddable":true,"href":"https:\/\/www.ornithologies.fr\/blog\/lesoiseauxdumonde\/wp-json\/wp\/v2\/users\/1"}],"replies":[{"embeddable":true,"href":"https:\/\/www.ornithologies.fr\/blog\/lesoiseauxdumonde\/wp-json\/wp\/v2\/comments?post=913"}],"version-history":[{"count":2,"href":"https:\/\/www.ornithologies.fr\/blog\/lesoiseauxdumonde\/wp-json\/wp\/v2\/pages\/913\/revisions"}],"predecessor-version":[{"id":1898,"href":"https:\/\/www.ornithologies.fr\/blog\/lesoiseauxdumonde\/wp-json\/wp\/v2\/pages\/913\/revisions\/1898"}],"wp:attachment":[{"href":"https:\/\/www.ornithologies.fr\/blog\/lesoiseauxdumonde\/wp-json\/wp\/v2\/media?parent=913"}],"curies":[{"name":"wp","href":"https:\/\/api.w.org\/{rel}","templated":true}]}}